{"id":784,"date":"2022-07-19T10:31:07","date_gmt":"2022-07-19T08:31:07","guid":{"rendered":"https:\/\/www.triathlon.barcelona\/?page_id=784"},"modified":"2026-08-21T08:32:26","modified_gmt":"2026-08-21T06:32:26","slug":"reglament","status":"publish","type":"page","link":"https:\/\/www.triathlon.barcelona\/ca\/atletes\/informacio-prova\/reglament\/","title":{"rendered":"Reglament"},"content":{"rendered":"\t\t<div data-elementor-type=\"wp-post\" data-elementor-id=\"784\" class=\"elementor elementor-784\" data-elementor-settings=\"{&quot;ha_cmc_init_switcher&quot;:&quot;no&quot;}\">\n\t\t\t\t\t\t<section class=\"elementor-section elementor-top-section elementor-element elementor-element-d7d8b56 elementor-section-boxed elementor-section-height-default elementor-section-height-default wpr-particle-no wpr-jarallax-no wpr-parallax-no wpr-sticky-section-no wpr-column-slider-no wpr-equal-height-no\" data-id=\"d7d8b56\" data-element_type=\"section\" data-e-type=\"section\" data-settings=\"{&quot;background_background&quot;:&quot;classic&quot;,&quot;_ha_eqh_enable&quot;:false}\">\n\t\t\t\t\t\t\t<div class=\"elementor-background-overlay\"><\/div>\n\t\t\t\t\t\t\t<div class=\"elementor-container elementor-column-gap-default\">\n\t\t\t\t\t<div class=\"elementor-column elementor-col-100 elementor-top-column elementor-element elementor-element-fd69444\" data-id=\"fd69444\" data-element_type=\"column\" data-e-type=\"column\">\n\t\t\t<div class=\"elementor-widget-wrap elementor-element-populated\">\n\t\t\t\t\t\t<div class=\"elementor-element elementor-element-abcc2f2 elementor-invisible elementor-widget elementor-widget-heading\" data-id=\"abcc2f2\" data-element_type=\"widget\" data-e-type=\"widget\" data-settings=\"{&quot;_animation&quot;:&quot;fadeIn&quot;}\" data-widget_type=\"heading.default\">\n\t\t\t\t<div class=\"elementor-widget-container\">\n\t\t\t\t\t<h1 class=\"elementor-heading-title elementor-size-default\">Reglament<\/h1>\t\t\t\t<\/div>\n\t\t\t\t<\/div>\n\t\t\t\t<div class=\"elementor-element elementor-element-8a7f2f1 elementor-widget-divider--view-line_icon elementor-widget-divider--element-align-right elementor-view-default elementor-invisible elementor-widget elementor-widget-divider\" data-id=\"8a7f2f1\" data-element_type=\"widget\" data-e-type=\"widget\" data-settings=\"{&quot;_animation&quot;:&quot;bounceInLeft&quot;,&quot;_animation_delay&quot;:100}\" data-widget_type=\"divider.default\">\n\t\t\t\t<div class=\"elementor-widget-container\">\n\t\t\t\t\t\t\t<div class=\"elementor-divider\">\n\t\t\t<span class=\"elementor-divider-separator\">\n\t\t\t\t\t\t\t<div class=\"elementor-icon elementor-divider__element\">\n\t\t\t\t\t<i aria-hidden=\"true\" class=\"fas fa-circle\"><\/i><\/div>\n\t\t\t\t\t\t<\/span>\n\t\t<\/div>\n\t\t\t\t\t\t<\/div>\n\t\t\t\t<\/div>\n\t\t\t\t\t<\/div>\n\t\t<\/div>\n\t\t\t\t\t<\/div>\n\t\t<\/section>\n\t\t\t\t<section class=\"elementor-section elementor-top-section elementor-element elementor-element-5c4226b elementor-hidden-desktop elementor-hidden-tablet elementor-hidden-mobile elementor-section-boxed elementor-section-height-default elementor-section-height-default wpr-particle-no wpr-jarallax-no wpr-parallax-no wpr-sticky-section-no wpr-column-slider-no wpr-equal-height-no\" data-id=\"5c4226b\" data-element_type=\"section\" data-e-type=\"section\" data-settings=\"{&quot;_ha_eqh_enable&quot;:false}\">\n\t\t\t\t\t\t<div class=\"elementor-container elementor-column-gap-default\">\n\t\t\t\t\t<div class=\"elementor-column elementor-col-100 elementor-top-column elementor-element elementor-element-ebb0ce0\" data-id=\"ebb0ce0\" data-element_type=\"column\" data-e-type=\"column\">\n\t\t\t<div class=\"elementor-widget-wrap elementor-element-populated\">\n\t\t\t\t\t\t<div class=\"elementor-element elementor-element-504ef3c elementor-invisible elementor-widget elementor-widget-heading\" data-id=\"504ef3c\" data-element_type=\"widget\" data-e-type=\"widget\" data-settings=\"{&quot;_animation&quot;:&quot;fadeIn&quot;,&quot;_animation_delay&quot;:200}\" data-widget_type=\"heading.default\">\n\t\t\t\t<div class=\"elementor-widget-container\">\n\t\t\t\t\t<h2 class=\"elementor-heading-title elementor-size-default\">PR\u00d2XIMAMENT<\/h2>\t\t\t\t<\/div>\n\t\t\t\t<\/div>\n\t\t\t\t\t<\/div>\n\t\t<\/div>\n\t\t\t\t\t<\/div>\n\t\t<\/section>\n\t\t\t\t<section class=\"elementor-section elementor-top-section elementor-element elementor-element-c9d084e elementor-section-boxed elementor-section-height-default elementor-section-height-default wpr-particle-no wpr-jarallax-no wpr-parallax-no wpr-sticky-section-no wpr-column-slider-no wpr-equal-height-no elementor-invisible\" data-id=\"c9d084e\" data-element_type=\"section\" data-e-type=\"section\" data-settings=\"{&quot;animation&quot;:&quot;fadeIn&quot;,&quot;animation_delay&quot;:200,&quot;_ha_eqh_enable&quot;:false}\">\n\t\t\t\t\t\t<div class=\"elementor-container elementor-column-gap-default\">\n\t\t\t\t\t<div class=\"elementor-column elementor-col-100 elementor-top-column elementor-element elementor-element-d5577d8\" data-id=\"d5577d8\" data-element_type=\"column\" data-e-type=\"column\">\n\t\t\t<div class=\"elementor-widget-wrap elementor-element-populated\">\n\t\t\t\t\t\t<div class=\"elementor-element elementor-element-7465b7a elementor-widget elementor-widget-heading\" data-id=\"7465b7a\" data-element_type=\"widget\" data-e-type=\"widget\" data-widget_type=\"heading.default\">\n\t\t\t\t<div class=\"elementor-widget-container\">\n\t\t\t\t\t<h2 class=\"elementor-heading-title elementor-size-default\">NORMATIVA GENERAL<\/h2>\t\t\t\t<\/div>\n\t\t\t\t<\/div>\n\t\t\t\t<div class=\"elementor-element elementor-element-230f151 elementor-widget elementor-widget-text-editor\" data-id=\"230f151\" data-element_type=\"widget\" data-e-type=\"widget\" data-widget_type=\"text-editor.default\">\n\t\t\t\t<div class=\"elementor-widget-container\">\n\t\t\t\t\t\t\t\t\t<p>El Challenge Barcelona Triatl\u00f3 es regeix per la normativa establerta per la Federaci\u00f3 Espanyola de Triatl\u00f3 (<a href=\"https:\/\/triatlon.org\/wp-content\/uploads\/2021\/01\/Competiciones.Reglamento-Competiciones-2021.pdf\" target=\"_blank\" rel=\"noopener\">FETRI<\/a>), en conson\u00e0ncia amb la International Triathlon Union (ITU), m\u00e0xim estament mundial del Triatl\u00f3.<\/p><p><span style=\"font-style: inherit; font-weight: inherit; background-color: var(--ast-global-color-4); color: var(--ast-global-color-3);\">L\u2019organitzaci\u00f3 disposa d\u2019una asseguran\u00e7a de responsabilitat civil segons la legislaci\u00f3 vigent. Tots els participants no federats disposaran d\u2019una asseguran\u00e7a d\u2019accidents de dia contractada per l\u2019organitzaci\u00f3. Aquesta asseguran\u00e7a cobrir\u00e0 els seg\u00fcents punts:<\/span><\/p><p><span style=\"font-style: inherit; font-weight: inherit; background-color: var(--ast-global-color-4); color: var(--ast-global-color-3);\">Assist\u00e8ncia sanit\u00e0ria de forma il\u00b7limitada per a accidents esportius al terrotiri espanyol.<\/span><\/p><p>Invalidesa segons barem per accident esportiu de fins a 12.000\u20ac.<\/p><p>Mort per accident esportiu fins a 6.000\u20ac.<\/p><p>La notificaci\u00f3 de l\u2019accident esportiu ha de ser comunicada el mateix dia de l\u2019esdeveniment esportiu. La cobertura de l\u2019assist\u00e8ncia sanit\u00e0ria o m\u00e8dico-quir\u00fargica \u00fanicament ser\u00e0 en els centres assistencials concertats per l\u2019asseguran\u00e7a.<\/p><p>L\u2019equip m\u00e8dic de la prova est\u00e0 autoritzat per decidir si un participant pot no continuar la prova, atenent a motius m\u00e8dics o de salut del participant, obligant-lo a retirar-se.<\/p><p>Cap participant podr\u00e0 utilitzar subst\u00e0ncies dopants o prohibides amb la intenci\u00f3 de millorar el seu rendiment o per qualsevol altre prop\u00f2sit. Es podran realitzar proves antid\u00f2ping al finalitzar la competici\u00f3 si l\u2019organitzaci\u00f3 ho considera adient.<\/p><p>Els i les participants han de mostrar una bona conducta, cortesia i respecte a la resta de persones participants, a l\u2019equip organitzatiu, a l\u2019equip de voluntaris, jutges i a totes les persones que formen part de la prova. No fer-ho comportar\u00e0 la desqualificaci\u00f3 directa en qualsevol moment, sigui abans, durant o despr\u00e9s de la competici\u00f3.<\/p><p>En el cas que la persona participant vulgui retirar-se de la competici\u00f3, i sempre que li sigui possible, haur\u00e0 de comunicar-ho immediatament a l\u2019organitzaci\u00f3 de la seva retirada. Qualsevol participant que no ho faci i sigui objecte d\u2019una operaci\u00f3 de recerca i salvament ser\u00e0 responsable d\u2019assumir les despeses relacionades amb el rescat.<\/p><p>El Challenge Barcelona Triatl\u00f3 es reserva el dret de modificar en qualsevol moment les normes del reglament, recorreguts i\/o espais de la prova, sempre que sigui necessari, i s\u2019avisar\u00e0 als i les atletes abans de la prova.<\/p><p>Els i les participants de la prova no poden anar amb el tors nuu durant els trams de ciclisme i cursa a peu, tal i com estableix el reglament de la FETRI.<\/p><p>\u00c9s responsabilitat dels atletes que participen a la prova con\u00e8ixer els recorreguts de cadascun dels segments de la prova, tan pel que fa el seu tra\u00e7at com les voltes que hagin de realitzar, en el cas que sigui necessari. L\u2019organitzaci\u00f3 facilitar\u00e0 tota la informaci\u00f3 dels circuits a trav\u00e9s de la web oficial de la prova i dels diferents mitjans que disposa, com tamb\u00e9 els canvis que es puguin produir.<\/p><p>El i la participant ha de portar el dorsal visible i la polsera que l\u2019acredita com a participant durant el transcurs de tota la prova.<\/p><p>Els i les participants i els equips de relleus ha de realitzar el check in (control de material i acc\u00e9s a la zona de transici\u00f3 \u2013 box) en els horaris establerts per l\u2019organitzaci\u00f3 i amb el material requerit. L\u2019organitzaci\u00f3 es reserva el dret de desqualificar a qualsevol participant que no s\u2019adhereixi a aquestes normes.<\/p><p><span style=\"font-size: 1rem;\">A la Olympic Distance i a<\/span>\u00a0la Middle Distance no est\u00e0 permesa la participaci\u00f3 de juvenils i cadets (menors de 18 anys a 31 de desembre de l&#8217;any en curs).<\/p><p>Sprint Distance no est\u00e0 permesa la participaci\u00f3 de cadets (menors de 14 anys a 31 de desembre de l&#8217;any en curs).<\/p><p style=\"font-size: 16px;\">Al Aquathlon no est\u00e0 perm\u00e9s la participaci\u00f3 de cadets (menors de 14 anys a 31 de desembre de l&#8217;any en curs).<\/p><p style=\"font-size: 16px;\">\u00a0<\/p>\t\t\t\t\t\t\t\t<\/div>\n\t\t\t\t<\/div>\n\t\t\t\t<div class=\"elementor-element elementor-element-7c94c73 elementor-widget elementor-widget-spacer\" data-id=\"7c94c73\" data-element_type=\"widget\" data-e-type=\"widget\" data-widget_type=\"spacer.default\">\n\t\t\t\t<div class=\"elementor-widget-container\">\n\t\t\t\t\t\t\t<div class=\"elementor-spacer\">\n\t\t\t<div class=\"elementor-spacer-inner\"><\/div>\n\t\t<\/div>\n\t\t\t\t\t\t<\/div>\n\t\t\t\t<\/div>\n\t\t\t\t<div class=\"elementor-element elementor-element-b416b5d elementor-widget elementor-widget-heading\" data-id=\"b416b5d\" data-element_type=\"widget\" data-e-type=\"widget\" data-widget_type=\"heading.default\">\n\t\t\t\t<div class=\"elementor-widget-container\">\n\t\t\t\t\t<h2 class=\"elementor-heading-title elementor-size-default\">CIRCUIT DE NATACI\u00d3<\/h2>\t\t\t\t<\/div>\n\t\t\t\t<\/div>\n\t\t\t\t<div class=\"elementor-element elementor-element-fef2707 elementor-widget elementor-widget-text-editor\" data-id=\"fef2707\" data-element_type=\"widget\" data-e-type=\"widget\" data-widget_type=\"text-editor.default\">\n\t\t\t\t<div class=\"elementor-widget-container\">\n\t\t\t\t\t\t\t\t\t<p>L\u2019equipament obligatori en aquest segment inclou: el casquet de nataci\u00f3 oficial de la prova i qualsevol altre material que s\u2019indiqui a la guia del i la participant, com per exemple el vestit de neopr\u00e8. La decisi\u00f3 de l\u2019\u00fas del neopr\u00e8, si \u00e9s obligatori, opcional o est\u00e0 prohibit es prendr\u00e0 el mateix dia de la prova d\u2019acord amb la mesura de la temperatura de l\u2019aigua en relaci\u00f3 amb la temperatura ambient, com s\u2019estableix en el reglament de la FETRI.<\/p><p>Est\u00e0 perm\u00e8s nedar amb el dorsal sempre i quan estigui per sota del neopr\u00e8. Si no est\u00e0 perm\u00e8s portar neopr\u00e8 est\u00e0 prohibit portar el dorsal per nedar.<\/p><p>Est\u00e0 perm\u00e8s nedar amb camals de compressi\u00f3 per sota del neopr\u00e8.<\/p><p>El circuit de nataci\u00f3 podr\u00e0 ser modificat, retallat o susp\u00e8s depenent de diferents factors com causes meteorol\u00f2giques, de seguretat pels participants, condicions de l\u2019aigua, etc. L\u2019organitzaci\u00f3 prendr\u00e0 la decisi\u00f3 oportuna atenent tots aquests factors.<\/p><p>Est\u00e0 prohibit utilitzar aletes, pales i dispositius de flotaci\u00f3 de tot tipus. \u00c9s permet l\u2019\u00fas d\u2019ulleres de nataci\u00f3 o m\u00e0scares facials.<\/p>\t\t\t\t\t\t\t\t<\/div>\n\t\t\t\t<\/div>\n\t\t\t\t<div class=\"elementor-element elementor-element-4e32097 elementor-widget elementor-widget-spacer\" data-id=\"4e32097\" data-element_type=\"widget\" data-e-type=\"widget\" data-widget_type=\"spacer.default\">\n\t\t\t\t<div class=\"elementor-widget-container\">\n\t\t\t\t\t\t\t<div class=\"elementor-spacer\">\n\t\t\t<div class=\"elementor-spacer-inner\"><\/div>\n\t\t<\/div>\n\t\t\t\t\t\t<\/div>\n\t\t\t\t<\/div>\n\t\t\t\t<div class=\"elementor-element elementor-element-698a118 elementor-widget elementor-widget-heading\" data-id=\"698a118\" data-element_type=\"widget\" data-e-type=\"widget\" data-widget_type=\"heading.default\">\n\t\t\t\t<div class=\"elementor-widget-container\">\n\t\t\t\t\t<h2 class=\"elementor-heading-title elementor-size-default\">CIRCUIT DE CICLISME<\/h2>\t\t\t\t<\/div>\n\t\t\t\t<\/div>\n\t\t\t\t<div class=\"elementor-element elementor-element-f0a1106 elementor-widget elementor-widget-text-editor\" data-id=\"f0a1106\" data-element_type=\"widget\" data-e-type=\"widget\" data-widget_type=\"text-editor.default\">\n\t\t\t\t<div class=\"elementor-widget-container\">\n\t\t\t\t\t\t\t\t\t<p>El dorsal adhesiu ha d\u2019anar enganxat a la tija de la bicicleta i ser visible en tot moment.<\/p><p>\u00c9s obligatori portar el dorsal posat i visible sempre durant el segment de ciclisme. Haur\u00e0 d&#8217;anar col\u00b7locat a la part posterior del cos.<\/p><p>El casc de bicicleta ha d\u2019estar homologat, tenir tres punts fixes de subjecci\u00f3 i ajustable. A m\u00e9s, ha de portar el dorsal adhesiu a la part frontal i a la part lateral esquerra.<\/p><p>El i la participant sempre que estigui amb contacte amb la bicicleta ha de portar el casc posat, cordat i ben subjectat.<\/p><p>Totes les bicicletes estaran sotmeses a un control obligatori per part de membres de l\u2019organitzaci\u00f3 per garantir l\u2019efici\u00e8ncia dels frens i que compleixen la normativa.<\/p><p>Els i les participants en el tram ciclista han de circular preferiblement per la dreta de la carretera en tot moment, i fer avan\u00e7aments o ser avan\u00e7ats per la seva esquerra, com tamb\u00e9 seguir la senyalitzaci\u00f3 i lleis de tr\u00e0nsit.<\/p><p>A la zona de transici\u00f3 \u2013 box, la bicicleta haur\u00e0 de recolzar-se a les barres, en el lloc on el i la participant tingui acreditat pel seu dorsal.<\/p><p>\u00c9s obligatori deixar la bicicleta i el material que s\u2019utilitzar\u00e0 exclusivament per la competici\u00f3 en l\u2019horari establert per l\u2019organitzaci\u00f3 pera fer el check in, en cap cas es podr\u00e0 fer en un altre horari.<\/p><p>El fet de retallar o realitzar incorrectament el segment ciclista comportar\u00e0 la desqualificaci\u00f3 directa del i la participant.<\/p><p>No est\u00e0 perm\u00e8s l\u2019\u00fas d\u2019auriculars, m\u00f2bils, c\u00e0meres o altres objectes en cap segment de la prova.<\/p><p>\u00c9s obligatori portar el xip en el turmell durant tota la prova i retornar-lo al creuar la l\u00ednia d\u2019arribada. <span style=\"font-size: 16px;\">Si no es retorna, es cobrara\u0300 al o la participant 15 \u20ac pel xip perdut. El o la participant disposar\u00e0 de 5 dies per avisar a l&#8217;organitzaci\u00f3, que indicar\u00e0 al o la participant on ha d&#8217;enviar-lo, sin\u00f3 es realitzar\u00e0 el ca\u0300rrec de 15\u20ac.<\/span><\/p><p>L\u2019organitzaci\u00f3 es reserva el dret de desqualificar a un o una participant si aquest queda fora dels temps de tall pr\u00e8viament establerts i publicats.<\/p>\t\t\t\t\t\t\t\t<\/div>\n\t\t\t\t<\/div>\n\t\t\t\t<div class=\"elementor-element elementor-element-70cd2bd elementor-widget elementor-widget-spacer\" data-id=\"70cd2bd\" data-element_type=\"widget\" data-e-type=\"widget\" data-widget_type=\"spacer.default\">\n\t\t\t\t<div class=\"elementor-widget-container\">\n\t\t\t\t\t\t\t<div class=\"elementor-spacer\">\n\t\t\t<div class=\"elementor-spacer-inner\"><\/div>\n\t\t<\/div>\n\t\t\t\t\t\t<\/div>\n\t\t\t\t<\/div>\n\t\t\t\t<div class=\"elementor-element elementor-element-aeb72d0 elementor-widget elementor-widget-heading\" data-id=\"aeb72d0\" data-element_type=\"widget\" data-e-type=\"widget\" data-widget_type=\"heading.default\">\n\t\t\t\t<div class=\"elementor-widget-container\">\n\t\t\t\t\t<h2 class=\"elementor-heading-title elementor-size-default\">CIRCUIT DE CURSA PEU<\/h2>\t\t\t\t<\/div>\n\t\t\t\t<\/div>\n\t\t\t\t<div class=\"elementor-element elementor-element-1ee589f elementor-widget elementor-widget-text-editor\" data-id=\"1ee589f\" data-element_type=\"widget\" data-e-type=\"widget\" data-widget_type=\"text-editor.default\">\n\t\t\t\t<div class=\"elementor-widget-container\">\n\t\t\t\t\t\t\t\t\t<p>Els i les participants no poden alterar o canviar l\u2019aparen\u00e7a del seu n\u00famero de dorsal durant la cursa a peu.<\/p><p>\u00c9s obligatori portar el dorsal posat i visible en tot moment durant el segment de cursa a peu. Ha d\u2019anar col\u00b7locat a la part de davant del cos.<\/p><p>L\u2019ajuda externa de qualsevol tipus est\u00e0 prohibida, com tamb\u00e9 el seguiment i\/o acompanyament de qualsevol participant amb un vehicle ali\u00e8 a l\u2019organitzaci\u00f3. En aquests casos es procedir\u00e0 a la desqualificaci\u00f3 del i la participant.<\/p><p>No est\u00e0 perm\u00e8s l\u2019\u00fas de vehicles.<\/p>\t\t\t\t\t\t\t\t<\/div>\n\t\t\t\t<\/div>\n\t\t\t\t<div class=\"elementor-element elementor-element-c7c4ec7 elementor-widget elementor-widget-spacer\" data-id=\"c7c4ec7\" data-element_type=\"widget\" data-e-type=\"widget\" data-widget_type=\"spacer.default\">\n\t\t\t\t<div class=\"elementor-widget-container\">\n\t\t\t\t\t\t\t<div class=\"elementor-spacer\">\n\t\t\t<div class=\"elementor-spacer-inner\"><\/div>\n\t\t<\/div>\n\t\t\t\t\t\t<\/div>\n\t\t\t\t<\/div>\n\t\t\t\t<div class=\"elementor-element elementor-element-8c2adec elementor-widget elementor-widget-heading\" data-id=\"8c2adec\" data-element_type=\"widget\" data-e-type=\"widget\" data-widget_type=\"heading.default\">\n\t\t\t\t<div class=\"elementor-widget-container\">\n\t\t\t\t\t<h2 class=\"elementor-heading-title elementor-size-default\">RELLEUS<\/h2>\t\t\t\t<\/div>\n\t\t\t\t<\/div>\n\t\t\t\t<div class=\"elementor-element elementor-element-a41ee69 elementor-widget elementor-widget-text-editor\" data-id=\"a41ee69\" data-element_type=\"widget\" data-e-type=\"widget\" data-widget_type=\"text-editor.default\">\n\t\t\t\t<div class=\"elementor-widget-container\">\n\t\t\t\t\t\t\t\t\t<p>La participaci\u00f3 per relleus pot ser per equips masculins, femenins o mixtes de 2 o 3 components.<\/p><p>Cada equip tindr\u00e0 un casquet de nataci\u00f3, un xip i un dorsal pel ciclista i un altre pel corredor.<\/p><p>El testimoni s\u2019entrega donant el xip d\u2019un component a l\u2019altre en el seu espai reservat a l\u2019\u00e0rea de transici\u00f3 \u2013 box.<\/p><p>Des de l\u2019inici de la competici\u00f3 fins a creuar la l\u00ednia d\u2019arribada, el xip l\u2019ha de portar el membre de l\u2019equip que est\u00e0 competint, col\u00b7locat sempre en el turmell.<\/p><p>La recollida del dorsal i el check in podr\u00e0 realitzar-se per un sol component de l\u2019equip, sempre i quan mostri la identificaci\u00f3:<\/p><p>DORSALS: fotoc\u00f2pia del DNI o imatge en el tel\u00e8fon de tots els components de l\u2019equip i acreditar que tots estan federats.<\/p><p>CHECK IN: mostrar tot el material d\u2019identificaci\u00f3 com dorsal de la bicicleta, dorsal del casc, casquet de nataci\u00f3, dorsal, polsera i xip.<\/p><p>L\u2019acc\u00e9s a la zona de transici\u00f3 o box estar\u00e0 senyalitzat per un cartell. Durant la competici\u00f3 nom\u00e9s podr\u00e0 est\u00e0 dins el box el membre de l\u2019equip que far\u00e0 el seg\u00fcent relleu i ubicat en el lloc on disposen la seva bicicleta. No est\u00e0 perm\u00e8s escalfar dins aquesta \u00e0rea.<\/p><p>Hi haur\u00e0 una classificaci\u00f3 per la categoria d\u2019equips de relleus mixtes, una altra per relleus femenins i una per relleus masculins.<\/p>\t\t\t\t\t\t\t\t<\/div>\n\t\t\t\t<\/div>\n\t\t\t\t<div class=\"elementor-element elementor-element-eda3ecf elementor-widget elementor-widget-spacer\" data-id=\"eda3ecf\" data-element_type=\"widget\" data-e-type=\"widget\" data-widget_type=\"spacer.default\">\n\t\t\t\t<div class=\"elementor-widget-container\">\n\t\t\t\t\t\t\t<div class=\"elementor-spacer\">\n\t\t\t<div class=\"elementor-spacer-inner\"><\/div>\n\t\t<\/div>\n\t\t\t\t\t\t<\/div>\n\t\t\t\t<\/div>\n\t\t\t\t<div class=\"elementor-element elementor-element-ac8e68a elementor-widget elementor-widget-heading\" data-id=\"ac8e68a\" data-element_type=\"widget\" data-e-type=\"widget\" data-widget_type=\"heading.default\">\n\t\t\t\t<div class=\"elementor-widget-container\">\n\t\t\t\t\t<h2 class=\"elementor-heading-title elementor-size-default\">JUNIOR CHALLENGE (SUPER SPRINT)<\/h2>\t\t\t\t<\/div>\n\t\t\t\t<\/div>\n\t\t\t\t<div class=\"elementor-element elementor-element-2a3b0c2 elementor-widget elementor-widget-text-editor\" data-id=\"2a3b0c2\" data-element_type=\"widget\" data-e-type=\"widget\" data-widget_type=\"text-editor.default\">\n\t\t\t\t<div class=\"elementor-widget-container\">\n\t\t\t\t\t\t\t\t\t<p>La Junior Challenge (Super Sprint) \u00e9s una modalitat d&#8217;iniciaci\u00f3 i foment del triatl\u00f3 a les categories menors. Ser\u00e0 una prova cronometrada per xip, on es premiar\u00e0 a tots i totes les participants amb una medalla finisher. Aquesta prova est\u00e0 dirigida a nens i nenes entre 12 i 17 anys.<\/p><p><i>Aquesta prova no \u00e9s competitiva i, per tant, no hi haur\u00e0 premis.\u00a0<\/i><\/p><p><strong>Es requereix l&#8217;autoritzaci\u00f3 expressa del pare, mare o tutor\/a legal per poder participar a la prova.<\/strong><\/p>\t\t\t\t\t\t\t\t<\/div>\n\t\t\t\t<\/div>\n\t\t\t\t<div class=\"elementor-element elementor-element-a16b242 elementor-widget elementor-widget-spacer\" data-id=\"a16b242\" data-element_type=\"widget\" data-e-type=\"widget\" data-widget_type=\"spacer.default\">\n\t\t\t\t<div class=\"elementor-widget-container\">\n\t\t\t\t\t\t\t<div class=\"elementor-spacer\">\n\t\t\t<div class=\"elementor-spacer-inner\"><\/div>\n\t\t<\/div>\n\t\t\t\t\t\t<\/div>\n\t\t\t\t<\/div>\n\t\t\t\t<div class=\"elementor-element elementor-element-3d14843 elementor-widget elementor-widget-heading\" data-id=\"3d14843\" data-element_type=\"widget\" data-e-type=\"widget\" data-widget_type=\"heading.default\">\n\t\t\t\t<div class=\"elementor-widget-container\">\n\t\t\t\t\t<h2 class=\"elementor-heading-title elementor-size-default\">TEMPS DE TALL<\/h2>\t\t\t\t<\/div>\n\t\t\t\t<\/div>\n\t\t\t\t<div class=\"elementor-element elementor-element-125d916 elementor-widget elementor-widget-text-editor\" data-id=\"125d916\" data-element_type=\"widget\" data-e-type=\"widget\" data-widget_type=\"text-editor.default\">\n\t\t\t\t<div class=\"elementor-widget-container\">\n\t\t\t\t\t\t\t\t\t<p>A continuaci\u00f3, es detallen els temps de tall per cadascuna de les modalitats i segments de la prova.<\/p>\t\t\t\t\t\t\t\t<\/div>\n\t\t\t\t<\/div>\n\t\t\t\t<div class=\"elementor-element elementor-element-196e9e7 elementor-invisible elementor-widget elementor-widget-eael-advanced-data-table\" data-id=\"196e9e7\" data-element_type=\"widget\" data-e-type=\"widget\" data-settings=\"{&quot;_animation&quot;:&quot;fadeIn&quot;,&quot;_animation_delay&quot;:200}\" data-widget_type=\"eael-advanced-data-table.default\">\n\t\t\t\t<div class=\"elementor-widget-container\">\n\t\t\t\t\t<div class=\"ea-advanced-data-table-wrap\" data-id=\"196e9e7\"><div class=\"ea-advanced-data-table-wrap-inner\">\n                <table class=\"ea-advanced-data-table ea-advanced-data-table-csv ea-advanced-data-table-196e9e7\" data-id=\"196e9e7\"><thead><tr><th><p><\/p><\/th><th><p>NATACI\u00d3<\/p><\/th><th><p>CICLISME<\/p><\/th><th><p>CURSA A PEU<\/p><\/th><th><p>TOTAL<\/p><\/th><\/tr><\/thead><tbody><tr><td><p>MIDDLE DISTANCE<\/p><\/td><td><p>1h 10\u2019<\/p><\/td><td><p>3h 50\u2019<\/p><\/td><td><p>2h 40\u2019<\/p><\/td><td><p>7h 40\u2019<\/p><\/td><\/tr><tr><td><p>OLYMPIC DISTANCE<\/p><\/td><td><p>50'<\/p><\/td><td><p>2h<\/p><\/td><td><p>1h 05\u2019<\/p><\/td><td><p>4h<\/p><\/td><\/tr><tr><td><p>SPRINT DISTANCE<\/p><\/td><td><p>35\u2019<\/p><\/td><td><p>1h 05\u2019<\/p><\/td><td><p>40\u2019<\/p><\/td><td><p>2h 20\u2019<\/p><\/td><\/tr><tr><td><p>JUNIOR CHALLENGE<\/p><\/td><td><p>15\u2019<\/p><\/td><td><p>28\u2019<\/p><\/td><td><p>12\u2019<\/p><\/td><td><p>55\u2019<\/p><\/td><\/tr><tr><td><p>AQUATHLON<\/p><\/td><td><p>35\u2019<\/p><\/td><td><p><\/p><\/td><td><p>40\u2019<\/p><\/td><td><p>1h 15\u2019<\/p><\/td><\/tr><tr><td><p>OPEN WATER 1.900M<\/p><\/td><td><p>1h<\/p><\/td><td><p><\/p><\/td><td><p><\/p><\/td><td><p>1h<\/p><\/td><\/tr><tr><td><p>OPEN WATER 3.800M<\/p><\/td><td><p>2h<\/p><\/td><td><p><\/p><\/td><td><p><\/p><\/td><td><p>2h<\/p><\/td><\/tr><\/tbody><\/table>\n            <\/div><\/div>\t\t\t\t<\/div>\n\t\t\t\t<\/div>\n\t\t\t\t<div class=\"elementor-element elementor-element-ea155e3 elementor-widget elementor-widget-text-editor\" data-id=\"ea155e3\" data-element_type=\"widget\" data-e-type=\"widget\" data-widget_type=\"text-editor.default\">\n\t\t\t\t<div class=\"elementor-widget-container\">\n\t\t\t\t\t\t\t\t\t<p>Tots els i les participants que superin aquests temps de tall seran desqualificats i hauran d\u2019abandonar la prova. En el cas de voler continuar ho faran sota la seva responsabilitat i sense el suport del personal de seguretat i control de la prova.<\/p>\t\t\t\t\t\t\t\t<\/div>\n\t\t\t\t<\/div>\n\t\t\t\t<div class=\"elementor-element elementor-element-546b248 elementor-widget elementor-widget-spacer\" data-id=\"546b248\" data-element_type=\"widget\" data-e-type=\"widget\" data-widget_type=\"spacer.default\">\n\t\t\t\t<div class=\"elementor-widget-container\">\n\t\t\t\t\t\t\t<div class=\"elementor-spacer\">\n\t\t\t<div class=\"elementor-spacer-inner\"><\/div>\n\t\t<\/div>\n\t\t\t\t\t\t<\/div>\n\t\t\t\t<\/div>\n\t\t\t\t<div class=\"elementor-element elementor-element-8d68c19 elementor-widget elementor-widget-heading\" data-id=\"8d68c19\" data-element_type=\"widget\" data-e-type=\"widget\" data-widget_type=\"heading.default\">\n\t\t\t\t<div class=\"elementor-widget-container\">\n\t\t\t\t\t<h3 class=\"elementor-heading-title elementor-size-default\">Anul\u00b7lacions i devolucions<\/h3>\t\t\t\t<\/div>\n\t\t\t\t<\/div>\n\t\t\t\t<div class=\"elementor-element elementor-element-bf5ee60 elementor-widget elementor-widget-text-editor\" data-id=\"bf5ee60\" data-element_type=\"widget\" data-e-type=\"widget\" data-widget_type=\"text-editor.default\">\n\t\t\t\t<div class=\"elementor-widget-container\">\n\t\t\t\t\t\t\t\t\t<p>La inscripci\u00f3 \u00e9s personal i intransferible i no es podr\u00e0 traspassar a una altra persona.<\/p><p>Un cop efectuada la inscripci\u00f3 a la prova no es realitzar\u00e0 cap devoluci\u00f3 de l\u2019import, tret que la prova es suspengui per decisi\u00f3 de l\u2019organitzaci\u00f3, per causes imputables a la mateixa i\/o per motius relacionats amb la pand\u00e8mia de la Covid-19. En els casos descrits anteriorment, es realitzar\u00e0 la devoluci\u00f3 del preu de la inscripci\u00f3 menys 2\u20ac del cost de gesti\u00f3.<\/p><p>Davant inclem\u00e8ncies climatol\u00f2giques que impossibilitin la celebraci\u00f3 d\u2019alguna de les proves amb la totalitat dels seus segments, l\u2019organitzaci\u00f3 portar\u00e0 a terme una altra prova alternativa d\u2019acord amb els jutges. En cap cas es posposar\u00e0 a una altra data.<\/p><p>Exemples:<\/p><p>Anul\u00b7laci\u00f3 del tram de nataci\u00f3 per mal estat del mar: <strong>Duatl\u00f3<\/strong><\/p><p>Anul\u00b7laci\u00f3 del tram de ciclisme per pluja: <strong>Aquatl\u00f3<\/strong><\/p><p>Anul\u00b7laci\u00f3 del tram de ciclisme i del de nataci\u00f3: <strong>Cursa a peu<\/strong><\/p><p>Davant inclem\u00e8ncies meteorol\u00f2giques extraordin\u00e0ries o causes de for\u00e7a major no atribu\u00efbles a l\u2019organitzaci\u00f3 i que impossibilitin la celebraci\u00f3 de la cursa, l\u2019organitzaci\u00f3 no assumir\u00e0 cap responsabilitat i no realitzar\u00e0 cap devoluci\u00f3 de l\u2019import de la inscripci\u00f3.<\/p><p>L\u2019organitzaci\u00f3 no es fa responsable dels perjudicis per danys f\u00edsics, morals i\/o materials que puguin afectar els i les participants i\/o espectadors durant la prova.<\/p><p>Els i les participants eximeixen a l\u2019organitzaci\u00f3, en qualsevol cas, les reclamacions o demandes pels accidents o malalties que es puguin contraure, o agreujar durant la prova, per accions o omissions, per danys personals o materials, i, sense car\u00e0cter limitatiu, per robatori, furt o deteriorament\/p\u00e8rdua de material que pugui produir-se per actes propis, per part d\u2019altres participants, o fins i tot tercers durant el desenvolupament de l\u2019activitat.<\/p><p>La responsabilitat de l\u2019organitzador de la prova \u00e9s la que es disposa a l\u2019art. 3 de l\u2019Annex II del vigent Reglament de Circulaci\u00f3: l\u2019activitat de la prova esportiva es regir\u00e0 per les normes establertes per aquest reglament especial, els reglaments esportius i altres normes que resultin d\u2019aplicaci\u00f3.<\/p><p>El i la participant que no pugui assistir a una prova en la qual s\u2019ha inscrit no podr\u00e0 traspassar-la a un altre participant sota cap sup\u00f2sit.<\/p>\t\t\t\t\t\t\t\t<\/div>\n\t\t\t\t<\/div>\n\t\t\t\t<div class=\"elementor-element elementor-element-ec69399 elementor-widget elementor-widget-spacer\" data-id=\"ec69399\" data-element_type=\"widget\" data-e-type=\"widget\" data-widget_type=\"spacer.default\">\n\t\t\t\t<div class=\"elementor-widget-container\">\n\t\t\t\t\t\t\t<div class=\"elementor-spacer\">\n\t\t\t<div class=\"elementor-spacer-inner\"><\/div>\n\t\t<\/div>\n\t\t\t\t\t\t<\/div>\n\t\t\t\t<\/div>\n\t\t\t\t<div class=\"elementor-element elementor-element-16c2b78 elementor-widget elementor-widget-heading\" data-id=\"16c2b78\" data-element_type=\"widget\" data-e-type=\"widget\" data-widget_type=\"heading.default\">\n\t\t\t\t<div class=\"elementor-widget-container\">\n\t\t\t\t\t<h3 class=\"elementor-heading-title elementor-size-default\">Asseguran\u00e7a de cancel\u00b7laci\u00f3<\/h3>\t\t\t\t<\/div>\n\t\t\t\t<\/div>\n\t\t\t\t<div class=\"elementor-element elementor-element-71256da elementor-widget elementor-widget-text-editor\" data-id=\"71256da\" data-element_type=\"widget\" data-e-type=\"widget\" data-widget_type=\"text-editor.default\">\n\t\t\t\t<div class=\"elementor-widget-container\">\n\t\t\t\t\t\t\t\t\t<p>A trav\u00e9s del formulari d\u2019inscripcions es podr\u00e0 contractar una asseguran\u00e7a de cancel\u00b7laci\u00f3 de la inscripci\u00f3. El preu de la mateixa ser\u00e0 de 30 \u20ac per la Middle Distance i 15 \u20ac per la resta de dist\u00e0ncies.<\/p><p>Aquesta asseguran\u00e7a ser\u00e0 v\u00e0lida fins 15 dies abans de la celebraci\u00f3 de la prova. Fins aquesta data el participant podr\u00e0 sol\u00b7licitar el reemborsament del 100% de la inscripci\u00f3. En cap cas ser\u00e0 reemborsable la part corresponent a l\u2019import de l\u2019asseguran\u00e7a.<\/p>\t\t\t\t\t\t\t\t<\/div>\n\t\t\t\t<\/div>\n\t\t\t\t<div class=\"elementor-element elementor-element-6a9b187 elementor-widget elementor-widget-spacer\" data-id=\"6a9b187\" data-element_type=\"widget\" data-e-type=\"widget\" data-widget_type=\"spacer.default\">\n\t\t\t\t<div class=\"elementor-widget-container\">\n\t\t\t\t\t\t\t<div class=\"elementor-spacer\">\n\t\t\t<div class=\"elementor-spacer-inner\"><\/div>\n\t\t<\/div>\n\t\t\t\t\t\t<\/div>\n\t\t\t\t<\/div>\n\t\t\t\t<div class=\"elementor-element elementor-element-129390a elementor-widget elementor-widget-heading\" data-id=\"129390a\" data-element_type=\"widget\" data-e-type=\"widget\" data-widget_type=\"heading.default\">\n\t\t\t\t<div class=\"elementor-widget-container\">\n\t\t\t\t\t<h3 class=\"elementor-heading-title elementor-size-default\">Seguretat i assist\u00e8ncia m\u00e8dica<\/h3>\t\t\t\t<\/div>\n\t\t\t\t<\/div>\n\t\t\t\t<div class=\"elementor-element elementor-element-23b8fb3 elementor-widget elementor-widget-text-editor\" data-id=\"23b8fb3\" data-element_type=\"widget\" data-e-type=\"widget\" data-widget_type=\"text-editor.default\">\n\t\t\t\t<div class=\"elementor-widget-container\">\n\t\t\t\t\t\t\t\t\t<p>La seguretat en la via p\u00fablica i el control del tr\u00e0fic ser\u00e0 responsabilitat de la Gu\u00e0rdia Urbana de Barcelona amb el suport de l\u2019organitzaci\u00f3. En cadascun dels tres segments del triatl\u00f3 hi haur\u00e0 assist\u00e8ncia sanit\u00e0ria concorde a la normativa vigent, al nombre de participants i a l\u2019elevat percentatge d\u2019esportistes no experts.<\/p><p>Els serveis m\u00e8dics estaran autoritzats a retirar qualsevol participant per raons m\u00e8diques.<\/p>\t\t\t\t\t\t\t\t<\/div>\n\t\t\t\t<\/div>\n\t\t\t\t<div class=\"elementor-element elementor-element-f266b57 elementor-widget elementor-widget-spacer\" data-id=\"f266b57\" data-element_type=\"widget\" data-e-type=\"widget\" data-widget_type=\"spacer.default\">\n\t\t\t\t<div class=\"elementor-widget-container\">\n\t\t\t\t\t\t\t<div class=\"elementor-spacer\">\n\t\t\t<div class=\"elementor-spacer-inner\"><\/div>\n\t\t<\/div>\n\t\t\t\t\t\t<\/div>\n\t\t\t\t<\/div>\n\t\t\t\t<div class=\"elementor-element elementor-element-d2c0c45 elementor-widget elementor-widget-heading\" data-id=\"d2c0c45\" data-element_type=\"widget\" data-e-type=\"widget\" data-widget_type=\"heading.default\">\n\t\t\t\t<div class=\"elementor-widget-container\">\n\t\t\t\t\t<h3 class=\"elementor-heading-title elementor-size-default\">DADES DE CAR\u00c0CTER PERSONAL<\/h3>\t\t\t\t<\/div>\n\t\t\t\t<\/div>\n\t\t\t\t<div class=\"elementor-element elementor-element-ecf02d1 elementor-widget elementor-widget-text-editor\" data-id=\"ecf02d1\" data-element_type=\"widget\" data-e-type=\"widget\" data-widget_type=\"text-editor.default\">\n\t\t\t\t<div class=\"elementor-widget-container\">\n\t\t\t\t\t\t\t\t\t<p>Pol\u00edtica de privacitat EMP Sport Events, com a encarregat del tractament d\u2019aquest lloc web i de conformitat amb el que disposa la Llei Org\u00e0nica 3\/2018, de 5 de desembre, de Protecci\u00f3 de Dades de Car\u00e0cter Personal i Garantia dels Drets Digitals (LOPDGDD) i el Reglament General de Protecci\u00f3 de Dades (UE) 2016\/679 del Parlament Europeu i del Consell de 27 d\u2019abril de 2016, relatiu a la protecci\u00f3 de les persones f\u00edsiques, han posat en pr\u00e0ctica aquelles pol\u00edtiques, mitjans i procediments t\u00e8cnics i organitzatius per garantir i protegir la confidencialitat, integritat i disponibilitat de les dades de car\u00e0cter personal dels seus usuaris. Aquestes dades seran tractades en el tractament 0639, que s\u2019aplica a procediments en mat\u00e8ria de \u201cEsdeveniments i activitats esportives a l&#8217;espai p\u00fablic organitzats per l&#8217;IBE\u201d a l\u2019enlla\u00e7: <a href=\"https:\/\/seuelectronica.ajuntament.barcelona.cat\/ca\/proteccio-de-dades?tractament=0639\" target=\"_blank\" rel=\"noopener\">https:\/\/seuelectronica.ajuntament.barcelona.cat\/ca\/proteccio-de-dades?tractament=0639<\/a> propietat del responsable del tractament que \u00e9s L\u2019Ajuntament de Barcelona degudament inscrit\/s a l\u2019Ag\u00e8ncia Espanyola de Protecci\u00f3 de Dades, de conformitat amb el que s\u2019estableix en la legislaci\u00f3 vigent.<\/p><p>En el cas que les dades que ha de facilitar l\u2019usuari siguin necess\u00e0ries perqu\u00e8 l\u2019equip de EMP Sport Events puguin (I) encarregar les consultes, proporcionar informacions requerides per l\u2019usuari; (II) realitzar tota aquella prestaci\u00f3 de serveis i\/o productes contractats o subscrits per l\u2019usuari; (III) proporcionar acc\u00e9s a l\u2019usuari a determinades funcionalitats del lloc web; o b\u00e9 (IV) realitzar totes aquelles activitats pr\u00f2pies de EMP Sport Events, aqu\u00ed ressenyades, EMP Sport Events informar\u00e0 d\u2019aquesta obligatorietat a l\u2019usuari, indicant-li quines dades cal complimentar necess\u00e0riament. Mitjan\u00e7ant la indicaci\u00f3, facilitaci\u00f3 o introducci\u00f3 d\u2019aquestes dades i de conformitat amb el que estableix l\u2019article 6 de la L.O.P.D.G.D.D. l\u2019usuari atorga consentiment al responsable del tractament i a EMP Sport Events com a encarregat del tractament perqu\u00e8 procedeixin al tractament de les dades subministrades en benefici de les finalitats esmentades anteriorment.<\/p><p>L\u2019entitat responsable de la base de dades, aix\u00ed com les persones que intervinguin en qualsevol fase del tractament i\/o les entitats a les quals els hagin estat comunicades -si s\u2019escau i en virtut de la corresponent autoritzaci\u00f3 conferida per l\u2019usuari-, estan obligades a observar el secret professional i a adoptar els nivells de protecci\u00f3 i les mesures t\u00e8cniques i organitzatives al seu abast que garanteixin la seguretat de les dades de car\u00e0cter personal, evitant, en la mesura que es pugui, accessos no autoritzats, modificacions il\u00b7l\u00edcites, sostraccions i\/o la p\u00e8rdua de les dades, a fi de procurar el corresponent nivell de seguretat als fitxers de l\u2019Ajuntament de Barcelona, segons la naturalesa i sensibilitat de les dades facilitades pels usuaris d\u2019aquest Lloc Web. Igualment, EMP Sport Events com a encarregat del tractament es compromet a tenir implementades les mesures de seguretat que corresponguin en virtut del que est\u00e0 establert en el Reglament de Mesures de (R.D. 1720\/2007).<\/p><p>Els usuaris tenen reconeguda per la indicada Llei Org\u00e0nica de Protecci\u00f3 de Dades els drets d\u2019acc\u00e9s, rectificaci\u00f3, cancel\u00b7laci\u00f3 i oposici\u00f3 i, si s\u2019escau, el dret a revocar en qualsevol moment el consentiment mitjan\u00e7ant l\u2019enlla\u00e7: <a href=\"https:\/\/seuelectronica.ajuntament.barcelona.cat\/ca\/proteccio-de-dades\/quins-drets-tinc-sobre-meves-dades\" target=\"_blank\" rel=\"noopener\">https:\/\/seuelectronica.ajuntament.barcelona.cat\/ca\/proteccio-de-dades\/quins-drets-tinc-sobre-meves-dades<\/a><\/p><p>No obstant aix\u00f2 i d\u2019acord amb els interessos esportius, de promoci\u00f3 i explotaci\u00f3 (reproducci\u00f3 de fotografies del circuit, emissi\u00f3 de v\u00eddeos, publicaci\u00f3 de classificacions, etc.) mitjan\u00e7ant qualsevol dispositiu (televisi\u00f3, internet, publicitat gr\u00e0fica, etc.) i sense l\u00edmit temporal, els i les participants cedeixen de manera expressa a l\u2019organitzaci\u00f3 el dret a reproduir el seu nom i cognoms, el lloc obtingut en la classificaci\u00f3, les seves fotografies i els seus v\u00eddeos.<\/p>\t\t\t\t\t\t\t\t<\/div>\n\t\t\t\t<\/div>\n\t\t\t\t\t<\/div>\n\t\t<\/div>\n\t\t\t\t\t<\/div>\n\t\t<\/section>\n\t\t\t\t<\/div>\n\t\t","protected":false},"excerpt":{"rendered":"<p>Reglament PR\u00d2XIMAMENT NORMATIVA GENERAL El Challenge Barcelona Triatl\u00f3 es regeix per la normativa establerta per la Federaci\u00f3 Espanyola de Triatl\u00f3 (FETRI), en conson\u00e0ncia amb la International Triathlon Union (ITU), m\u00e0xim estament mundial del Triatl\u00f3. L\u2019organitzaci\u00f3 disposa d\u2019una asseguran\u00e7a de responsabilitat civil segons la legislaci\u00f3 vigent. Tots els participants no federats disposaran d\u2019una asseguran\u00e7a d\u2019accidents de dia contractada per l\u2019organitzaci\u00f3. Aquesta asseguran\u00e7a cobrir\u00e0 els seg\u00fcents punts: Assist\u00e8ncia sanit\u00e0ria de forma il\u00b7limitada per a accidents esportius al terrotiri espanyol. Invalidesa segons barem per accident esportiu de fins a 12.000\u20ac. Mort per accident esportiu fins a 6.000\u20ac. La notificaci\u00f3 de l\u2019accident esportiu ha de ser comunicada el mateix dia de l\u2019esdeveniment esportiu. La cobertura de l\u2019assist\u00e8ncia sanit\u00e0ria o m\u00e8dico-quir\u00fargica \u00fanicament ser\u00e0 en els centres assistencials concertats per l\u2019asseguran\u00e7a. L\u2019equip m\u00e8dic de la prova est\u00e0 autoritzat per decidir si un participant pot no continuar la prova, atenent a motius m\u00e8dics o de salut del participant, obligant-lo a retirar-se. Cap participant podr\u00e0 utilitzar subst\u00e0ncies dopants o prohibides amb la intenci\u00f3 de millorar el seu rendiment o per qualsevol altre prop\u00f2sit. Es podran realitzar proves antid\u00f2ping al finalitzar la competici\u00f3 si l\u2019organitzaci\u00f3 ho considera adient. Els i les participants han de mostrar una bona conducta, cortesia i respecte a la resta de persones participants, a l\u2019equip organitzatiu, a l\u2019equip de voluntaris, jutges i a totes les persones que formen part de la prova. No fer-ho comportar\u00e0 la desqualificaci\u00f3 directa en qualsevol moment, sigui abans, durant o despr\u00e9s de la competici\u00f3. En el cas que la persona participant vulgui retirar-se de la competici\u00f3, i sempre que li sigui possible, haur\u00e0 de comunicar-ho immediatament a l\u2019organitzaci\u00f3 de la seva retirada. Qualsevol participant que no ho faci i sigui objecte d\u2019una operaci\u00f3 de recerca i salvament ser\u00e0 responsable d\u2019assumir les despeses relacionades amb el rescat. El Challenge Barcelona Triatl\u00f3 es reserva el dret de modificar en qualsevol moment les normes del reglament, recorreguts i\/o espais de la prova, sempre que sigui necessari, i s\u2019avisar\u00e0 als i les atletes abans de la prova. Els i les participants de la prova no poden anar amb el tors nuu durant els trams de ciclisme i cursa a peu, tal i com estableix el reglament de la FETRI. \u00c9s responsabilitat dels atletes que participen a la prova con\u00e8ixer els recorreguts de cadascun dels segments de la prova, tan pel que fa el seu tra\u00e7at com les voltes que hagin de realitzar, en el cas que sigui necessari. L\u2019organitzaci\u00f3 facilitar\u00e0 tota la informaci\u00f3 dels circuits a trav\u00e9s de la web oficial de la prova i dels diferents mitjans que disposa, com tamb\u00e9 els canvis que es puguin produir. El i la participant ha de portar el dorsal visible i la polsera que l\u2019acredita com a participant durant el transcurs de tota la prova. Els i les participants i els equips de relleus ha de realitzar el check in (control de material i acc\u00e9s a la zona de transici\u00f3 \u2013 box) en els horaris establerts per l\u2019organitzaci\u00f3 i amb el material requerit. L\u2019organitzaci\u00f3 es reserva el dret de desqualificar a qualsevol participant que no s\u2019adhereixi a aquestes normes. A la Olympic Distance i a\u00a0la Middle Distance no est\u00e0 permesa la participaci\u00f3 de juvenils i cadets (menors de 18 anys a 31 de desembre de l&#8217;any en curs). Sprint Distance no est\u00e0 permesa la participaci\u00f3 de cadets (menors de 14 anys a 31 de desembre de l&#8217;any en curs). Al Aquathlon no est\u00e0 perm\u00e9s la participaci\u00f3 de cadets (menors de 14 anys a 31 de desembre de l&#8217;any en curs). \u00a0 CIRCUIT DE NATACI\u00d3 L\u2019equipament obligatori en aquest segment inclou: el casquet de nataci\u00f3 oficial de la prova i qualsevol altre material que s\u2019indiqui a la guia del i la participant, com per exemple el vestit de neopr\u00e8. La decisi\u00f3 de l\u2019\u00fas del neopr\u00e8, si \u00e9s obligatori, opcional o est\u00e0 prohibit es prendr\u00e0 el mateix dia de la prova d\u2019acord amb la mesura de la temperatura de l\u2019aigua en relaci\u00f3 amb la temperatura ambient, com s\u2019estableix en el reglament de la FETRI. Est\u00e0 perm\u00e8s nedar amb el dorsal sempre i quan estigui per sota del neopr\u00e8. Si no est\u00e0 perm\u00e8s portar neopr\u00e8 est\u00e0 prohibit portar el dorsal per nedar. Est\u00e0 perm\u00e8s nedar amb camals de compressi\u00f3 per sota del neopr\u00e8. El circuit de nataci\u00f3 podr\u00e0 ser modificat, retallat o susp\u00e8s depenent de diferents factors com causes meteorol\u00f2giques, de seguretat pels participants, condicions de l\u2019aigua, etc. L\u2019organitzaci\u00f3 prendr\u00e0 la decisi\u00f3 oportuna atenent tots aquests factors. Est\u00e0 prohibit utilitzar aletes, pales i dispositius de flotaci\u00f3 de tot tipus. \u00c9s permet l\u2019\u00fas d\u2019ulleres de nataci\u00f3 o m\u00e0scares facials. CIRCUIT DE CICLISME El dorsal adhesiu ha d\u2019anar enganxat a la tija de la bicicleta i ser visible en tot moment. \u00c9s obligatori portar el dorsal posat i visible sempre durant el segment de ciclisme. Haur\u00e0 d&#8217;anar col\u00b7locat a la part posterior del cos. El casc de bicicleta ha d\u2019estar homologat, tenir tres punts fixes de subjecci\u00f3 i ajustable. A m\u00e9s, ha de portar el dorsal adhesiu a la part frontal i a la part lateral esquerra. El i la participant sempre que estigui amb contacte amb la bicicleta ha de portar el casc posat, cordat i ben subjectat. Totes les bicicletes estaran sotmeses a un control obligatori per part de membres de l\u2019organitzaci\u00f3 per garantir l\u2019efici\u00e8ncia dels frens i que compleixen la normativa. Els i les participants en el tram ciclista han de circular preferiblement per la dreta de la carretera en tot moment, i fer avan\u00e7aments o ser avan\u00e7ats per la seva esquerra, com tamb\u00e9 seguir la senyalitzaci\u00f3 i lleis de tr\u00e0nsit. A la zona de transici\u00f3 \u2013 box, la bicicleta haur\u00e0 de recolzar-se a les barres, en el lloc on el i la participant tingui acreditat pel seu dorsal. \u00c9s obligatori deixar la bicicleta i el material que s\u2019utilitzar\u00e0 exclusivament per la competici\u00f3 en l\u2019horari establert per l\u2019organitzaci\u00f3 pera fer el check in, en cap cas es podr\u00e0 fer en un altre horari. El fet de retallar o realitzar incorrectament el segment ciclista comportar\u00e0 la desqualificaci\u00f3 directa<\/p>\n","protected":false},"author":1,"featured_media":0,"parent":781,"menu_order":0,"comment_status":"closed","ping_status":"closed","template":"","meta":{"_monsterinsights_skip_tracking":false,"site-sidebar-layout":"no-sidebar","site-content-layout":"page-builder","ast-site-content-layout":"full-width-container","site-content-style":"unboxed","site-sidebar-style":"unboxed","ast-global-header-display":"","ast-banner-title-visibility":"","ast-main-header-display":"","ast-hfb-above-header-display":"","ast-hfb-below-header-display":"","ast-hfb-mobile-header-display":"","site-post-title":"disabled","ast-breadcrumbs-content":"","ast-featured-img":"disabled","footer-sml-layout":"","ast-disable-related-posts":"","theme-transparent-header-meta":"default","adv-header-id-meta":"","stick-header-meta":"default","header-above-stick-meta":"","header-main-stick-meta":"","header-below-stick-meta":"","astra-migrate-meta-layouts":"set","ast-page-background-enabled":"default","ast-page-background-meta":{"desktop":{"background-color":"","background-image":"","background-repeat":"repeat","background-position":"center center","background-size":"auto","background-attachment":"scroll","background-type":"","background-media":"","overlay-type":"","overlay-color":"","overlay-opacity":"","overlay-gradient":""},"tablet":{"background-color":"","background-image":"","background-repeat":"repeat","background-position":"center center","background-size":"auto","background-attachment":"scroll","background-type":"","background-media":"","overlay-type":"","overlay-color":"","overlay-opacity":"","overlay-gradient":""},"mobile":{"background-color":"","background-image":"","background-repeat":"repeat","background-position":"center center","background-size":"auto","background-attachment":"scroll","background-type":"","background-media":"","overlay-type":"","overlay-color":"","overlay-opacity":"","overlay-gradient":""}},"ast-content-background-meta":{"desktop":{"background-color":"var(--ast-global-color-5)","background-image":"","background-repeat":"repeat","background-position":"center center","background-size":"auto","background-attachment":"scroll","background-type":"","background-media":"","overlay-type":"","overlay-color":"","overlay-opacity":"","overlay-gradient":""},"tablet":{"background-color":"var(--ast-global-color-5)","background-image":"","background-repeat":"repeat","background-position":"center center","background-size":"auto","background-attachment":"scroll","background-type":"","background-media":"","overlay-type":"","overlay-color":"","overlay-opacity":"","overlay-gradient":""},"mobile":{"background-color":"var(--ast-global-color-5)","background-image":"","background-repeat":"repeat","background-position":"center center","background-size":"auto","background-attachment":"scroll","background-type":"","background-media":"","overlay-type":"","overlay-color":"","overlay-opacity":"","overlay-gradient":""}},"footnotes":""},"class_list":["post-784","page","type-page","status-publish","hentry"],"yoast_head":"<!-- This site is optimized with the Yoast SEO plugin v27.1 - https:\/\/yoast.com\/product\/yoast-seo-wordpress\/ -->\n<title>Reglament - Challenge Barcelona Triatl\u00f3<\/title>\n<meta name=\"description\" content=\"Reglament del Challenge Barcelona Triatl\u00f3.\" \/>\n<meta name=\"robots\" content=\"index, follow, max-snippet:-1, max-image-preview:large, max-video-preview:-1\" \/>\n<link rel=\"canonical\" href=\"https:\/\/www.triathlon.barcelona\/ca\/atletes\/informacio-prova\/reglament\/\" \/>\n<meta property=\"og:locale\" content=\"ca_ES\" \/>\n<meta property=\"og:type\" content=\"article\" \/>\n<meta property=\"og:title\" content=\"Reglament - Challenge Barcelona Triatl\u00f3\" \/>\n<meta property=\"og:description\" content=\"Reglament del Challenge Barcelona Triatl\u00f3.\" \/>\n<meta property=\"og:url\" content=\"https:\/\/www.triathlon.barcelona\/ca\/atletes\/informacio-prova\/reglament\/\" \/>\n<meta property=\"og:site_name\" content=\"Challenge Barcelona Triatl\u00f3\" \/>\n<meta property=\"article:publisher\" content=\"https:\/\/www.facebook.com\/barcelonatriathlon\" \/>\n<meta property=\"article:modified_time\" content=\"2026-08-21T06:32:26+00:00\" \/>\n<meta property=\"og:image\" content=\"https:\/\/www.triathlon.barcelona\/wp-content\/uploads\/2024\/06\/logo-challenge-barcelona.png\" \/>\n\t<meta property=\"og:image:width\" content=\"3209\" \/>\n\t<meta property=\"og:image:height\" content=\"729\" \/>\n\t<meta property=\"og:image:type\" content=\"image\/png\" \/>\n<meta name=\"twitter:card\" content=\"summary_large_image\" \/>\n<meta name=\"twitter:site\" content=\"@bcn_triathlon\" \/>\n<meta name=\"twitter:label1\" content=\"Temps estimat de lectura\" \/>\n\t<meta name=\"twitter:data1\" content=\"15 minuts\" \/>\n<script type=\"application\/ld+json\" class=\"yoast-schema-graph\">{\"@context\":\"https:\/\/schema.org\",\"@graph\":[{\"@type\":\"WebPage\",\"@id\":\"https:\/\/www.triathlon.barcelona\/ca\/atletes\/informacio-prova\/reglament\/\",\"url\":\"https:\/\/www.triathlon.barcelona\/ca\/atletes\/informacio-prova\/reglament\/\",\"name\":\"Reglament - Challenge Barcelona Triatl\u00f3\",\"isPartOf\":{\"@id\":\"https:\/\/www.triathlon.barcelona\/ca\/#website\"},\"datePublished\":\"2022-07-19T08:31:07+00:00\",\"dateModified\":\"2026-08-21T06:32:26+00:00\",\"description\":\"Reglament del Challenge Barcelona Triatl\u00f3.\",\"breadcrumb\":{\"@id\":\"https:\/\/www.triathlon.barcelona\/ca\/atletes\/informacio-prova\/reglament\/#breadcrumb\"},\"inLanguage\":\"ca\",\"potentialAction\":[{\"@type\":\"ReadAction\",\"target\":[\"https:\/\/www.triathlon.barcelona\/ca\/atletes\/informacio-prova\/reglament\/\"]}]},{\"@type\":\"BreadcrumbList\",\"@id\":\"https:\/\/www.triathlon.barcelona\/ca\/atletes\/informacio-prova\/reglament\/#breadcrumb\",\"itemListElement\":[{\"@type\":\"ListItem\",\"position\":1,\"name\":\"Inicio\",\"item\":\"https:\/\/www.triathlon.barcelona\/ca\/\"},{\"@type\":\"ListItem\",\"position\":2,\"name\":\"Atletes\",\"item\":\"https:\/\/www.triathlon.barcelona\/ca\/atletes\/\"},{\"@type\":\"ListItem\",\"position\":3,\"name\":\"Informaci\u00f3 Prova\",\"item\":\"https:\/\/www.triathlon.barcelona\/ca\/atletas\/informacion-prueba\/\"},{\"@type\":\"ListItem\",\"position\":4,\"name\":\"Reglament\"}]},{\"@type\":\"WebSite\",\"@id\":\"https:\/\/www.triathlon.barcelona\/ca\/#website\",\"url\":\"https:\/\/www.triathlon.barcelona\/ca\/\",\"name\":\"Challenge Barcelona Triathlon\",\"description\":\"\",\"publisher\":{\"@id\":\"https:\/\/www.triathlon.barcelona\/ca\/#organization\"},\"alternateName\":\"Challenge Barcelona\",\"potentialAction\":[{\"@type\":\"SearchAction\",\"target\":{\"@type\":\"EntryPoint\",\"urlTemplate\":\"https:\/\/www.triathlon.barcelona\/ca\/?s={search_term_string}\"},\"query-input\":{\"@type\":\"PropertyValueSpecification\",\"valueRequired\":true,\"valueName\":\"search_term_string\"}}],\"inLanguage\":\"ca\"},{\"@type\":\"Organization\",\"@id\":\"https:\/\/www.triathlon.barcelona\/ca\/#organization\",\"name\":\"Challenge Barcelona Triathlon\",\"alternateName\":\"Challenge Barcelona\",\"url\":\"https:\/\/www.triathlon.barcelona\/ca\/\",\"logo\":{\"@type\":\"ImageObject\",\"inLanguage\":\"ca\",\"@id\":\"https:\/\/www.triathlon.barcelona\/ca\/#\/schema\/logo\/image\/\",\"url\":\"https:\/\/www.triathlon.barcelona\/wp-content\/uploads\/2024\/06\/logo-challenge-barcelona.png\",\"contentUrl\":\"https:\/\/www.triathlon.barcelona\/wp-content\/uploads\/2024\/06\/logo-challenge-barcelona.png\",\"width\":3209,\"height\":729,\"caption\":\"Challenge Barcelona Triathlon\"},\"image\":{\"@id\":\"https:\/\/www.triathlon.barcelona\/ca\/#\/schema\/logo\/image\/\"},\"sameAs\":[\"https:\/\/www.facebook.com\/barcelonatriathlon\",\"https:\/\/x.com\/bcn_triathlon\",\"https:\/\/www.instagram.com\/barcelonatriathlon\/\"]}]}<\/script>\n<!-- \/ Yoast SEO plugin. -->","yoast_head_json":{"title":"Reglament - Challenge Barcelona Triatl\u00f3","description":"Reglament del Challenge Barcelona Triatl\u00f3.","robots":{"index":"index","follow":"follow","max-snippet":"max-snippet:-1","max-image-preview":"max-image-preview:large","max-video-preview":"max-video-preview:-1"},"canonical":"https:\/\/www.triathlon.barcelona\/ca\/atletes\/informacio-prova\/reglament\/","og_locale":"ca_ES","og_type":"article","og_title":"Reglament - Challenge Barcelona Triatl\u00f3","og_description":"Reglament del Challenge Barcelona Triatl\u00f3.","og_url":"https:\/\/www.triathlon.barcelona\/ca\/atletes\/informacio-prova\/reglament\/","og_site_name":"Challenge Barcelona Triatl\u00f3","article_publisher":"https:\/\/www.facebook.com\/barcelonatriathlon","article_modified_time":"2026-08-21T06:32:26+00:00","og_image":[{"width":3209,"height":729,"url":"https:\/\/www.triathlon.barcelona\/wp-content\/uploads\/2024\/06\/logo-challenge-barcelona.png","type":"image\/png"}],"twitter_card":"summary_large_image","twitter_site":"@bcn_triathlon","twitter_misc":{"Temps estimat de lectura":"15 minuts"},"schema":{"@context":"https:\/\/schema.org","@graph":[{"@type":"WebPage","@id":"https:\/\/www.triathlon.barcelona\/ca\/atletes\/informacio-prova\/reglament\/","url":"https:\/\/www.triathlon.barcelona\/ca\/atletes\/informacio-prova\/reglament\/","name":"Reglament - Challenge Barcelona Triatl\u00f3","isPartOf":{"@id":"https:\/\/www.triathlon.barcelona\/ca\/#website"},"datePublished":"2022-07-19T08:31:07+00:00","dateModified":"2026-08-21T06:32:26+00:00","description":"Reglament del Challenge Barcelona Triatl\u00f3.","breadcrumb":{"@id":"https:\/\/www.triathlon.barcelona\/ca\/atletes\/informacio-prova\/reglament\/#breadcrumb"},"inLanguage":"ca","potentialAction":[{"@type":"ReadAction","target":["https:\/\/www.triathlon.barcelona\/ca\/atletes\/informacio-prova\/reglament\/"]}]},{"@type":"BreadcrumbList","@id":"https:\/\/www.triathlon.barcelona\/ca\/atletes\/informacio-prova\/reglament\/#breadcrumb","itemListElement":[{"@type":"ListItem","position":1,"name":"Inicio","item":"https:\/\/www.triathlon.barcelona\/ca\/"},{"@type":"ListItem","position":2,"name":"Atletes","item":"https:\/\/www.triathlon.barcelona\/ca\/atletes\/"},{"@type":"ListItem","position":3,"name":"Informaci\u00f3 Prova","item":"https:\/\/www.triathlon.barcelona\/ca\/atletas\/informacion-prueba\/"},{"@type":"ListItem","position":4,"name":"Reglament"}]},{"@type":"WebSite","@id":"https:\/\/www.triathlon.barcelona\/ca\/#website","url":"https:\/\/www.triathlon.barcelona\/ca\/","name":"Challenge Barcelona Triathlon","description":"","publisher":{"@id":"https:\/\/www.triathlon.barcelona\/ca\/#organization"},"alternateName":"Challenge Barcelona","potentialAction":[{"@type":"SearchAction","target":{"@type":"EntryPoint","urlTemplate":"https:\/\/www.triathlon.barcelona\/ca\/?s={search_term_string}"},"query-input":{"@type":"PropertyValueSpecification","valueRequired":true,"valueName":"search_term_string"}}],"inLanguage":"ca"},{"@type":"Organization","@id":"https:\/\/www.triathlon.barcelona\/ca\/#organization","name":"Challenge Barcelona Triathlon","alternateName":"Challenge Barcelona","url":"https:\/\/www.triathlon.barcelona\/ca\/","logo":{"@type":"ImageObject","inLanguage":"ca","@id":"https:\/\/www.triathlon.barcelona\/ca\/#\/schema\/logo\/image\/","url":"https:\/\/www.triathlon.barcelona\/wp-content\/uploads\/2024\/06\/logo-challenge-barcelona.png","contentUrl":"https:\/\/www.triathlon.barcelona\/wp-content\/uploads\/2024\/06\/logo-challenge-barcelona.png","width":3209,"height":729,"caption":"Challenge Barcelona Triathlon"},"image":{"@id":"https:\/\/www.triathlon.barcelona\/ca\/#\/schema\/logo\/image\/"},"sameAs":["https:\/\/www.facebook.com\/barcelonatriathlon","https:\/\/x.com\/bcn_triathlon","https:\/\/www.instagram.com\/barcelonatriathlon\/"]}]}},"_links":{"self":[{"href":"https:\/\/www.triathlon.barcelona\/ca\/wp-json\/wp\/v2\/pages\/784","targetHints":{"allow":["GET"]}}],"collection":[{"href":"https:\/\/www.triathlon.barcelona\/ca\/wp-json\/wp\/v2\/pages"}],"about":[{"href":"https:\/\/www.triathlon.barcelona\/ca\/wp-json\/wp\/v2\/types\/page"}],"author":[{"embeddable":true,"href":"https:\/\/www.triathlon.barcelona\/ca\/wp-json\/wp\/v2\/users\/1"}],"replies":[{"embeddable":true,"href":"https:\/\/www.triathlon.barcelona\/ca\/wp-json\/wp\/v2\/comments?post=784"}],"version-history":[{"count":49,"href":"https:\/\/www.triathlon.barcelona\/ca\/wp-json\/wp\/v2\/pages\/784\/revisions"}],"predecessor-version":[{"id":12578,"href":"https:\/\/www.triathlon.barcelona\/ca\/wp-json\/wp\/v2\/pages\/784\/revisions\/12578"}],"up":[{"embeddable":true,"href":"https:\/\/www.triathlon.barcelona\/ca\/wp-json\/wp\/v2\/pages\/781"}],"wp:attachment":[{"href":"https:\/\/www.triathlon.barcelona\/ca\/wp-json\/wp\/v2\/media?parent=784"}],"curies":[{"name":"wp","href":"https:\/\/api.w.org\/{rel}","templated":true}]}}