{"id":809,"date":"2022-07-19T11:46:10","date_gmt":"2022-07-19T09:46:10","guid":{"rendered":"https:\/\/www.triathlon.barcelona\/?page_id=809"},"modified":"2026-08-20T14:36:34","modified_gmt":"2026-08-20T12:36:34","slug":"faqs","status":"publish","type":"page","link":"https:\/\/www.triathlon.barcelona\/ca\/atletes\/informacio-prova\/faqs\/","title":{"rendered":"FAQS"},"content":{"rendered":"\t\t<div data-elementor-type=\"wp-post\" data-elementor-id=\"809\" class=\"elementor elementor-809\" data-elementor-settings=\"{&quot;ha_cmc_init_switcher&quot;:&quot;no&quot;}\">\n\t\t\t\t\t\t<section class=\"elementor-section elementor-top-section elementor-element elementor-element-d7d8b56 elementor-section-boxed elementor-section-height-default elementor-section-height-default wpr-particle-no wpr-jarallax-no wpr-parallax-no wpr-sticky-section-no wpr-column-slider-no wpr-equal-height-no\" data-id=\"d7d8b56\" data-element_type=\"section\" data-e-type=\"section\" data-settings=\"{&quot;background_background&quot;:&quot;classic&quot;,&quot;_ha_eqh_enable&quot;:false}\">\n\t\t\t\t\t\t\t<div class=\"elementor-background-overlay\"><\/div>\n\t\t\t\t\t\t\t<div class=\"elementor-container elementor-column-gap-default\">\n\t\t\t\t\t<div class=\"elementor-column elementor-col-100 elementor-top-column elementor-element elementor-element-fd69444\" data-id=\"fd69444\" data-element_type=\"column\" data-e-type=\"column\">\n\t\t\t<div class=\"elementor-widget-wrap elementor-element-populated\">\n\t\t\t\t\t\t<div class=\"elementor-element elementor-element-abcc2f2 elementor-invisible elementor-widget elementor-widget-heading\" data-id=\"abcc2f2\" data-element_type=\"widget\" data-e-type=\"widget\" data-settings=\"{&quot;_animation&quot;:&quot;fadeIn&quot;}\" data-widget_type=\"heading.default\">\n\t\t\t\t<div class=\"elementor-widget-container\">\n\t\t\t\t\t<h1 class=\"elementor-heading-title elementor-size-default\">Preguntes Freq\u00fcents<\/h1>\t\t\t\t<\/div>\n\t\t\t\t<\/div>\n\t\t\t\t<div class=\"elementor-element elementor-element-8a7f2f1 elementor-widget-divider--view-line_icon elementor-widget-divider--element-align-right elementor-view-default elementor-invisible elementor-widget elementor-widget-divider\" data-id=\"8a7f2f1\" data-element_type=\"widget\" data-e-type=\"widget\" data-settings=\"{&quot;_animation&quot;:&quot;bounceInLeft&quot;,&quot;_animation_delay&quot;:100}\" data-widget_type=\"divider.default\">\n\t\t\t\t<div class=\"elementor-widget-container\">\n\t\t\t\t\t\t\t<div class=\"elementor-divider\">\n\t\t\t<span class=\"elementor-divider-separator\">\n\t\t\t\t\t\t\t<div class=\"elementor-icon elementor-divider__element\">\n\t\t\t\t\t<i aria-hidden=\"true\" class=\"fas fa-circle\"><\/i><\/div>\n\t\t\t\t\t\t<\/span>\n\t\t<\/div>\n\t\t\t\t\t\t<\/div>\n\t\t\t\t<\/div>\n\t\t\t\t\t<\/div>\n\t\t<\/div>\n\t\t\t\t\t<\/div>\n\t\t<\/section>\n\t\t\t\t<section class=\"elementor-section elementor-top-section elementor-element elementor-element-b9fc842 elementor-hidden-desktop elementor-hidden-tablet elementor-hidden-mobile elementor-section-boxed elementor-section-height-default elementor-section-height-default wpr-particle-no wpr-jarallax-no wpr-parallax-no wpr-sticky-section-no wpr-column-slider-no wpr-equal-height-no\" data-id=\"b9fc842\" data-element_type=\"section\" data-e-type=\"section\" data-settings=\"{&quot;_ha_eqh_enable&quot;:false}\">\n\t\t\t\t\t\t<div class=\"elementor-container elementor-column-gap-default\">\n\t\t\t\t\t<div class=\"elementor-column elementor-col-100 elementor-top-column elementor-element elementor-element-77b6e8f\" data-id=\"77b6e8f\" data-element_type=\"column\" data-e-type=\"column\">\n\t\t\t<div class=\"elementor-widget-wrap elementor-element-populated\">\n\t\t\t\t\t\t<div class=\"elementor-element elementor-element-49f6170 elementor-invisible elementor-widget elementor-widget-heading\" data-id=\"49f6170\" data-element_type=\"widget\" data-e-type=\"widget\" data-settings=\"{&quot;_animation&quot;:&quot;fadeIn&quot;,&quot;_animation_delay&quot;:200}\" data-widget_type=\"heading.default\">\n\t\t\t\t<div class=\"elementor-widget-container\">\n\t\t\t\t\t<h2 class=\"elementor-heading-title elementor-size-default\">PR\u00d2XIMAMENT<\/h2>\t\t\t\t<\/div>\n\t\t\t\t<\/div>\n\t\t\t\t\t<\/div>\n\t\t<\/div>\n\t\t\t\t\t<\/div>\n\t\t<\/section>\n\t\t\t\t<section class=\"elementor-section elementor-top-section elementor-element elementor-element-c9d084e elementor-section-boxed elementor-section-height-default elementor-section-height-default wpr-particle-no wpr-jarallax-no wpr-parallax-no wpr-sticky-section-no wpr-column-slider-no wpr-equal-height-no\" data-id=\"c9d084e\" data-element_type=\"section\" data-e-type=\"section\" data-settings=\"{&quot;_ha_eqh_enable&quot;:false}\">\n\t\t\t\t\t\t<div class=\"elementor-container elementor-column-gap-default\">\n\t\t\t\t\t<div class=\"elementor-column elementor-col-100 elementor-top-column elementor-element elementor-element-9003922\" data-id=\"9003922\" data-element_type=\"column\" data-e-type=\"column\">\n\t\t\t<div class=\"elementor-widget-wrap elementor-element-populated\">\n\t\t\t\t\t\t<div class=\"elementor-element elementor-element-2e583cb elementor-invisible elementor-widget elementor-widget-heading\" data-id=\"2e583cb\" data-element_type=\"widget\" data-e-type=\"widget\" data-settings=\"{&quot;_animation&quot;:&quot;fadeIn&quot;,&quot;_animation_delay&quot;:200}\" data-widget_type=\"heading.default\">\n\t\t\t\t<div class=\"elementor-widget-container\">\n\t\t\t\t\t<h2 class=\"elementor-heading-title elementor-size-default\">INSCRIPCIONS<\/h2>\t\t\t\t<\/div>\n\t\t\t\t<\/div>\n\t\t\t\t<div class=\"elementor-element elementor-element-3a5d1a4 elementor-invisible elementor-widget elementor-widget-accordion\" data-id=\"3a5d1a4\" data-element_type=\"widget\" data-e-type=\"widget\" data-settings=\"{&quot;_animation&quot;:&quot;fadeIn&quot;,&quot;_animation_delay&quot;:200}\" data-widget_type=\"accordion.default\">\n\t\t\t\t<div class=\"elementor-widget-container\">\n\t\t\t\t\t\t\t<div class=\"elementor-accordion\">\n\t\t\t\t\t\t\t<div class=\"elementor-accordion-item\">\n\t\t\t\t\t<div id=\"elementor-tab-title-6111\" class=\"elementor-tab-title\" data-tab=\"1\" role=\"button\" aria-controls=\"elementor-tab-content-6111\" aria-expanded=\"false\">\n\t\t\t\t\t\t\t\t\t\t\t\t\t<span class=\"elementor-accordion-icon elementor-accordion-icon-left\" aria-hidden=\"true\">\n\t\t\t\t\t\t\t\t\t\t\t\t\t\t\t<span class=\"elementor-accordion-icon-closed\"><i class=\"fas fa-plus\"><\/i><\/span>\n\t\t\t\t\t\t\t\t<span class=\"elementor-accordion-icon-opened\"><i class=\"fas fa-minus\"><\/i><\/span>\n\t\t\t\t\t\t\t\t\t\t\t\t\t\t<\/span>\n\t\t\t\t\t\t\t\t\t\t\t\t<a class=\"elementor-accordion-title\" tabindex=\"0\">On em puc inscriure?<\/a>\n\t\t\t\t\t<\/div>\n\t\t\t\t\t<div id=\"elementor-tab-content-6111\" class=\"elementor-tab-content elementor-clearfix\" data-tab=\"1\" role=\"region\" aria-labelledby=\"elementor-tab-title-6111\"><p>En el seg\u00fcent <strong><a href=\"https:\/\/inscripcion.wefeelevents.com\/ca\/esdeveniment\/challenge-barcelona-triatlo-2026\/inscripcio\/selecciona-tarifa\" target=\"_blank\" rel=\"noopener\">enlla\u00e7<\/a><\/strong> podr\u00e0 formalitzar la teva inscripci\u00f3.<\/p><\/div>\n\t\t\t\t<\/div>\n\t\t\t\t\t\t\t<div class=\"elementor-accordion-item\">\n\t\t\t\t\t<div id=\"elementor-tab-title-6112\" class=\"elementor-tab-title\" data-tab=\"2\" role=\"button\" aria-controls=\"elementor-tab-content-6112\" aria-expanded=\"false\">\n\t\t\t\t\t\t\t\t\t\t\t\t\t<span class=\"elementor-accordion-icon elementor-accordion-icon-left\" aria-hidden=\"true\">\n\t\t\t\t\t\t\t\t\t\t\t\t\t\t\t<span class=\"elementor-accordion-icon-closed\"><i class=\"fas fa-plus\"><\/i><\/span>\n\t\t\t\t\t\t\t\t<span class=\"elementor-accordion-icon-opened\"><i class=\"fas fa-minus\"><\/i><\/span>\n\t\t\t\t\t\t\t\t\t\t\t\t\t\t<\/span>\n\t\t\t\t\t\t\t\t\t\t\t\t<a class=\"elementor-accordion-title\" tabindex=\"0\">Quan finalitza el termini d\u2019inscripci\u00f3?<\/a>\n\t\t\t\t\t<\/div>\n\t\t\t\t\t<div id=\"elementor-tab-content-6112\" class=\"elementor-tab-content elementor-clearfix\" data-tab=\"2\" role=\"region\" aria-labelledby=\"elementor-tab-title-6112\"><p>L\u2019\u00faltim dimecres abans de la prova o quan s\u2019arribi al l\u00edmit de participants establert per cadascuna de les dist\u00e0ncies.<\/p><\/div>\n\t\t\t\t<\/div>\n\t\t\t\t\t\t\t<div class=\"elementor-accordion-item\">\n\t\t\t\t\t<div id=\"elementor-tab-title-6113\" class=\"elementor-tab-title\" data-tab=\"3\" role=\"button\" aria-controls=\"elementor-tab-content-6113\" aria-expanded=\"false\">\n\t\t\t\t\t\t\t\t\t\t\t\t\t<span class=\"elementor-accordion-icon elementor-accordion-icon-left\" aria-hidden=\"true\">\n\t\t\t\t\t\t\t\t\t\t\t\t\t\t\t<span class=\"elementor-accordion-icon-closed\"><i class=\"fas fa-plus\"><\/i><\/span>\n\t\t\t\t\t\t\t\t<span class=\"elementor-accordion-icon-opened\"><i class=\"fas fa-minus\"><\/i><\/span>\n\t\t\t\t\t\t\t\t\t\t\t\t\t\t<\/span>\n\t\t\t\t\t\t\t\t\t\t\t\t<a class=\"elementor-accordion-title\" tabindex=\"0\">En qu\u00e8 consisteix la modalitat de relleus?<\/a>\n\t\t\t\t\t<\/div>\n\t\t\t\t\t<div id=\"elementor-tab-content-6113\" class=\"elementor-tab-content elementor-clearfix\" data-tab=\"3\" role=\"region\" aria-labelledby=\"elementor-tab-title-6113\"><p>Els equips de relleus estan integrats per 2 o 3 persones, les quals cadascuna d\u2019elles realitza un dels segments del triatl\u00f3. En el cas de 2 components, un d\u2019ells haur\u00e0 de realitzar 2 segments, ja sigui nataci\u00f3 \u2013 cursa peu, nataci\u00f3 \u2013 bici o bici \u2013 cursa peu.<\/p><p>Cada equip de relleus disposar\u00e0 d\u2019un casquet de nataci\u00f3, un xip, un dorsal i 3 polseres acreditatives (una per cada membre)<\/p><p>El o la testimoni s\u2019entrega donant el xip i el dorsal al company\/a. Des de l\u2019inici de la competici\u00f3 fins a creuar la l\u00ednia d\u2019arribada, el xip l\u2019ha de portar el o la membre de l\u2019equip que est\u00e0 competint, sempre col\u00b7locat en el turmell, de tal manera que el relleu es passa entregant el xip al company o companya.<\/p><p>La recollida del dorsal i el Check In podr\u00e0 realitzar-se per un sol component de l\u2019equip, sempre i quan mostri la identificaci\u00f3:<\/p><ul><li>DORSALS: fotoc\u00f2pia del DNI o imatge en el tel\u00e8fon de tots els components de l\u2019equip i acreditar que tots estan federats.<\/li><li>CHECK IN: mostrar tot el material d\u2019identificaci\u00f3 com dorsal de la bicicleta, dorsal del casc, casquet de nataci\u00f3, dorsal, polsera i xip.<\/li><\/ul><p>L\u2019acc\u00e9s a la zona de transici\u00f3 o box estar\u00e0 senyalitzat per un cartell. Durant la competici\u00f3 nom\u00e9s podr\u00e0 est\u00e0 dins el box el o la membre de l\u2019equip que far\u00e0 el seg\u00fcent relleu i ubicat en el lloc on disposen la seva bicicleta. No est\u00e0 perm\u00e8s escalfar dins aquesta \u00e0rea.<\/p><p>Hi haur\u00e0 <strong>una classificaci\u00f3<\/strong> per la categoria d\u2019equips de relleus mixtes, una altra per relleus femenins i una per relleus masculins<\/p><\/div>\n\t\t\t\t<\/div>\n\t\t\t\t\t\t\t<div class=\"elementor-accordion-item\">\n\t\t\t\t\t<div id=\"elementor-tab-title-6114\" class=\"elementor-tab-title\" data-tab=\"4\" role=\"button\" aria-controls=\"elementor-tab-content-6114\" aria-expanded=\"false\">\n\t\t\t\t\t\t\t\t\t\t\t\t\t<span class=\"elementor-accordion-icon elementor-accordion-icon-left\" aria-hidden=\"true\">\n\t\t\t\t\t\t\t\t\t\t\t\t\t\t\t<span class=\"elementor-accordion-icon-closed\"><i class=\"fas fa-plus\"><\/i><\/span>\n\t\t\t\t\t\t\t\t<span class=\"elementor-accordion-icon-opened\"><i class=\"fas fa-minus\"><\/i><\/span>\n\t\t\t\t\t\t\t\t\t\t\t\t\t\t<\/span>\n\t\t\t\t\t\t\t\t\t\t\t\t<a class=\"elementor-accordion-title\" tabindex=\"0\">En qu\u00e8 consisteix la modalitat de parelles?<\/a>\n\t\t\t\t\t<\/div>\n\t\t\t\t\t<div id=\"elementor-tab-content-6114\" class=\"elementor-tab-content elementor-clearfix\" data-tab=\"4\" role=\"region\" aria-labelledby=\"elementor-tab-title-6114\"><p>Consisteix en qu\u00e8 2 participants fan una sola inscripci\u00f3 per\u00f2 competeixen de forma individual a la prova per\u00f2 van junts en tot moment. D\u2019aquesta manera tindran una ubicaci\u00f3 correlativa a la zona de transici\u00f3 \u2013 box i podran estar sempre junts. Cadascun d\u2019ells o elles disposar\u00e0 d\u2019un dorsal, polsera i xip individual per poder fer un seguiment durant tota la prova.<\/p><\/div>\n\t\t\t\t<\/div>\n\t\t\t\t\t\t\t<div class=\"elementor-accordion-item\">\n\t\t\t\t\t<div id=\"elementor-tab-title-6115\" class=\"elementor-tab-title\" data-tab=\"5\" role=\"button\" aria-controls=\"elementor-tab-content-6115\" aria-expanded=\"false\">\n\t\t\t\t\t\t\t\t\t\t\t\t\t<span class=\"elementor-accordion-icon elementor-accordion-icon-left\" aria-hidden=\"true\">\n\t\t\t\t\t\t\t\t\t\t\t\t\t\t\t<span class=\"elementor-accordion-icon-closed\"><i class=\"fas fa-plus\"><\/i><\/span>\n\t\t\t\t\t\t\t\t<span class=\"elementor-accordion-icon-opened\"><i class=\"fas fa-minus\"><\/i><\/span>\n\t\t\t\t\t\t\t\t\t\t\t\t\t\t<\/span>\n\t\t\t\t\t\t\t\t\t\t\t\t<a class=\"elementor-accordion-title\" tabindex=\"0\">Si no estic federat he de contractar l\u2019asseguran\u00e7a de dia?<\/a>\n\t\t\t\t\t<\/div>\n\t\t\t\t\t<div id=\"elementor-tab-content-6115\" class=\"elementor-tab-content elementor-clearfix\" data-tab=\"5\" role=\"region\" aria-labelledby=\"elementor-tab-title-6115\"><p>S\u00ed, en el cas de no disposar la llic\u00e8ncia federativa en triatl\u00f3 (no val la llic\u00e8ncia en altres esports) s\u2019ha de contractar l\u2019asseguran\u00e7a de dia que proporciona l\u2019organitzaci\u00f3 en el proc\u00e9s d\u2019inscripci\u00f3 per tenir cobertura sanit\u00e0ria en cas d\u2019accident i haver d\u2019acudir a un centre hospitalari. Si un o una atleta participa sense llic\u00e8ncia federativa o de dia haur\u00e0 d\u2019assumir ell o ella mateixa les despeses hospital\u00e0ries.<\/p><\/div>\n\t\t\t\t<\/div>\n\t\t\t\t\t\t\t<div class=\"elementor-accordion-item\">\n\t\t\t\t\t<div id=\"elementor-tab-title-6116\" class=\"elementor-tab-title\" data-tab=\"6\" role=\"button\" aria-controls=\"elementor-tab-content-6116\" aria-expanded=\"false\">\n\t\t\t\t\t\t\t\t\t\t\t\t\t<span class=\"elementor-accordion-icon elementor-accordion-icon-left\" aria-hidden=\"true\">\n\t\t\t\t\t\t\t\t\t\t\t\t\t\t\t<span class=\"elementor-accordion-icon-closed\"><i class=\"fas fa-plus\"><\/i><\/span>\n\t\t\t\t\t\t\t\t<span class=\"elementor-accordion-icon-opened\"><i class=\"fas fa-minus\"><\/i><\/span>\n\t\t\t\t\t\t\t\t\t\t\t\t\t\t<\/span>\n\t\t\t\t\t\t\t\t\t\t\t\t<a class=\"elementor-accordion-title\" tabindex=\"0\">Qu\u00e8 he de fer si vull modificar alguna dada personal de la meva inscripci\u00f3?<\/a>\n\t\t\t\t\t<\/div>\n\t\t\t\t\t<div id=\"elementor-tab-content-6116\" class=\"elementor-tab-content elementor-clearfix\" data-tab=\"6\" role=\"region\" aria-labelledby=\"elementor-tab-title-6116\"><p>Pots accedir al seg\u00fcent <a href=\"https:\/\/inscripcion.wefeelevents.com\/ca\/esdeveniment\/challenge-barcelona-triatlo-2026\/my-registration\" target=\"_blank\" rel=\"noopener\"><strong>enlla\u00e7<\/strong><\/a> i modificar les teves dades de la inscripci\u00f3 f\u00e0cilment.<\/p><\/div>\n\t\t\t\t<\/div>\n\t\t\t\t\t\t\t<div class=\"elementor-accordion-item\">\n\t\t\t\t\t<div id=\"elementor-tab-title-6117\" class=\"elementor-tab-title\" data-tab=\"7\" role=\"button\" aria-controls=\"elementor-tab-content-6117\" aria-expanded=\"false\">\n\t\t\t\t\t\t\t\t\t\t\t\t\t<span class=\"elementor-accordion-icon elementor-accordion-icon-left\" aria-hidden=\"true\">\n\t\t\t\t\t\t\t\t\t\t\t\t\t\t\t<span class=\"elementor-accordion-icon-closed\"><i class=\"fas fa-plus\"><\/i><\/span>\n\t\t\t\t\t\t\t\t<span class=\"elementor-accordion-icon-opened\"><i class=\"fas fa-minus\"><\/i><\/span>\n\t\t\t\t\t\t\t\t\t\t\t\t\t\t<\/span>\n\t\t\t\t\t\t\t\t\t\t\t\t<a class=\"elementor-accordion-title\" tabindex=\"0\">Li puc donar la meva inscripci\u00f3 a una altra persona?<\/a>\n\t\t\t\t\t<\/div>\n\t\t\t\t\t<div id=\"elementor-tab-content-6117\" class=\"elementor-tab-content elementor-clearfix\" data-tab=\"7\" role=\"region\" aria-labelledby=\"elementor-tab-title-6117\"><p>No, la inscripci\u00f3 a la prova \u00e9s personal i intransferible. Hi ha una asseguran\u00e7a de cancel\u00b7laci\u00f3 opcional que es pot contractar en el proc\u00e9s d\u2019inscripci\u00f3.<\/p><\/div>\n\t\t\t\t<\/div>\n\t\t\t\t\t\t\t\t<\/div>\n\t\t\t\t\t\t<\/div>\n\t\t\t\t<\/div>\n\t\t\t\t<div class=\"elementor-element elementor-element-5ca2feb elementor-widget elementor-widget-spacer\" data-id=\"5ca2feb\" data-element_type=\"widget\" data-e-type=\"widget\" data-widget_type=\"spacer.default\">\n\t\t\t\t<div class=\"elementor-widget-container\">\n\t\t\t\t\t\t\t<div class=\"elementor-spacer\">\n\t\t\t<div class=\"elementor-spacer-inner\"><\/div>\n\t\t<\/div>\n\t\t\t\t\t\t<\/div>\n\t\t\t\t<\/div>\n\t\t\t\t<div class=\"elementor-element elementor-element-96bbf60 elementor-invisible elementor-widget elementor-widget-heading\" data-id=\"96bbf60\" data-element_type=\"widget\" data-e-type=\"widget\" data-settings=\"{&quot;_animation&quot;:&quot;fadeIn&quot;,&quot;_animation_delay&quot;:300}\" data-widget_type=\"heading.default\">\n\t\t\t\t<div class=\"elementor-widget-container\">\n\t\t\t\t\t<h2 class=\"elementor-heading-title elementor-size-default\">TRI EXPO \u2013 RECOLLIDA DEL DORSAL I XIP<\/h2>\t\t\t\t<\/div>\n\t\t\t\t<\/div>\n\t\t\t\t<div class=\"elementor-element elementor-element-74c08d7 elementor-invisible elementor-widget elementor-widget-accordion\" data-id=\"74c08d7\" data-element_type=\"widget\" data-e-type=\"widget\" data-settings=\"{&quot;_animation&quot;:&quot;fadeIn&quot;,&quot;_animation_delay&quot;:300}\" data-widget_type=\"accordion.default\">\n\t\t\t\t<div class=\"elementor-widget-container\">\n\t\t\t\t\t\t\t<div class=\"elementor-accordion\">\n\t\t\t\t\t\t\t<div class=\"elementor-accordion-item\">\n\t\t\t\t\t<div id=\"elementor-tab-title-1221\" class=\"elementor-tab-title\" data-tab=\"1\" role=\"button\" aria-controls=\"elementor-tab-content-1221\" aria-expanded=\"false\">\n\t\t\t\t\t\t\t\t\t\t\t\t\t<span class=\"elementor-accordion-icon elementor-accordion-icon-left\" aria-hidden=\"true\">\n\t\t\t\t\t\t\t\t\t\t\t\t\t\t\t<span class=\"elementor-accordion-icon-closed\"><i class=\"fas fa-plus\"><\/i><\/span>\n\t\t\t\t\t\t\t\t<span class=\"elementor-accordion-icon-opened\"><i class=\"fas fa-minus\"><\/i><\/span>\n\t\t\t\t\t\t\t\t\t\t\t\t\t\t<\/span>\n\t\t\t\t\t\t\t\t\t\t\t\t<a class=\"elementor-accordion-title\" tabindex=\"0\">Qu\u00e8 \u00e9s la Tri Expo?<\/a>\n\t\t\t\t\t<\/div>\n\t\t\t\t\t<div id=\"elementor-tab-content-1221\" class=\"elementor-tab-content elementor-clearfix\" data-tab=\"1\" role=\"region\" aria-labelledby=\"elementor-tab-title-1221\"><p>\u00c9s la fira on l\u2019acc\u00e9s \u00e9s obert a tots els p\u00fablics, ja siguin participants, acompanyants o p\u00fablic en general. En la Tri Expo hi haur\u00e0 expositors del sector del triatl\u00f3 i de l\u2019esport i \u00e9s on els participants hauran de recollir el seu material per la competici\u00f3 i el seu obsequi.<\/p><\/div>\n\t\t\t\t<\/div>\n\t\t\t\t\t\t\t<div class=\"elementor-accordion-item\">\n\t\t\t\t\t<div id=\"elementor-tab-title-1222\" class=\"elementor-tab-title\" data-tab=\"2\" role=\"button\" aria-controls=\"elementor-tab-content-1222\" aria-expanded=\"false\">\n\t\t\t\t\t\t\t\t\t\t\t\t\t<span class=\"elementor-accordion-icon elementor-accordion-icon-left\" aria-hidden=\"true\">\n\t\t\t\t\t\t\t\t\t\t\t\t\t\t\t<span class=\"elementor-accordion-icon-closed\"><i class=\"fas fa-plus\"><\/i><\/span>\n\t\t\t\t\t\t\t\t<span class=\"elementor-accordion-icon-opened\"><i class=\"fas fa-minus\"><\/i><\/span>\n\t\t\t\t\t\t\t\t\t\t\t\t\t\t<\/span>\n\t\t\t\t\t\t\t\t\t\t\t\t<a class=\"elementor-accordion-title\" tabindex=\"0\">On es fa el lliurament de dorsals i obsequi del i la participant?<\/a>\n\t\t\t\t\t<\/div>\n\t\t\t\t\t<div id=\"elementor-tab-content-1222\" class=\"elementor-tab-content elementor-clearfix\" data-tab=\"2\" role=\"region\" aria-labelledby=\"elementor-tab-title-1222\"><p>Es fa a la Tri Expo, ubicada al <strong><a href=\"https:\/\/g.page\/cemlamarbella?share\" target=\"_blank\" rel=\"noopener\">CEM La Mar Bella<\/a><\/strong>.<\/p><\/div>\n\t\t\t\t<\/div>\n\t\t\t\t\t\t\t<div class=\"elementor-accordion-item\">\n\t\t\t\t\t<div id=\"elementor-tab-title-1223\" class=\"elementor-tab-title\" data-tab=\"3\" role=\"button\" aria-controls=\"elementor-tab-content-1223\" aria-expanded=\"false\">\n\t\t\t\t\t\t\t\t\t\t\t\t\t<span class=\"elementor-accordion-icon elementor-accordion-icon-left\" aria-hidden=\"true\">\n\t\t\t\t\t\t\t\t\t\t\t\t\t\t\t<span class=\"elementor-accordion-icon-closed\"><i class=\"fas fa-plus\"><\/i><\/span>\n\t\t\t\t\t\t\t\t<span class=\"elementor-accordion-icon-opened\"><i class=\"fas fa-minus\"><\/i><\/span>\n\t\t\t\t\t\t\t\t\t\t\t\t\t\t<\/span>\n\t\t\t\t\t\t\t\t\t\t\t\t<a class=\"elementor-accordion-title\" tabindex=\"0\">Qu\u00e8 em donaran en el lliurament de dorsals?<\/a>\n\t\t\t\t\t<\/div>\n\t\t\t\t\t<div id=\"elementor-tab-content-1223\" class=\"elementor-tab-content elementor-clearfix\" data-tab=\"3\" role=\"region\" aria-labelledby=\"elementor-tab-title-1223\"><p>L\u2019organitzaci\u00f3 facilitar\u00e0 el seg\u00fcent material:<\/p><ul><li>Dorsal<\/li><li>Polsera d\u2019identificaci\u00f3<\/li><li>2 adhesius pel casc bicicleta (1 part frontal i l\u2019altre part esquerra)<\/li><li>Un adhesiu per la tija del seient de la bicicleta<\/li><li>Un adhesiu per la motxilla que vulguis deixar en el guarda-roba (sense adhesiu no la podr\u00e0s deixar)<\/li><li>Casquet de nataci\u00f3<\/li><li>Imperdibles (opcional)<\/li><li>Xip<\/li><li>Obsequi<\/li><\/ul><\/div>\n\t\t\t\t<\/div>\n\t\t\t\t\t\t\t<div class=\"elementor-accordion-item\">\n\t\t\t\t\t<div id=\"elementor-tab-title-1224\" class=\"elementor-tab-title\" data-tab=\"4\" role=\"button\" aria-controls=\"elementor-tab-content-1224\" aria-expanded=\"false\">\n\t\t\t\t\t\t\t\t\t\t\t\t\t<span class=\"elementor-accordion-icon elementor-accordion-icon-left\" aria-hidden=\"true\">\n\t\t\t\t\t\t\t\t\t\t\t\t\t\t\t<span class=\"elementor-accordion-icon-closed\"><i class=\"fas fa-plus\"><\/i><\/span>\n\t\t\t\t\t\t\t\t<span class=\"elementor-accordion-icon-opened\"><i class=\"fas fa-minus\"><\/i><\/span>\n\t\t\t\t\t\t\t\t\t\t\t\t\t\t<\/span>\n\t\t\t\t\t\t\t\t\t\t\t\t<a class=\"elementor-accordion-title\" tabindex=\"0\">Quina documentaci\u00f3 he de presentar per recollir el dorsal?<\/a>\n\t\t\t\t\t<\/div>\n\t\t\t\t\t<div id=\"elementor-tab-content-1224\" class=\"elementor-tab-content elementor-clearfix\" data-tab=\"4\" role=\"region\" aria-labelledby=\"elementor-tab-title-1224\"><p>El teu DNI o passaport.<\/p><\/div>\n\t\t\t\t<\/div>\n\t\t\t\t\t\t\t<div class=\"elementor-accordion-item\">\n\t\t\t\t\t<div id=\"elementor-tab-title-1225\" class=\"elementor-tab-title\" data-tab=\"5\" role=\"button\" aria-controls=\"elementor-tab-content-1225\" aria-expanded=\"false\">\n\t\t\t\t\t\t\t\t\t\t\t\t\t<span class=\"elementor-accordion-icon elementor-accordion-icon-left\" aria-hidden=\"true\">\n\t\t\t\t\t\t\t\t\t\t\t\t\t\t\t<span class=\"elementor-accordion-icon-closed\"><i class=\"fas fa-plus\"><\/i><\/span>\n\t\t\t\t\t\t\t\t<span class=\"elementor-accordion-icon-opened\"><i class=\"fas fa-minus\"><\/i><\/span>\n\t\t\t\t\t\t\t\t\t\t\t\t\t\t<\/span>\n\t\t\t\t\t\t\t\t\t\t\t\t<a class=\"elementor-accordion-title\" tabindex=\"0\">Pot recollir el meu dorsal una altra persona?<\/a>\n\t\t\t\t\t<\/div>\n\t\t\t\t\t<div id=\"elementor-tab-content-1225\" class=\"elementor-tab-content elementor-clearfix\" data-tab=\"5\" role=\"region\" aria-labelledby=\"elementor-tab-title-1225\"><p>S\u00ed, haur\u00e0 de mostrar una fotoc\u00f2pia del DNI o passaport o que tingui una imatge en el tel\u00e8fon.<\/p><\/div>\n\t\t\t\t<\/div>\n\t\t\t\t\t\t\t<div class=\"elementor-accordion-item\">\n\t\t\t\t\t<div id=\"elementor-tab-title-1226\" class=\"elementor-tab-title\" data-tab=\"6\" role=\"button\" aria-controls=\"elementor-tab-content-1226\" aria-expanded=\"false\">\n\t\t\t\t\t\t\t\t\t\t\t\t\t<span class=\"elementor-accordion-icon elementor-accordion-icon-left\" aria-hidden=\"true\">\n\t\t\t\t\t\t\t\t\t\t\t\t\t\t\t<span class=\"elementor-accordion-icon-closed\"><i class=\"fas fa-plus\"><\/i><\/span>\n\t\t\t\t\t\t\t\t<span class=\"elementor-accordion-icon-opened\"><i class=\"fas fa-minus\"><\/i><\/span>\n\t\t\t\t\t\t\t\t\t\t\t\t\t\t<\/span>\n\t\t\t\t\t\t\t\t\t\t\t\t<a class=\"elementor-accordion-title\" tabindex=\"0\">On em donaran el xip?<\/a>\n\t\t\t\t\t<\/div>\n\t\t\t\t\t<div id=\"elementor-tab-content-1226\" class=\"elementor-tab-content elementor-clearfix\" data-tab=\"6\" role=\"region\" aria-labelledby=\"elementor-tab-title-1226\"><p>El xip el recollir\u00e0s el mateix moment que reculls el dorsal.<\/p><\/div>\n\t\t\t\t<\/div>\n\t\t\t\t\t\t\t<div class=\"elementor-accordion-item\">\n\t\t\t\t\t<div id=\"elementor-tab-title-1227\" class=\"elementor-tab-title\" data-tab=\"7\" role=\"button\" aria-controls=\"elementor-tab-content-1227\" aria-expanded=\"false\">\n\t\t\t\t\t\t\t\t\t\t\t\t\t<span class=\"elementor-accordion-icon elementor-accordion-icon-left\" aria-hidden=\"true\">\n\t\t\t\t\t\t\t\t\t\t\t\t\t\t\t<span class=\"elementor-accordion-icon-closed\"><i class=\"fas fa-plus\"><\/i><\/span>\n\t\t\t\t\t\t\t\t<span class=\"elementor-accordion-icon-opened\"><i class=\"fas fa-minus\"><\/i><\/span>\n\t\t\t\t\t\t\t\t\t\t\t\t\t\t<\/span>\n\t\t\t\t\t\t\t\t\t\t\t\t<a class=\"elementor-accordion-title\" tabindex=\"0\">On he d\u2019entregar el xip?<\/a>\n\t\t\t\t\t<\/div>\n\t\t\t\t\t<div id=\"elementor-tab-content-1227\" class=\"elementor-tab-content elementor-clearfix\" data-tab=\"7\" role=\"region\" aria-labelledby=\"elementor-tab-title-1227\"><p>El xip l\u2019entregar\u00e0s el creuar la l\u00ednia d\u2019arribada on hi haur\u00e0 uns voluntaris que te\u2019l retiraran. \u00c9s obligatori retornar el xip, sin\u00f3 es cobrar\u00e0.<\/p><\/div>\n\t\t\t\t<\/div>\n\t\t\t\t\t\t\t\t<\/div>\n\t\t\t\t\t\t<\/div>\n\t\t\t\t<\/div>\n\t\t\t\t<div class=\"elementor-element elementor-element-9035974 elementor-widget elementor-widget-spacer\" data-id=\"9035974\" data-element_type=\"widget\" data-e-type=\"widget\" data-widget_type=\"spacer.default\">\n\t\t\t\t<div class=\"elementor-widget-container\">\n\t\t\t\t\t\t\t<div class=\"elementor-spacer\">\n\t\t\t<div class=\"elementor-spacer-inner\"><\/div>\n\t\t<\/div>\n\t\t\t\t\t\t<\/div>\n\t\t\t\t<\/div>\n\t\t\t\t<div class=\"elementor-element elementor-element-7cd8a18 elementor-invisible elementor-widget elementor-widget-heading\" data-id=\"7cd8a18\" data-element_type=\"widget\" data-e-type=\"widget\" data-settings=\"{&quot;_animation&quot;:&quot;fadeIn&quot;,&quot;_animation_delay&quot;:400}\" data-widget_type=\"heading.default\">\n\t\t\t\t<div class=\"elementor-widget-container\">\n\t\t\t\t\t<h2 class=\"elementor-heading-title elementor-size-default\">ABANS DE LA PROVA<\/h2>\t\t\t\t<\/div>\n\t\t\t\t<\/div>\n\t\t\t\t<div class=\"elementor-element elementor-element-2ec64af elementor-invisible elementor-widget elementor-widget-accordion\" data-id=\"2ec64af\" data-element_type=\"widget\" data-e-type=\"widget\" data-settings=\"{&quot;_animation&quot;:&quot;fadeIn&quot;,&quot;_animation_delay&quot;:400}\" data-widget_type=\"accordion.default\">\n\t\t\t\t<div class=\"elementor-widget-container\">\n\t\t\t\t\t\t\t<div class=\"elementor-accordion\">\n\t\t\t\t\t\t\t<div class=\"elementor-accordion-item\">\n\t\t\t\t\t<div id=\"elementor-tab-title-4901\" class=\"elementor-tab-title\" data-tab=\"1\" role=\"button\" aria-controls=\"elementor-tab-content-4901\" aria-expanded=\"false\">\n\t\t\t\t\t\t\t\t\t\t\t\t\t<span class=\"elementor-accordion-icon elementor-accordion-icon-left\" aria-hidden=\"true\">\n\t\t\t\t\t\t\t\t\t\t\t\t\t\t\t<span class=\"elementor-accordion-icon-closed\"><i class=\"fas fa-plus\"><\/i><\/span>\n\t\t\t\t\t\t\t\t<span class=\"elementor-accordion-icon-opened\"><i class=\"fas fa-minus\"><\/i><\/span>\n\t\t\t\t\t\t\t\t\t\t\t\t\t\t<\/span>\n\t\t\t\t\t\t\t\t\t\t\t\t<a class=\"elementor-accordion-title\" tabindex=\"0\">Qu\u00e8 \u00e9s el Check In?<\/a>\n\t\t\t\t\t<\/div>\n\t\t\t\t\t<div id=\"elementor-tab-content-4901\" class=\"elementor-tab-content elementor-clearfix\" data-tab=\"1\" role=\"region\" aria-labelledby=\"elementor-tab-title-4901\"><p>\u00c9s l\u2019acc\u00e9s a l\u2019\u00e0rea de transici\u00f3 \u2013 box del i la participant amb el material que utilitzar\u00e0 exclusivament durant la prova, on els jutges fan un control que el material compleix amb el reglament de la prova.<\/p><p>Es recomana fer el Check In el dissabte (dia abans) per evitar cues i maldecaps d\u2019\u00faltima hora.<\/p><\/div>\n\t\t\t\t<\/div>\n\t\t\t\t\t\t\t<div class=\"elementor-accordion-item\">\n\t\t\t\t\t<div id=\"elementor-tab-title-4902\" class=\"elementor-tab-title\" data-tab=\"2\" role=\"button\" aria-controls=\"elementor-tab-content-4902\" aria-expanded=\"false\">\n\t\t\t\t\t\t\t\t\t\t\t\t\t<span class=\"elementor-accordion-icon elementor-accordion-icon-left\" aria-hidden=\"true\">\n\t\t\t\t\t\t\t\t\t\t\t\t\t\t\t<span class=\"elementor-accordion-icon-closed\"><i class=\"fas fa-plus\"><\/i><\/span>\n\t\t\t\t\t\t\t\t<span class=\"elementor-accordion-icon-opened\"><i class=\"fas fa-minus\"><\/i><\/span>\n\t\t\t\t\t\t\t\t\t\t\t\t\t\t<\/span>\n\t\t\t\t\t\t\t\t\t\t\t\t<a class=\"elementor-accordion-title\" tabindex=\"0\">Quin material he de portar per fer el Check In?<\/a>\n\t\t\t\t\t<\/div>\n\t\t\t\t\t<div id=\"elementor-tab-content-4902\" class=\"elementor-tab-content elementor-clearfix\" data-tab=\"2\" role=\"region\" aria-labelledby=\"elementor-tab-title-4902\"><p>\u00danica i exclusivament el material que utilitzar\u00e0s durant la prova com el xip, casquet de nataci\u00f3, dorsal, polsera, bicicleta amb adhesiu, casc amb l\u2019adhesiu i la roba o material que far\u00e0s servir en cadascun dels segments de la prova. La resta de material que NO utilitzar\u00e0s durant la prova l\u2019has de deixar en el Guarda-roba dins una motxilla.<\/p><\/div>\n\t\t\t\t<\/div>\n\t\t\t\t\t\t\t<div class=\"elementor-accordion-item\">\n\t\t\t\t\t<div id=\"elementor-tab-title-4903\" class=\"elementor-tab-title\" data-tab=\"3\" role=\"button\" aria-controls=\"elementor-tab-content-4903\" aria-expanded=\"false\">\n\t\t\t\t\t\t\t\t\t\t\t\t\t<span class=\"elementor-accordion-icon elementor-accordion-icon-left\" aria-hidden=\"true\">\n\t\t\t\t\t\t\t\t\t\t\t\t\t\t\t<span class=\"elementor-accordion-icon-closed\"><i class=\"fas fa-plus\"><\/i><\/span>\n\t\t\t\t\t\t\t\t<span class=\"elementor-accordion-icon-opened\"><i class=\"fas fa-minus\"><\/i><\/span>\n\t\t\t\t\t\t\t\t\t\t\t\t\t\t<\/span>\n\t\t\t\t\t\t\t\t\t\t\t\t<a class=\"elementor-accordion-title\" tabindex=\"0\">L\u2019\u00c0rea de Transici\u00f3 t\u00e9 seguretat?<\/a>\n\t\t\t\t\t<\/div>\n\t\t\t\t\t<div id=\"elementor-tab-content-4903\" class=\"elementor-tab-content elementor-clearfix\" data-tab=\"3\" role=\"region\" aria-labelledby=\"elementor-tab-title-4903\"><p>S\u00ed, des del dissabte a les 10 h fins el diumenge quan finalitzi el Check Out hi haur\u00e0 personal de seguretat.<\/p><\/div>\n\t\t\t\t<\/div>\n\t\t\t\t\t\t\t<div class=\"elementor-accordion-item\">\n\t\t\t\t\t<div id=\"elementor-tab-title-4904\" class=\"elementor-tab-title\" data-tab=\"4\" role=\"button\" aria-controls=\"elementor-tab-content-4904\" aria-expanded=\"false\">\n\t\t\t\t\t\t\t\t\t\t\t\t\t<span class=\"elementor-accordion-icon elementor-accordion-icon-left\" aria-hidden=\"true\">\n\t\t\t\t\t\t\t\t\t\t\t\t\t\t\t<span class=\"elementor-accordion-icon-closed\"><i class=\"fas fa-plus\"><\/i><\/span>\n\t\t\t\t\t\t\t\t<span class=\"elementor-accordion-icon-opened\"><i class=\"fas fa-minus\"><\/i><\/span>\n\t\t\t\t\t\t\t\t\t\t\t\t\t\t<\/span>\n\t\t\t\t\t\t\t\t\t\t\t\t<a class=\"elementor-accordion-title\" tabindex=\"0\">On puc trobar zona d\u2019aparcament?<\/a>\n\t\t\t\t\t<\/div>\n\t\t\t\t\t<div id=\"elementor-tab-content-4904\" class=\"elementor-tab-content elementor-clearfix\" data-tab=\"4\" role=\"region\" aria-labelledby=\"elementor-tab-title-4904\"><p>Podr\u00e0s aparcar en els carrers que estan fora del per\u00edmetre del circuit de ciclisme de la prova.<\/p><\/div>\n\t\t\t\t<\/div>\n\t\t\t\t\t\t\t<div class=\"elementor-accordion-item\">\n\t\t\t\t\t<div id=\"elementor-tab-title-4905\" class=\"elementor-tab-title\" data-tab=\"5\" role=\"button\" aria-controls=\"elementor-tab-content-4905\" aria-expanded=\"false\">\n\t\t\t\t\t\t\t\t\t\t\t\t\t<span class=\"elementor-accordion-icon elementor-accordion-icon-left\" aria-hidden=\"true\">\n\t\t\t\t\t\t\t\t\t\t\t\t\t\t\t<span class=\"elementor-accordion-icon-closed\"><i class=\"fas fa-plus\"><\/i><\/span>\n\t\t\t\t\t\t\t\t<span class=\"elementor-accordion-icon-opened\"><i class=\"fas fa-minus\"><\/i><\/span>\n\t\t\t\t\t\t\t\t\t\t\t\t\t\t<\/span>\n\t\t\t\t\t\t\t\t\t\t\t\t<a class=\"elementor-accordion-title\" tabindex=\"0\">\u00c9s obligatori l\u2019\u00fas del neopr\u00e8?<\/a>\n\t\t\t\t\t<\/div>\n\t\t\t\t\t<div id=\"elementor-tab-content-4905\" class=\"elementor-tab-content elementor-clearfix\" data-tab=\"5\" role=\"region\" aria-labelledby=\"elementor-tab-title-4905\"><p>Possiblement el seu \u00fas ser\u00e0 opcional, per\u00f2 aix\u00f2 dep\u00e8n del reglament de la federaci\u00f3 i de la situaci\u00f3 meteorol\u00f2gica.<\/p><\/div>\n\t\t\t\t<\/div>\n\t\t\t\t\t\t\t<div class=\"elementor-accordion-item\">\n\t\t\t\t\t<div id=\"elementor-tab-title-4906\" class=\"elementor-tab-title\" data-tab=\"6\" role=\"button\" aria-controls=\"elementor-tab-content-4906\" aria-expanded=\"false\">\n\t\t\t\t\t\t\t\t\t\t\t\t\t<span class=\"elementor-accordion-icon elementor-accordion-icon-left\" aria-hidden=\"true\">\n\t\t\t\t\t\t\t\t\t\t\t\t\t\t\t<span class=\"elementor-accordion-icon-closed\"><i class=\"fas fa-plus\"><\/i><\/span>\n\t\t\t\t\t\t\t\t<span class=\"elementor-accordion-icon-opened\"><i class=\"fas fa-minus\"><\/i><\/span>\n\t\t\t\t\t\t\t\t\t\t\t\t\t\t<\/span>\n\t\t\t\t\t\t\t\t\t\t\t\t<a class=\"elementor-accordion-title\" tabindex=\"0\">Puc escalfar a l\u2019aigua abans de l\u2019inici de la prova?<\/a>\n\t\t\t\t\t<\/div>\n\t\t\t\t\t<div id=\"elementor-tab-content-4906\" class=\"elementor-tab-content elementor-clearfix\" data-tab=\"6\" role=\"region\" aria-labelledby=\"elementor-tab-title-4906\"><p>S\u00ed, podr\u00e0s escalfar a la platja de la Nova Mar Bella, ubicada a la part Nord de la platja de la Mar Bella que \u00e9s on es disputa la competici\u00f3.<\/p><\/div>\n\t\t\t\t<\/div>\n\t\t\t\t\t\t\t\t<\/div>\n\t\t\t\t\t\t<\/div>\n\t\t\t\t<\/div>\n\t\t\t\t<div class=\"elementor-element elementor-element-17475b4 elementor-widget elementor-widget-spacer\" data-id=\"17475b4\" data-element_type=\"widget\" data-e-type=\"widget\" data-widget_type=\"spacer.default\">\n\t\t\t\t<div class=\"elementor-widget-container\">\n\t\t\t\t\t\t\t<div class=\"elementor-spacer\">\n\t\t\t<div class=\"elementor-spacer-inner\"><\/div>\n\t\t<\/div>\n\t\t\t\t\t\t<\/div>\n\t\t\t\t<\/div>\n\t\t\t\t<div class=\"elementor-element elementor-element-9844010 elementor-invisible elementor-widget elementor-widget-heading\" data-id=\"9844010\" data-element_type=\"widget\" data-e-type=\"widget\" data-settings=\"{&quot;_animation&quot;:&quot;fadeIn&quot;,&quot;_animation_delay&quot;:500}\" data-widget_type=\"heading.default\">\n\t\t\t\t<div class=\"elementor-widget-container\">\n\t\t\t\t\t<h2 class=\"elementor-heading-title elementor-size-default\">DURANT LA PROVA<\/h2>\t\t\t\t<\/div>\n\t\t\t\t<\/div>\n\t\t\t\t<div class=\"elementor-element elementor-element-cd5ea82 elementor-invisible elementor-widget elementor-widget-accordion\" data-id=\"cd5ea82\" data-element_type=\"widget\" data-e-type=\"widget\" data-settings=\"{&quot;_animation&quot;:&quot;fadeIn&quot;,&quot;_animation_delay&quot;:500}\" data-widget_type=\"accordion.default\">\n\t\t\t\t<div class=\"elementor-widget-container\">\n\t\t\t\t\t\t\t<div class=\"elementor-accordion\">\n\t\t\t\t\t\t\t<div class=\"elementor-accordion-item\">\n\t\t\t\t\t<div id=\"elementor-tab-title-2151\" class=\"elementor-tab-title\" data-tab=\"1\" role=\"button\" aria-controls=\"elementor-tab-content-2151\" aria-expanded=\"false\">\n\t\t\t\t\t\t\t\t\t\t\t\t\t<span class=\"elementor-accordion-icon elementor-accordion-icon-left\" aria-hidden=\"true\">\n\t\t\t\t\t\t\t\t\t\t\t\t\t\t\t<span class=\"elementor-accordion-icon-closed\"><i class=\"fas fa-plus\"><\/i><\/span>\n\t\t\t\t\t\t\t\t<span class=\"elementor-accordion-icon-opened\"><i class=\"fas fa-minus\"><\/i><\/span>\n\t\t\t\t\t\t\t\t\t\t\t\t\t\t<\/span>\n\t\t\t\t\t\t\t\t\t\t\t\t<a class=\"elementor-accordion-title\" tabindex=\"0\">Qu\u00e8 em donaran en cada avituallament?<\/a>\n\t\t\t\t\t<\/div>\n\t\t\t\t\t<div id=\"elementor-tab-content-2151\" class=\"elementor-tab-content elementor-clearfix\" data-tab=\"1\" role=\"region\" aria-labelledby=\"elementor-tab-title-2151\"><p>Trobar\u00e0s avituallaments al final del segment de nataci\u00f3 i en el tram de cursa peu. Disposar\u00e0s d\u2019aigua, beguda isot\u00f2nica i a la cursa a peu de gels de glucosa.<\/p><\/div>\n\t\t\t\t<\/div>\n\t\t\t\t\t\t\t<div class=\"elementor-accordion-item\">\n\t\t\t\t\t<div id=\"elementor-tab-title-2152\" class=\"elementor-tab-title\" data-tab=\"2\" role=\"button\" aria-controls=\"elementor-tab-content-2152\" aria-expanded=\"false\">\n\t\t\t\t\t\t\t\t\t\t\t\t\t<span class=\"elementor-accordion-icon elementor-accordion-icon-left\" aria-hidden=\"true\">\n\t\t\t\t\t\t\t\t\t\t\t\t\t\t\t<span class=\"elementor-accordion-icon-closed\"><i class=\"fas fa-plus\"><\/i><\/span>\n\t\t\t\t\t\t\t\t<span class=\"elementor-accordion-icon-opened\"><i class=\"fas fa-minus\"><\/i><\/span>\n\t\t\t\t\t\t\t\t\t\t\t\t\t\t<\/span>\n\t\t\t\t\t\t\t\t\t\t\t\t<a class=\"elementor-accordion-title\" tabindex=\"0\">Quin desnivell acumulat t\u00e9 el segment de ciclisme?<\/a>\n\t\t\t\t\t<\/div>\n\t\t\t\t\t<div id=\"elementor-tab-content-2152\" class=\"elementor-tab-content elementor-clearfix\" data-tab=\"2\" role=\"region\" aria-labelledby=\"elementor-tab-title-2152\"><p>El desnivell acumulat del segment de ciclisme \u00e9s pr\u00e0cticament nul, \u00e9s un circuit ample i r\u00e0pid.<\/p><\/div>\n\t\t\t\t<\/div>\n\t\t\t\t\t\t\t<div class=\"elementor-accordion-item\">\n\t\t\t\t\t<div id=\"elementor-tab-title-2153\" class=\"elementor-tab-title\" data-tab=\"3\" role=\"button\" aria-controls=\"elementor-tab-content-2153\" aria-expanded=\"false\">\n\t\t\t\t\t\t\t\t\t\t\t\t\t<span class=\"elementor-accordion-icon elementor-accordion-icon-left\" aria-hidden=\"true\">\n\t\t\t\t\t\t\t\t\t\t\t\t\t\t\t<span class=\"elementor-accordion-icon-closed\"><i class=\"fas fa-plus\"><\/i><\/span>\n\t\t\t\t\t\t\t\t<span class=\"elementor-accordion-icon-opened\"><i class=\"fas fa-minus\"><\/i><\/span>\n\t\t\t\t\t\t\t\t\t\t\t\t\t\t<\/span>\n\t\t\t\t\t\t\t\t\t\t\t\t<a class=\"elementor-accordion-title\" tabindex=\"0\">Els carrers del segment de ciclisme estan tallats al tr\u00e0fic?<\/a>\n\t\t\t\t\t<\/div>\n\t\t\t\t\t<div id=\"elementor-tab-content-2153\" class=\"elementor-tab-content elementor-clearfix\" data-tab=\"3\" role=\"region\" aria-labelledby=\"elementor-tab-title-2153\"><p>S\u00ed, no hi haur\u00e0 cap vehicle ali\u00e8 a l\u2019organitzaci\u00f3 dins els segments de la prova.<\/p><\/div>\n\t\t\t\t<\/div>\n\t\t\t\t\t\t\t<div class=\"elementor-accordion-item\">\n\t\t\t\t\t<div id=\"elementor-tab-title-2154\" class=\"elementor-tab-title\" data-tab=\"4\" role=\"button\" aria-controls=\"elementor-tab-content-2154\" aria-expanded=\"false\">\n\t\t\t\t\t\t\t\t\t\t\t\t\t<span class=\"elementor-accordion-icon elementor-accordion-icon-left\" aria-hidden=\"true\">\n\t\t\t\t\t\t\t\t\t\t\t\t\t\t\t<span class=\"elementor-accordion-icon-closed\"><i class=\"fas fa-plus\"><\/i><\/span>\n\t\t\t\t\t\t\t\t<span class=\"elementor-accordion-icon-opened\"><i class=\"fas fa-minus\"><\/i><\/span>\n\t\t\t\t\t\t\t\t\t\t\t\t\t\t<\/span>\n\t\t\t\t\t\t\t\t\t\t\t\t<a class=\"elementor-accordion-title\" tabindex=\"0\">Quin tipus de bicicleta puc utilitzar?<\/a>\n\t\t\t\t\t<\/div>\n\t\t\t\t\t<div id=\"elementor-tab-content-2154\" class=\"elementor-tab-content elementor-clearfix\" data-tab=\"4\" role=\"region\" aria-labelledby=\"elementor-tab-title-2154\"><p>A la Middle Distance nom\u00e9s pots utilitzar bici de carretera. A la resta de modalitats pots utilitzar bicicleta de carretera o de muntanya, sempre i quan no disposin de banyes o acoblaments de cap tipus en el manillar.<\/p><\/div>\n\t\t\t\t<\/div>\n\t\t\t\t\t\t\t<div class=\"elementor-accordion-item\">\n\t\t\t\t\t<div id=\"elementor-tab-title-2155\" class=\"elementor-tab-title\" data-tab=\"5\" role=\"button\" aria-controls=\"elementor-tab-content-2155\" aria-expanded=\"false\">\n\t\t\t\t\t\t\t\t\t\t\t\t\t<span class=\"elementor-accordion-icon elementor-accordion-icon-left\" aria-hidden=\"true\">\n\t\t\t\t\t\t\t\t\t\t\t\t\t\t\t<span class=\"elementor-accordion-icon-closed\"><i class=\"fas fa-plus\"><\/i><\/span>\n\t\t\t\t\t\t\t\t<span class=\"elementor-accordion-icon-opened\"><i class=\"fas fa-minus\"><\/i><\/span>\n\t\t\t\t\t\t\t\t\t\t\t\t\t\t<\/span>\n\t\t\t\t\t\t\t\t\t\t\t\t<a class=\"elementor-accordion-title\" tabindex=\"0\">Puc utilitzar bicicletes amb fre de disc?<\/a>\n\t\t\t\t\t<\/div>\n\t\t\t\t\t<div id=\"elementor-tab-content-2155\" class=\"elementor-tab-content elementor-clearfix\" data-tab=\"5\" role=\"region\" aria-labelledby=\"elementor-tab-title-2155\"><p>S\u00ed, el reglament ho permet.<\/p><\/div>\n\t\t\t\t<\/div>\n\t\t\t\t\t\t\t<div class=\"elementor-accordion-item\">\n\t\t\t\t\t<div id=\"elementor-tab-title-2156\" class=\"elementor-tab-title\" data-tab=\"6\" role=\"button\" aria-controls=\"elementor-tab-content-2156\" aria-expanded=\"false\">\n\t\t\t\t\t\t\t\t\t\t\t\t\t<span class=\"elementor-accordion-icon elementor-accordion-icon-left\" aria-hidden=\"true\">\n\t\t\t\t\t\t\t\t\t\t\t\t\t\t\t<span class=\"elementor-accordion-icon-closed\"><i class=\"fas fa-plus\"><\/i><\/span>\n\t\t\t\t\t\t\t\t<span class=\"elementor-accordion-icon-opened\"><i class=\"fas fa-minus\"><\/i><\/span>\n\t\t\t\t\t\t\t\t\t\t\t\t\t\t<\/span>\n\t\t\t\t\t\t\t\t\t\t\t\t<a class=\"elementor-accordion-title\" tabindex=\"0\">Est\u00e0 perm\u00e8s que un familiar, amic o t\u00e8cnic m\u2019acompanyi pel circuit?<\/a>\n\t\t\t\t\t<\/div>\n\t\t\t\t\t<div id=\"elementor-tab-content-2156\" class=\"elementor-tab-content elementor-clearfix\" data-tab=\"6\" role=\"region\" aria-labelledby=\"elementor-tab-title-2156\"><p>No, el reglament no permet que cap participant pugui anar acompanyat durant els diferents segments.<\/p><\/div>\n\t\t\t\t<\/div>\n\t\t\t\t\t\t\t<div class=\"elementor-accordion-item\">\n\t\t\t\t\t<div id=\"elementor-tab-title-2157\" class=\"elementor-tab-title\" data-tab=\"7\" role=\"button\" aria-controls=\"elementor-tab-content-2157\" aria-expanded=\"false\">\n\t\t\t\t\t\t\t\t\t\t\t\t\t<span class=\"elementor-accordion-icon elementor-accordion-icon-left\" aria-hidden=\"true\">\n\t\t\t\t\t\t\t\t\t\t\t\t\t\t\t<span class=\"elementor-accordion-icon-closed\"><i class=\"fas fa-plus\"><\/i><\/span>\n\t\t\t\t\t\t\t\t<span class=\"elementor-accordion-icon-opened\"><i class=\"fas fa-minus\"><\/i><\/span>\n\t\t\t\t\t\t\t\t\t\t\t\t\t\t<\/span>\n\t\t\t\t\t\t\t\t\t\t\t\t<a class=\"elementor-accordion-title\" tabindex=\"0\">Quins s\u00f3n els temps de tall?<\/a>\n\t\t\t\t\t<\/div>\n\t\t\t\t\t<div id=\"elementor-tab-content-2157\" class=\"elementor-tab-content elementor-clearfix\" data-tab=\"7\" role=\"region\" aria-labelledby=\"elementor-tab-title-2157\"><p>En el seg\u00fcent <a href=\"https:\/\/www.triathlon.barcelona\/atletes\/informacio-prova\/reglament\/\"><strong>enlla\u00e7<\/strong><\/a> trobar\u00e0s la informaci\u00f3.<\/p><\/div>\n\t\t\t\t<\/div>\n\t\t\t\t\t\t\t<div class=\"elementor-accordion-item\">\n\t\t\t\t\t<div id=\"elementor-tab-title-2158\" class=\"elementor-tab-title\" data-tab=\"8\" role=\"button\" aria-controls=\"elementor-tab-content-2158\" aria-expanded=\"false\">\n\t\t\t\t\t\t\t\t\t\t\t\t\t<span class=\"elementor-accordion-icon elementor-accordion-icon-left\" aria-hidden=\"true\">\n\t\t\t\t\t\t\t\t\t\t\t\t\t\t\t<span class=\"elementor-accordion-icon-closed\"><i class=\"fas fa-plus\"><\/i><\/span>\n\t\t\t\t\t\t\t\t<span class=\"elementor-accordion-icon-opened\"><i class=\"fas fa-minus\"><\/i><\/span>\n\t\t\t\t\t\t\t\t\t\t\t\t\t\t<\/span>\n\t\t\t\t\t\t\t\t\t\t\t\t<a class=\"elementor-accordion-title\" tabindex=\"0\">Qu\u00e8 he de fer si supero els temps de tall?<\/a>\n\t\t\t\t\t<\/div>\n\t\t\t\t\t<div id=\"elementor-tab-content-2158\" class=\"elementor-tab-content elementor-clearfix\" data-tab=\"8\" role=\"region\" aria-labelledby=\"elementor-tab-title-2158\"><p>L\u2019organitzaci\u00f3 disposar\u00e0 de vehicles que podran recollir els i les triatletes que es retirin o estiguin fora de cursa. L\u2019organitzaci\u00f3 els retirar\u00e0 el dorsal i ser\u00e0 opci\u00f3 del i la participant utilitzar el vehicle per transportar-lo a la zona d\u2019arribada. En cas de no utilitzar aquest servei ser\u00e0 la seva pr\u00f2pia responsabilitat sense protecci\u00f3 de l\u2019organitzaci\u00f3 i dels cossos policials.<\/p><\/div>\n\t\t\t\t<\/div>\n\t\t\t\t\t\t\t<div class=\"elementor-accordion-item\">\n\t\t\t\t\t<div id=\"elementor-tab-title-2159\" class=\"elementor-tab-title\" data-tab=\"9\" role=\"button\" aria-controls=\"elementor-tab-content-2159\" aria-expanded=\"false\">\n\t\t\t\t\t\t\t\t\t\t\t\t\t<span class=\"elementor-accordion-icon elementor-accordion-icon-left\" aria-hidden=\"true\">\n\t\t\t\t\t\t\t\t\t\t\t\t\t\t\t<span class=\"elementor-accordion-icon-closed\"><i class=\"fas fa-plus\"><\/i><\/span>\n\t\t\t\t\t\t\t\t<span class=\"elementor-accordion-icon-opened\"><i class=\"fas fa-minus\"><\/i><\/span>\n\t\t\t\t\t\t\t\t\t\t\t\t\t\t<\/span>\n\t\t\t\t\t\t\t\t\t\t\t\t<a class=\"elementor-accordion-title\" tabindex=\"0\">Puc entrar a meta amb acompanyants?<\/a>\n\t\t\t\t\t<\/div>\n\t\t\t\t\t<div id=\"elementor-tab-content-2159\" class=\"elementor-tab-content elementor-clearfix\" data-tab=\"9\" role=\"region\" aria-labelledby=\"elementor-tab-title-2159\"><p>S\u00ed, 100 metres abans de l\u2019arribada hi haur\u00e0 un Meeting point per familiars o acompanyants que desitgin creuar la l\u00ednia d\u2019arribada juntament amb el o la triatleta. Obligat\u00f2riament els i les acompanyants hauran d\u2019abandonar el recinte un cop creuada l\u2019arribada.<\/p><\/div>\n\t\t\t\t<\/div>\n\t\t\t\t\t\t\t\t\t\t<script type=\"application\/ld+json\">{\"@context\":\"https:\\\/\\\/schema.org\",\"@type\":\"FAQPage\",\"mainEntity\":[{\"@type\":\"Question\",\"name\":\"Qu\\u00e8 em donaran en cada avituallament?\",\"acceptedAnswer\":{\"@type\":\"Answer\",\"text\":\"<p>Trobar\\u00e0s avituallaments al final del segment de nataci\\u00f3 i en el tram de cursa peu. Disposar\\u00e0s d\\u2019aigua, beguda isot\\u00f2nica i a la cursa a peu de gels de glucosa.<\\\/p>\"}},{\"@type\":\"Question\",\"name\":\"Quin desnivell acumulat t\\u00e9 el segment de ciclisme?\",\"acceptedAnswer\":{\"@type\":\"Answer\",\"text\":\"<p>El desnivell acumulat del segment de ciclisme \\u00e9s pr\\u00e0cticament nul, \\u00e9s un circuit ample i r\\u00e0pid.<\\\/p>\"}},{\"@type\":\"Question\",\"name\":\"Els carrers del segment de ciclisme estan tallats al tr\\u00e0fic?\",\"acceptedAnswer\":{\"@type\":\"Answer\",\"text\":\"<p>S\\u00ed, no hi haur\\u00e0 cap vehicle ali\\u00e8 a l\\u2019organitzaci\\u00f3 dins els segments de la prova.<\\\/p>\"}},{\"@type\":\"Question\",\"name\":\"Quin tipus de bicicleta puc utilitzar?\",\"acceptedAnswer\":{\"@type\":\"Answer\",\"text\":\"<p>A la Middle Distance nom\\u00e9s pots utilitzar bici de carretera. A la resta de modalitats pots utilitzar bicicleta de carretera o de muntanya, sempre i quan no disposin de banyes o acoblaments de cap tipus en el manillar.<\\\/p>\"}},{\"@type\":\"Question\",\"name\":\"Puc utilitzar bicicletes amb fre de disc?\",\"acceptedAnswer\":{\"@type\":\"Answer\",\"text\":\"<p>S\\u00ed, el reglament ho permet.<\\\/p>\"}},{\"@type\":\"Question\",\"name\":\"Est\\u00e0 perm\\u00e8s que un familiar, amic o t\\u00e8cnic m\\u2019acompanyi pel circuit?\",\"acceptedAnswer\":{\"@type\":\"Answer\",\"text\":\"<p>No, el reglament no permet que cap participant pugui anar acompanyat durant els diferents segments.<\\\/p>\"}},{\"@type\":\"Question\",\"name\":\"Quins s\\u00f3n els temps de tall?\",\"acceptedAnswer\":{\"@type\":\"Answer\",\"text\":\"<p>En el seg\\u00fcent <a href=\\\"https:\\\/\\\/www.triathlon.barcelona\\\/atletes\\\/informacio-prova\\\/reglament\\\/\\\"><strong>enlla\\u00e7<\\\/strong><\\\/a> trobar\\u00e0s la informaci\\u00f3.<\\\/p>\"}},{\"@type\":\"Question\",\"name\":\"Qu\\u00e8 he de fer si supero els temps de tall?\",\"acceptedAnswer\":{\"@type\":\"Answer\",\"text\":\"<p>L\\u2019organitzaci\\u00f3 disposar\\u00e0 de vehicles que podran recollir els i les triatletes que es retirin o estiguin fora de cursa. L\\u2019organitzaci\\u00f3 els retirar\\u00e0 el dorsal i ser\\u00e0 opci\\u00f3 del i la participant utilitzar el vehicle per transportar-lo a la zona d\\u2019arribada. En cas de no utilitzar aquest servei ser\\u00e0 la seva pr\\u00f2pia responsabilitat sense protecci\\u00f3 de l\\u2019organitzaci\\u00f3 i dels cossos policials.<\\\/p>\"}},{\"@type\":\"Question\",\"name\":\"Puc entrar a meta amb acompanyants?\",\"acceptedAnswer\":{\"@type\":\"Answer\",\"text\":\"<p>S\\u00ed, 100 metres abans de l\\u2019arribada hi haur\\u00e0 un Meeting point per familiars o acompanyants que desitgin creuar la l\\u00ednia d\\u2019arribada juntament amb el o la triatleta. Obligat\\u00f2riament els i les acompanyants hauran d\\u2019abandonar el recinte un cop creuada l\\u2019arribada.<\\\/p>\"}}]}<\/script>\n\t\t\t\t\t<\/div>\n\t\t\t\t\t\t<\/div>\n\t\t\t\t<\/div>\n\t\t\t\t\t<\/div>\n\t\t<\/div>\n\t\t\t\t\t<\/div>\n\t\t<\/section>\n\t\t\t\t<\/div>\n\t\t","protected":false},"excerpt":{"rendered":"<p>Preguntes Freq\u00fcents PR\u00d2XIMAMENT INSCRIPCIONS On em puc inscriure? En el seg\u00fcent enlla\u00e7 podr\u00e0 formalitzar la teva inscripci\u00f3. Quan finalitza el termini d\u2019inscripci\u00f3? L\u2019\u00faltim dimecres abans de la prova o quan s\u2019arribi al l\u00edmit de participants establert per cadascuna de les dist\u00e0ncies. En qu\u00e8 consisteix la modalitat de relleus? Els equips de relleus estan integrats per 2 o 3 persones, les quals cadascuna d\u2019elles realitza un dels segments del triatl\u00f3. En el cas de 2 components, un d\u2019ells haur\u00e0 de realitzar 2 segments, ja sigui nataci\u00f3 \u2013 cursa peu, nataci\u00f3 \u2013 bici o bici \u2013 cursa peu. Cada equip de relleus disposar\u00e0 d\u2019un casquet de nataci\u00f3, un xip, un dorsal i 3 polseres acreditatives (una per cada membre) El o la testimoni s\u2019entrega donant el xip i el dorsal al company\/a. Des de l\u2019inici de la competici\u00f3 fins a creuar la l\u00ednia d\u2019arribada, el xip l\u2019ha de portar el o la membre de l\u2019equip que est\u00e0 competint, sempre col\u00b7locat en el turmell, de tal manera que el relleu es passa entregant el xip al company o companya. La recollida del dorsal i el Check In podr\u00e0 realitzar-se per un sol component de l\u2019equip, sempre i quan mostri la identificaci\u00f3: DORSALS: fotoc\u00f2pia del DNI o imatge en el tel\u00e8fon de tots els components de l\u2019equip i acreditar que tots estan federats. CHECK IN: mostrar tot el material d\u2019identificaci\u00f3 com dorsal de la bicicleta, dorsal del casc, casquet de nataci\u00f3, dorsal, polsera i xip. L\u2019acc\u00e9s a la zona de transici\u00f3 o box estar\u00e0 senyalitzat per un cartell. Durant la competici\u00f3 nom\u00e9s podr\u00e0 est\u00e0 dins el box el o la membre de l\u2019equip que far\u00e0 el seg\u00fcent relleu i ubicat en el lloc on disposen la seva bicicleta. No est\u00e0 perm\u00e8s escalfar dins aquesta \u00e0rea. Hi haur\u00e0 una classificaci\u00f3 per la categoria d\u2019equips de relleus mixtes, una altra per relleus femenins i una per relleus masculins En qu\u00e8 consisteix la modalitat de parelles? Consisteix en qu\u00e8 2 participants fan una sola inscripci\u00f3 per\u00f2 competeixen de forma individual a la prova per\u00f2 van junts en tot moment. D\u2019aquesta manera tindran una ubicaci\u00f3 correlativa a la zona de transici\u00f3 \u2013 box i podran estar sempre junts. Cadascun d\u2019ells o elles disposar\u00e0 d\u2019un dorsal, polsera i xip individual per poder fer un seguiment durant tota la prova. Si no estic federat he de contractar l\u2019asseguran\u00e7a de dia? S\u00ed, en el cas de no disposar la llic\u00e8ncia federativa en triatl\u00f3 (no val la llic\u00e8ncia en altres esports) s\u2019ha de contractar l\u2019asseguran\u00e7a de dia que proporciona l\u2019organitzaci\u00f3 en el proc\u00e9s d\u2019inscripci\u00f3 per tenir cobertura sanit\u00e0ria en cas d\u2019accident i haver d\u2019acudir a un centre hospitalari. Si un o una atleta participa sense llic\u00e8ncia federativa o de dia haur\u00e0 d\u2019assumir ell o ella mateixa les despeses hospital\u00e0ries. Qu\u00e8 he de fer si vull modificar alguna dada personal de la meva inscripci\u00f3? Pots accedir al seg\u00fcent enlla\u00e7 i modificar les teves dades de la inscripci\u00f3 f\u00e0cilment. Li puc donar la meva inscripci\u00f3 a una altra persona? No, la inscripci\u00f3 a la prova \u00e9s personal i intransferible. Hi ha una asseguran\u00e7a de cancel\u00b7laci\u00f3 opcional que es pot contractar en el proc\u00e9s d\u2019inscripci\u00f3. TRI EXPO \u2013 RECOLLIDA DEL DORSAL I XIP Qu\u00e8 \u00e9s la Tri Expo? \u00c9s la fira on l\u2019acc\u00e9s \u00e9s obert a tots els p\u00fablics, ja siguin participants, acompanyants o p\u00fablic en general. En la Tri Expo hi haur\u00e0 expositors del sector del triatl\u00f3 i de l\u2019esport i \u00e9s on els participants hauran de recollir el seu material per la competici\u00f3 i el seu obsequi. On es fa el lliurament de dorsals i obsequi del i la participant? Es fa a la Tri Expo, ubicada al CEM La Mar Bella. Qu\u00e8 em donaran en el lliurament de dorsals? L\u2019organitzaci\u00f3 facilitar\u00e0 el seg\u00fcent material: Dorsal Polsera d\u2019identificaci\u00f3 2 adhesius pel casc bicicleta (1 part frontal i l\u2019altre part esquerra) Un adhesiu per la tija del seient de la bicicleta Un adhesiu per la motxilla que vulguis deixar en el guarda-roba (sense adhesiu no la podr\u00e0s deixar) Casquet de nataci\u00f3 Imperdibles (opcional) Xip Obsequi Quina documentaci\u00f3 he de presentar per recollir el dorsal? El teu DNI o passaport. Pot recollir el meu dorsal una altra persona? S\u00ed, haur\u00e0 de mostrar una fotoc\u00f2pia del DNI o passaport o que tingui una imatge en el tel\u00e8fon. On em donaran el xip? El xip el recollir\u00e0s el mateix moment que reculls el dorsal. On he d\u2019entregar el xip? El xip l\u2019entregar\u00e0s el creuar la l\u00ednia d\u2019arribada on hi haur\u00e0 uns voluntaris que te\u2019l retiraran. \u00c9s obligatori retornar el xip, sin\u00f3 es cobrar\u00e0. ABANS DE LA PROVA Qu\u00e8 \u00e9s el Check In? \u00c9s l\u2019acc\u00e9s a l\u2019\u00e0rea de transici\u00f3 \u2013 box del i la participant amb el material que utilitzar\u00e0 exclusivament durant la prova, on els jutges fan un control que el material compleix amb el reglament de la prova. Es recomana fer el Check In el dissabte (dia abans) per evitar cues i maldecaps d\u2019\u00faltima hora. Quin material he de portar per fer el Check In? \u00danica i exclusivament el material que utilitzar\u00e0s durant la prova com el xip, casquet de nataci\u00f3, dorsal, polsera, bicicleta amb adhesiu, casc amb l\u2019adhesiu i la roba o material que far\u00e0s servir en cadascun dels segments de la prova. La resta de material que NO utilitzar\u00e0s durant la prova l\u2019has de deixar en el Guarda-roba dins una motxilla. L\u2019\u00c0rea de Transici\u00f3 t\u00e9 seguretat? S\u00ed, des del dissabte a les 10 h fins el diumenge quan finalitzi el Check Out hi haur\u00e0 personal de seguretat. On puc trobar zona d\u2019aparcament? Podr\u00e0s aparcar en els carrers que estan fora del per\u00edmetre del circuit de ciclisme de la prova. \u00c9s obligatori l\u2019\u00fas del neopr\u00e8? Possiblement el seu \u00fas ser\u00e0 opcional, per\u00f2 aix\u00f2 dep\u00e8n del reglament de la federaci\u00f3 i de la situaci\u00f3 meteorol\u00f2gica. Puc escalfar a l\u2019aigua abans de l\u2019inici de la prova? S\u00ed, podr\u00e0s escalfar a la platja de la Nova Mar Bella, ubicada a la part Nord de la platja de la Mar Bella que \u00e9s on es disputa la competici\u00f3.<\/p>\n","protected":false},"author":1,"featured_media":0,"parent":781,"menu_order":0,"comment_status":"closed","ping_status":"closed","template":"","meta":{"_monsterinsights_skip_tracking":false,"site-sidebar-layout":"no-sidebar","site-content-layout":"page-builder","ast-site-content-layout":"full-width-container","site-content-style":"unboxed","site-sidebar-style":"unboxed","ast-global-header-display":"","ast-banner-title-visibility":"","ast-main-header-display":"","ast-hfb-above-header-display":"","ast-hfb-below-header-display":"","ast-hfb-mobile-header-display":"","site-post-title":"disabled","ast-breadcrumbs-content":"","ast-featured-img":"disabled","footer-sml-layout":"","ast-disable-related-posts":"","theme-transparent-header-meta":"default","adv-header-id-meta":"","stick-header-meta":"default","header-above-stick-meta":"","header-main-stick-meta":"","header-below-stick-meta":"","astra-migrate-meta-layouts":"set","ast-page-background-enabled":"default","ast-page-background-meta":{"desktop":{"background-color":"","background-image":"","background-repeat":"repeat","background-position":"center center","background-size":"auto","background-attachment":"scroll","background-type":"","background-media":"","overlay-type":"","overlay-color":"","overlay-opacity":"","overlay-gradient":""},"tablet":{"background-color":"","background-image":"","background-repeat":"repeat","background-position":"center center","background-size":"auto","background-attachment":"scroll","background-type":"","background-media":"","overlay-type":"","overlay-color":"","overlay-opacity":"","overlay-gradient":""},"mobile":{"background-color":"","background-image":"","background-repeat":"repeat","background-position":"center center","background-size":"auto","background-attachment":"scroll","background-type":"","background-media":"","overlay-type":"","overlay-color":"","overlay-opacity":"","overlay-gradient":""}},"ast-content-background-meta":{"desktop":{"background-color":"var(--ast-global-color-5)","background-image":"","background-repeat":"repeat","background-position":"center center","background-size":"auto","background-attachment":"scroll","background-type":"","background-media":"","overlay-type":"","overlay-color":"","overlay-opacity":"","overlay-gradient":""},"tablet":{"background-color":"var(--ast-global-color-5)","background-image":"","background-repeat":"repeat","background-position":"center center","background-size":"auto","background-attachment":"scroll","background-type":"","background-media":"","overlay-type":"","overlay-color":"","overlay-opacity":"","overlay-gradient":""},"mobile":{"background-color":"var(--ast-global-color-5)","background-image":"","background-repeat":"repeat","background-position":"center center","background-size":"auto","background-attachment":"scroll","background-type":"","background-media":"","overlay-type":"","overlay-color":"","overlay-opacity":"","overlay-gradient":""}},"footnotes":""},"class_list":["post-809","page","type-page","status-publish","hentry"],"yoast_head":"<!-- This site is optimized with the Yoast SEO plugin v27.1 - https:\/\/yoast.com\/product\/yoast-seo-wordpress\/ -->\n<title>FAQS - Challenge Barcelona Triatl\u00f3<\/title>\n<meta name=\"description\" content=\"Preguntes freq\u00fcents del Challenge Barcelona Triatl\u00f3.\" \/>\n<meta name=\"robots\" content=\"index, follow, max-snippet:-1, max-image-preview:large, max-video-preview:-1\" \/>\n<link rel=\"canonical\" href=\"https:\/\/www.triathlon.barcelona\/ca\/atletes\/informacio-prova\/faqs\/\" \/>\n<meta property=\"og:locale\" content=\"ca_ES\" \/>\n<meta property=\"og:type\" content=\"article\" \/>\n<meta property=\"og:title\" content=\"FAQS - Challenge Barcelona Triatl\u00f3\" \/>\n<meta property=\"og:description\" content=\"Preguntes freq\u00fcents del Challenge Barcelona Triatl\u00f3.\" \/>\n<meta property=\"og:url\" content=\"https:\/\/www.triathlon.barcelona\/ca\/atletes\/informacio-prova\/faqs\/\" \/>\n<meta property=\"og:site_name\" content=\"Challenge Barcelona Triatl\u00f3\" \/>\n<meta property=\"article:publisher\" content=\"https:\/\/www.facebook.com\/barcelonatriathlon\" \/>\n<meta property=\"article:modified_time\" content=\"2026-08-20T12:36:34+00:00\" \/>\n<meta property=\"og:image\" content=\"https:\/\/www.triathlon.barcelona\/wp-content\/uploads\/2024\/06\/logo-challenge-barcelona.png\" \/>\n\t<meta property=\"og:image:width\" content=\"3209\" \/>\n\t<meta property=\"og:image:height\" content=\"729\" \/>\n\t<meta property=\"og:image:type\" content=\"image\/png\" \/>\n<meta name=\"twitter:card\" content=\"summary_large_image\" \/>\n<meta name=\"twitter:site\" content=\"@bcn_triathlon\" \/>\n<meta name=\"twitter:label1\" content=\"Temps estimat de lectura\" \/>\n\t<meta name=\"twitter:data1\" content=\"8 minuts\" \/>\n<script type=\"application\/ld+json\" class=\"yoast-schema-graph\">{\"@context\":\"https:\/\/schema.org\",\"@graph\":[{\"@type\":\"WebPage\",\"@id\":\"https:\/\/www.triathlon.barcelona\/ca\/atletes\/informacio-prova\/faqs\/\",\"url\":\"https:\/\/www.triathlon.barcelona\/ca\/atletes\/informacio-prova\/faqs\/\",\"name\":\"FAQS - Challenge Barcelona Triatl\u00f3\",\"isPartOf\":{\"@id\":\"https:\/\/www.triathlon.barcelona\/ca\/#website\"},\"datePublished\":\"2022-07-19T09:46:10+00:00\",\"dateModified\":\"2026-08-20T12:36:34+00:00\",\"description\":\"Preguntes freq\u00fcents del Challenge Barcelona Triatl\u00f3.\",\"breadcrumb\":{\"@id\":\"https:\/\/www.triathlon.barcelona\/ca\/atletes\/informacio-prova\/faqs\/#breadcrumb\"},\"inLanguage\":\"ca\",\"potentialAction\":[{\"@type\":\"ReadAction\",\"target\":[\"https:\/\/www.triathlon.barcelona\/ca\/atletes\/informacio-prova\/faqs\/\"]}]},{\"@type\":\"BreadcrumbList\",\"@id\":\"https:\/\/www.triathlon.barcelona\/ca\/atletes\/informacio-prova\/faqs\/#breadcrumb\",\"itemListElement\":[{\"@type\":\"ListItem\",\"position\":1,\"name\":\"Inicio\",\"item\":\"https:\/\/www.triathlon.barcelona\/ca\/\"},{\"@type\":\"ListItem\",\"position\":2,\"name\":\"Atletes\",\"item\":\"https:\/\/www.triathlon.barcelona\/ca\/atletes\/\"},{\"@type\":\"ListItem\",\"position\":3,\"name\":\"Informaci\u00f3 Prova\",\"item\":\"https:\/\/www.triathlon.barcelona\/ca\/atletas\/informacion-prueba\/\"},{\"@type\":\"ListItem\",\"position\":4,\"name\":\"FAQS\"}]},{\"@type\":\"WebSite\",\"@id\":\"https:\/\/www.triathlon.barcelona\/ca\/#website\",\"url\":\"https:\/\/www.triathlon.barcelona\/ca\/\",\"name\":\"Challenge Barcelona Triathlon\",\"description\":\"\",\"publisher\":{\"@id\":\"https:\/\/www.triathlon.barcelona\/ca\/#organization\"},\"alternateName\":\"Challenge Barcelona\",\"potentialAction\":[{\"@type\":\"SearchAction\",\"target\":{\"@type\":\"EntryPoint\",\"urlTemplate\":\"https:\/\/www.triathlon.barcelona\/ca\/?s={search_term_string}\"},\"query-input\":{\"@type\":\"PropertyValueSpecification\",\"valueRequired\":true,\"valueName\":\"search_term_string\"}}],\"inLanguage\":\"ca\"},{\"@type\":\"Organization\",\"@id\":\"https:\/\/www.triathlon.barcelona\/ca\/#organization\",\"name\":\"Challenge Barcelona Triathlon\",\"alternateName\":\"Challenge Barcelona\",\"url\":\"https:\/\/www.triathlon.barcelona\/ca\/\",\"logo\":{\"@type\":\"ImageObject\",\"inLanguage\":\"ca\",\"@id\":\"https:\/\/www.triathlon.barcelona\/ca\/#\/schema\/logo\/image\/\",\"url\":\"https:\/\/www.triathlon.barcelona\/wp-content\/uploads\/2024\/06\/logo-challenge-barcelona.png\",\"contentUrl\":\"https:\/\/www.triathlon.barcelona\/wp-content\/uploads\/2024\/06\/logo-challenge-barcelona.png\",\"width\":3209,\"height\":729,\"caption\":\"Challenge Barcelona Triathlon\"},\"image\":{\"@id\":\"https:\/\/www.triathlon.barcelona\/ca\/#\/schema\/logo\/image\/\"},\"sameAs\":[\"https:\/\/www.facebook.com\/barcelonatriathlon\",\"https:\/\/x.com\/bcn_triathlon\",\"https:\/\/www.instagram.com\/barcelonatriathlon\/\"]}]}<\/script>\n<!-- \/ Yoast SEO plugin. -->","yoast_head_json":{"title":"FAQS - Challenge Barcelona Triatl\u00f3","description":"Preguntes freq\u00fcents del Challenge Barcelona Triatl\u00f3.","robots":{"index":"index","follow":"follow","max-snippet":"max-snippet:-1","max-image-preview":"max-image-preview:large","max-video-preview":"max-video-preview:-1"},"canonical":"https:\/\/www.triathlon.barcelona\/ca\/atletes\/informacio-prova\/faqs\/","og_locale":"ca_ES","og_type":"article","og_title":"FAQS - Challenge Barcelona Triatl\u00f3","og_description":"Preguntes freq\u00fcents del Challenge Barcelona Triatl\u00f3.","og_url":"https:\/\/www.triathlon.barcelona\/ca\/atletes\/informacio-prova\/faqs\/","og_site_name":"Challenge Barcelona Triatl\u00f3","article_publisher":"https:\/\/www.facebook.com\/barcelonatriathlon","article_modified_time":"2026-08-20T12:36:34+00:00","og_image":[{"width":3209,"height":729,"url":"https:\/\/www.triathlon.barcelona\/wp-content\/uploads\/2024\/06\/logo-challenge-barcelona.png","type":"image\/png"}],"twitter_card":"summary_large_image","twitter_site":"@bcn_triathlon","twitter_misc":{"Temps estimat de lectura":"8 minuts"},"schema":{"@context":"https:\/\/schema.org","@graph":[{"@type":"WebPage","@id":"https:\/\/www.triathlon.barcelona\/ca\/atletes\/informacio-prova\/faqs\/","url":"https:\/\/www.triathlon.barcelona\/ca\/atletes\/informacio-prova\/faqs\/","name":"FAQS - Challenge Barcelona Triatl\u00f3","isPartOf":{"@id":"https:\/\/www.triathlon.barcelona\/ca\/#website"},"datePublished":"2022-07-19T09:46:10+00:00","dateModified":"2026-08-20T12:36:34+00:00","description":"Preguntes freq\u00fcents del Challenge Barcelona Triatl\u00f3.","breadcrumb":{"@id":"https:\/\/www.triathlon.barcelona\/ca\/atletes\/informacio-prova\/faqs\/#breadcrumb"},"inLanguage":"ca","potentialAction":[{"@type":"ReadAction","target":["https:\/\/www.triathlon.barcelona\/ca\/atletes\/informacio-prova\/faqs\/"]}]},{"@type":"BreadcrumbList","@id":"https:\/\/www.triathlon.barcelona\/ca\/atletes\/informacio-prova\/faqs\/#breadcrumb","itemListElement":[{"@type":"ListItem","position":1,"name":"Inicio","item":"https:\/\/www.triathlon.barcelona\/ca\/"},{"@type":"ListItem","position":2,"name":"Atletes","item":"https:\/\/www.triathlon.barcelona\/ca\/atletes\/"},{"@type":"ListItem","position":3,"name":"Informaci\u00f3 Prova","item":"https:\/\/www.triathlon.barcelona\/ca\/atletas\/informacion-prueba\/"},{"@type":"ListItem","position":4,"name":"FAQS"}]},{"@type":"WebSite","@id":"https:\/\/www.triathlon.barcelona\/ca\/#website","url":"https:\/\/www.triathlon.barcelona\/ca\/","name":"Challenge Barcelona Triathlon","description":"","publisher":{"@id":"https:\/\/www.triathlon.barcelona\/ca\/#organization"},"alternateName":"Challenge Barcelona","potentialAction":[{"@type":"SearchAction","target":{"@type":"EntryPoint","urlTemplate":"https:\/\/www.triathlon.barcelona\/ca\/?s={search_term_string}"},"query-input":{"@type":"PropertyValueSpecification","valueRequired":true,"valueName":"search_term_string"}}],"inLanguage":"ca"},{"@type":"Organization","@id":"https:\/\/www.triathlon.barcelona\/ca\/#organization","name":"Challenge Barcelona Triathlon","alternateName":"Challenge Barcelona","url":"https:\/\/www.triathlon.barcelona\/ca\/","logo":{"@type":"ImageObject","inLanguage":"ca","@id":"https:\/\/www.triathlon.barcelona\/ca\/#\/schema\/logo\/image\/","url":"https:\/\/www.triathlon.barcelona\/wp-content\/uploads\/2024\/06\/logo-challenge-barcelona.png","contentUrl":"https:\/\/www.triathlon.barcelona\/wp-content\/uploads\/2024\/06\/logo-challenge-barcelona.png","width":3209,"height":729,"caption":"Challenge Barcelona Triathlon"},"image":{"@id":"https:\/\/www.triathlon.barcelona\/ca\/#\/schema\/logo\/image\/"},"sameAs":["https:\/\/www.facebook.com\/barcelonatriathlon","https:\/\/x.com\/bcn_triathlon","https:\/\/www.instagram.com\/barcelonatriathlon\/"]}]}},"_links":{"self":[{"href":"https:\/\/www.triathlon.barcelona\/ca\/wp-json\/wp\/v2\/pages\/809","targetHints":{"allow":["GET"]}}],"collection":[{"href":"https:\/\/www.triathlon.barcelona\/ca\/wp-json\/wp\/v2\/pages"}],"about":[{"href":"https:\/\/www.triathlon.barcelona\/ca\/wp-json\/wp\/v2\/types\/page"}],"author":[{"embeddable":true,"href":"https:\/\/www.triathlon.barcelona\/ca\/wp-json\/wp\/v2\/users\/1"}],"replies":[{"embeddable":true,"href":"https:\/\/www.triathlon.barcelona\/ca\/wp-json\/wp\/v2\/comments?post=809"}],"version-history":[{"count":13,"href":"https:\/\/www.triathlon.barcelona\/ca\/wp-json\/wp\/v2\/pages\/809\/revisions"}],"predecessor-version":[{"id":12535,"href":"https:\/\/www.triathlon.barcelona\/ca\/wp-json\/wp\/v2\/pages\/809\/revisions\/12535"}],"up":[{"embeddable":true,"href":"https:\/\/www.triathlon.barcelona\/ca\/wp-json\/wp\/v2\/pages\/781"}],"wp:attachment":[{"href":"https:\/\/www.triathlon.barcelona\/ca\/wp-json\/wp\/v2\/media?parent=809"}],"curies":[{"name":"wp","href":"https:\/\/api.w.org\/{rel}","templated":true}]}}