{"id":821,"date":"2022-07-19T12:23:06","date_gmt":"2022-07-19T10:23:06","guid":{"rendered":"https:\/\/www.triathlon.barcelona\/?page_id=821"},"modified":"2026-08-20T14:53:22","modified_gmt":"2026-08-20T12:53:22","slug":"programa","status":"publish","type":"page","link":"https:\/\/www.triathlon.barcelona\/ca\/espectadors\/programa\/","title":{"rendered":"Programa"},"content":{"rendered":"\t\t<div data-elementor-type=\"wp-post\" data-elementor-id=\"821\" class=\"elementor elementor-821\" data-elementor-settings=\"{&quot;ha_cmc_init_switcher&quot;:&quot;no&quot;}\">\n\t\t\t\t\t\t<section class=\"elementor-section elementor-top-section elementor-element elementor-element-d7d8b56 elementor-section-boxed elementor-section-height-default elementor-section-height-default wpr-particle-no wpr-jarallax-no wpr-parallax-no wpr-sticky-section-no wpr-column-slider-no wpr-equal-height-no\" data-id=\"d7d8b56\" data-element_type=\"section\" data-e-type=\"section\" data-settings=\"{&quot;background_background&quot;:&quot;classic&quot;,&quot;_ha_eqh_enable&quot;:false}\">\n\t\t\t\t\t\t\t<div class=\"elementor-background-overlay\"><\/div>\n\t\t\t\t\t\t\t<div class=\"elementor-container elementor-column-gap-default\">\n\t\t\t\t\t<div class=\"elementor-column elementor-col-100 elementor-top-column elementor-element elementor-element-fd69444\" data-id=\"fd69444\" data-element_type=\"column\" data-e-type=\"column\">\n\t\t\t<div class=\"elementor-widget-wrap elementor-element-populated\">\n\t\t\t\t\t\t<div class=\"elementor-element elementor-element-abcc2f2 elementor-invisible elementor-widget elementor-widget-heading\" data-id=\"abcc2f2\" data-element_type=\"widget\" data-e-type=\"widget\" data-settings=\"{&quot;_animation&quot;:&quot;fadeIn&quot;}\" data-widget_type=\"heading.default\">\n\t\t\t\t<div class=\"elementor-widget-container\">\n\t\t\t\t\t<h1 class=\"elementor-heading-title elementor-size-default\">Programa<\/h1>\t\t\t\t<\/div>\n\t\t\t\t<\/div>\n\t\t\t\t<div class=\"elementor-element elementor-element-8a7f2f1 elementor-widget-divider--view-line_icon elementor-widget-divider--element-align-right elementor-view-default elementor-invisible elementor-widget elementor-widget-divider\" data-id=\"8a7f2f1\" data-element_type=\"widget\" data-e-type=\"widget\" data-settings=\"{&quot;_animation&quot;:&quot;bounceInLeft&quot;,&quot;_animation_delay&quot;:100}\" data-widget_type=\"divider.default\">\n\t\t\t\t<div class=\"elementor-widget-container\">\n\t\t\t\t\t\t\t<div class=\"elementor-divider\">\n\t\t\t<span class=\"elementor-divider-separator\">\n\t\t\t\t\t\t\t<div class=\"elementor-icon elementor-divider__element\">\n\t\t\t\t\t<i aria-hidden=\"true\" class=\"fas fa-circle\"><\/i><\/div>\n\t\t\t\t\t\t<\/span>\n\t\t<\/div>\n\t\t\t\t\t\t<\/div>\n\t\t\t\t<\/div>\n\t\t\t\t\t<\/div>\n\t\t<\/div>\n\t\t\t\t\t<\/div>\n\t\t<\/section>\n\t\t\t\t<section class=\"elementor-section elementor-top-section elementor-element elementor-element-2fc8350 elementor-hidden-desktop elementor-hidden-tablet elementor-hidden-mobile elementor-section-boxed elementor-section-height-default elementor-section-height-default wpr-particle-no wpr-jarallax-no wpr-parallax-no wpr-sticky-section-no wpr-column-slider-no wpr-equal-height-no\" data-id=\"2fc8350\" data-element_type=\"section\" data-e-type=\"section\" data-settings=\"{&quot;_ha_eqh_enable&quot;:false}\">\n\t\t\t\t\t\t<div class=\"elementor-container elementor-column-gap-default\">\n\t\t\t\t\t<div class=\"elementor-column elementor-col-100 elementor-top-column elementor-element elementor-element-9bf1776\" data-id=\"9bf1776\" data-element_type=\"column\" data-e-type=\"column\">\n\t\t\t<div class=\"elementor-widget-wrap elementor-element-populated\">\n\t\t\t\t\t\t<div class=\"elementor-element elementor-element-4b3349f elementor-invisible elementor-widget elementor-widget-heading\" data-id=\"4b3349f\" data-element_type=\"widget\" data-e-type=\"widget\" data-settings=\"{&quot;_animation&quot;:&quot;fadeIn&quot;,&quot;_animation_delay&quot;:200}\" data-widget_type=\"heading.default\">\n\t\t\t\t<div class=\"elementor-widget-container\">\n\t\t\t\t\t<h2 class=\"elementor-heading-title elementor-size-default\">PR\u00d2XIMAMENT<\/h2>\t\t\t\t<\/div>\n\t\t\t\t<\/div>\n\t\t\t\t\t<\/div>\n\t\t<\/div>\n\t\t\t\t\t<\/div>\n\t\t<\/section>\n\t\t\t\t<section class=\"elementor-section elementor-top-section elementor-element elementor-element-c9d084e elementor-section-boxed elementor-section-height-default elementor-section-height-default wpr-particle-no wpr-jarallax-no wpr-parallax-no wpr-sticky-section-no wpr-column-slider-no wpr-equal-height-no\" data-id=\"c9d084e\" data-element_type=\"section\" data-e-type=\"section\" data-settings=\"{&quot;_ha_eqh_enable&quot;:false}\">\n\t\t\t\t\t\t<div class=\"elementor-container elementor-column-gap-default\">\n\t\t\t\t\t<div class=\"elementor-column elementor-col-100 elementor-top-column elementor-element elementor-element-d5577d8\" data-id=\"d5577d8\" data-element_type=\"column\" data-e-type=\"column\">\n\t\t\t<div class=\"elementor-widget-wrap elementor-element-populated\">\n\t\t\t\t\t\t<div class=\"elementor-element elementor-element-22dca1e elementor-invisible elementor-widget elementor-widget-heading\" data-id=\"22dca1e\" data-element_type=\"widget\" data-e-type=\"widget\" data-settings=\"{&quot;_animation&quot;:&quot;fadeIn&quot;,&quot;_animation_delay&quot;:400}\" data-widget_type=\"heading.default\">\n\t\t\t\t<div class=\"elementor-widget-container\">\n\t\t\t\t\t<h2 class=\"elementor-heading-title elementor-size-default\">DIvendres 23 D'OCTUBRE<\/h2>\t\t\t\t<\/div>\n\t\t\t\t<\/div>\n\t\t\t\t<div class=\"elementor-element elementor-element-f2b06c0 elementor-invisible elementor-widget elementor-widget-eael-advanced-data-table\" data-id=\"f2b06c0\" data-element_type=\"widget\" data-e-type=\"widget\" data-settings=\"{&quot;_animation&quot;:&quot;fadeIn&quot;,&quot;_animation_delay&quot;:200}\" data-widget_type=\"eael-advanced-data-table.default\">\n\t\t\t\t<div class=\"elementor-widget-container\">\n\t\t\t\t\t<div class=\"ea-advanced-data-table-wrap\" data-id=\"f2b06c0\"><div class=\"ea-advanced-data-table-wrap-inner\">\n                <table class=\"ea-advanced-data-table ea-advanced-data-table-static ea-advanced-data-table-f2b06c0\" data-id=\"f2b06c0\"><thead><tr><th><p>HORA<\/p><\/th><th><p>ACTIVITAT<\/p><\/th><th><p>LOCALITZACI\u00d3<\/p><\/th><\/tr><\/thead><tbody><tr><td><p>15:00 - 19:00<\/p><\/td><td><p>Obertura TRI EXPO<\/p><\/td><td><p><a href=\"https:\/\/maps.app.goo.gl\/J1MpV2cPVe8cm9UYA\" target=\"_blank\"><strong>Pavell\u00f3 de la Mar Bella<\/strong><\/a><\/p><\/td><\/tr><tr><td><p>15:00 - 19:00<\/p><\/td><td><p>Recollida de dorsals<\/p><\/td><td><p><br><\/p><\/td><\/tr><tr><td><p>15:00 - 19:00<\/p><\/td><td><p>Lliurament de dorsals<\/p><\/td><td><p><br><\/p><\/td><\/tr><\/tbody><\/table>\n            <\/div><\/div>\t\t\t\t<\/div>\n\t\t\t\t<\/div>\n\t\t\t\t<div class=\"elementor-element elementor-element-67b567d elementor-invisible elementor-widget elementor-widget-heading\" data-id=\"67b567d\" data-element_type=\"widget\" data-e-type=\"widget\" data-settings=\"{&quot;_animation&quot;:&quot;fadeIn&quot;,&quot;_animation_delay&quot;:400}\" data-widget_type=\"heading.default\">\n\t\t\t\t<div class=\"elementor-widget-container\">\n\t\t\t\t\t<h2 class=\"elementor-heading-title elementor-size-default\">DIssabte 24 D'OCTUBRE<\/h2>\t\t\t\t<\/div>\n\t\t\t\t<\/div>\n\t\t\t\t<div class=\"elementor-element elementor-element-66896c3 elementor-invisible elementor-widget elementor-widget-eael-advanced-data-table\" data-id=\"66896c3\" data-element_type=\"widget\" data-e-type=\"widget\" data-settings=\"{&quot;_animation&quot;:&quot;fadeIn&quot;,&quot;_animation_delay&quot;:200}\" data-widget_type=\"eael-advanced-data-table.default\">\n\t\t\t\t<div class=\"elementor-widget-container\">\n\t\t\t\t\t<div class=\"ea-advanced-data-table-wrap\" data-id=\"66896c3\"><div class=\"ea-advanced-data-table-wrap-inner\">\n                <table class=\"ea-advanced-data-table ea-advanced-data-table-static ea-advanced-data-table-66896c3\" data-id=\"66896c3\"><thead><tr><th><p>HORA <\/p><\/th><th><p>ACTIVITAT<\/p><\/th><th><p>LOCALITZACI\u00d3<\/p><\/th><\/tr><\/thead><tbody><tr><td><p>09:00 - 18:00<\/p><\/td><td><p>Obertura TRI EXPO<\/p><\/td><td><p><a href=\"https:\/\/maps.app.goo.gl\/FaWzahMzaP7KaGNo7\" target=\"_blank\"><strong>Pavell\u00f3 de la Mar Bella<\/strong><\/a><\/p><\/td><\/tr><tr><td><p>09:00 - 19:00<\/p><\/td><td><p>Check In (acc\u00e9s bicicleta i material participant)<\/p><\/td><td><p><br><\/p><\/td><\/tr><tr><td><p>09:00<\/p><\/td><td><p>Check In Aquatl\u00f3<\/p><\/td><td><\/td><\/tr><tr><td><p>10:00<\/p><\/td><td><p>1\u00aa Sortida \u2013 AQUATL\u00d3<\/p><\/td><td><p><br><\/p><\/td><\/tr><tr><td><p>10:15<\/p><\/td><td><p>2\u00aa Sortida \u2013 Open Water 1.900m<\/p><\/td><td><p><br><\/p><\/td><\/tr><tr><td><p>10:30<\/p><\/td><td><p>3\u00aa Sortida \u2013 Open Water 3.800m<\/p><\/td><td><p><br><\/p><\/td><\/tr><tr><td><p>11:30<\/p><\/td><td><p>Reuni\u00f3 t\u00e8cnica atletes PRO (Castell\u00e0)<\/p><\/td><td><p><br><\/p><\/td><\/tr><tr><td><p>12:00<\/p><\/td><td><p>Reuni\u00f3 t\u00e8cnica atletes PRO (Angl\u00e8s)<\/p><\/td><td><p><br><\/p><\/td><\/tr><\/tbody><\/table>\n            <\/div><\/div>\t\t\t\t<\/div>\n\t\t\t\t<\/div>\n\t\t\t\t<div class=\"elementor-element elementor-element-256ffff elementor-invisible elementor-widget elementor-widget-heading\" data-id=\"256ffff\" data-element_type=\"widget\" data-e-type=\"widget\" data-settings=\"{&quot;_animation&quot;:&quot;fadeIn&quot;,&quot;_animation_delay&quot;:400}\" data-widget_type=\"heading.default\">\n\t\t\t\t<div class=\"elementor-widget-container\">\n\t\t\t\t\t<h2 class=\"elementor-heading-title elementor-size-default\">diumenge 25 d'octubre<\/h2>\t\t\t\t<\/div>\n\t\t\t\t<\/div>\n\t\t\t\t<div class=\"elementor-element elementor-element-a42a7ce elementor-invisible elementor-widget elementor-widget-eael-advanced-data-table\" data-id=\"a42a7ce\" data-element_type=\"widget\" data-e-type=\"widget\" data-settings=\"{&quot;_animation&quot;:&quot;fadeIn&quot;,&quot;_animation_delay&quot;:200}\" data-widget_type=\"eael-advanced-data-table.default\">\n\t\t\t\t<div class=\"elementor-widget-container\">\n\t\t\t\t\t<div class=\"ea-advanced-data-table-wrap\" data-id=\"a42a7ce\"><div class=\"ea-advanced-data-table-wrap-inner\">\n                <table class=\"ea-advanced-data-table ea-advanced-data-table-static ea-advanced-data-table-a42a7ce\" data-id=\"a42a7ce\"><thead><tr><th style=\"width: 160px\"><p>HORA<\/p><\/th><th><p>ACTIVITAT<\/p><\/th><th><p>LOCALITZACI\u00d3<\/p><\/th><\/tr><\/thead><tbody><tr><td><p>06:30 - 09:30<\/p><\/td><td><p>Obertura Bike Park<\/p><\/td><td><p><a href=\"https:\/\/maps.app.goo.gl\/VPZe5yNBSprK4um59\" target=\"_blank\"><strong>Pistes d\u2019atletisme CEM Marbella<\/strong><\/a><\/p><\/td><\/tr><tr><td><p>07:50<\/p><\/td><td><p><strong>1\u00aa Sortida \u2013 ELIT MASCULINA \u2013 Dist\u00e0ncia Middle<\/strong><\/p><\/td><td><p><br><\/p><\/td><\/tr><tr><td><p>07:52<\/p><\/td><td><p><strong>2\u00aa Sortida \u2013 ELIT FEMENINA \u2013 Dist\u00e0ncia Middle<\/strong><\/p><\/td><td><p><br><\/p><\/td><\/tr><tr><td><p>07:55<\/p><\/td><td><p><strong>3\u00aa Sortida \u2013 GGEE + RELLEUS \u2013 Dist\u00e0ncia Middle \u2013 Rolling Start<\/strong><\/p><\/td><td><p><br><\/p><\/td><\/tr><tr><td><p>09:15<\/p><\/td><td><p><strong>4\u00aa Sortida \u2013 FEDERATS + RELLEUS + PARELLES \u2013 Dist\u00e0ncia SPRINT<\/strong><\/p><\/td><td><p><br><\/p><\/td><\/tr><tr><td><p>09:16<\/p><\/td><td><p><strong>5\u00aa Sortida \u2013 NO FEDERATS IND. \u2013 Dist\u00e0ncia SPRINT \u2013 Rolling Start<\/strong><\/p><\/td><td><p><br><\/p><\/td><\/tr><tr><td><p>10:20<\/p><\/td><td><p><strong>6\u00aa Sortida \u2013 JUNIOR CHALLENGE (12 a 17 anys \u2013 2009 al 2014)<\/strong><\/p><\/td><td><p><br><\/p><\/td><\/tr><tr><td><p>10:30<\/p><\/td><td><p><strong>Lliurament de Premis \u2013 SPRINT<\/strong><\/p><\/td><td><p><br><\/p><\/td><\/tr><tr><td><p>10:40<\/p><\/td><td><p><strong>7\u00aa Sortida \u2013 FEDERATS + RELLEUS + PARELLES \u2013 Dist\u00e0ncia OL\u00cdMPIC<\/strong><\/p><\/td><td><p><br><\/p><\/td><\/tr><tr><td><p>10:41<\/p><\/td><td><p><strong>8\u00aa Sortida \u2013 NO FEDERATS IND. \u2013 Dist\u00e0ncia OL\u00cdMPIC \u2013 Rolling Start<\/strong><\/p><\/td><td><p><br><\/p><\/td><\/tr><tr><td><p>12:00<\/p><\/td><td><p><strong>Lliurament de Premis \u2013 Dist\u00e0ncia Middle (Elit)<\/strong><\/p><\/td><td><p><br><\/p><\/td><\/tr><tr><td><p>14:00<\/p><\/td><td><p><strong>Lliurament de Premis \u2013 Dist\u00e0ncia Middle (GGEE) + OL\u00cdMPIC<\/strong><\/p><\/td><td><p><br><\/p><\/td><\/tr><tr><td><p>10:00 - 17:00<\/p><\/td><td><p>Check Out<\/p><\/td><td><p><br><\/p><\/td><\/tr><\/tbody><\/table>\n            <\/div><\/div>\t\t\t\t<\/div>\n\t\t\t\t<\/div>\n\t\t\t\t<div class=\"elementor-element elementor-element-b93fc2c elementor-view-default elementor-position-block-start elementor-mobile-position-block-start ha-has-bg-overlay elementor-invisible elementor-widget elementor-widget-icon-box\" data-id=\"b93fc2c\" data-element_type=\"widget\" data-e-type=\"widget\" data-settings=\"{&quot;_animation&quot;:&quot;bounceIn&quot;}\" data-widget_type=\"icon-box.default\">\n\t\t\t\t<div class=\"elementor-widget-container\">\n\t\t\t\t\t\t\t<div class=\"elementor-icon-box-wrapper\">\n\n\t\t\t\t\t\t<div class=\"elementor-icon-box-icon\">\n\t\t\t\t<span  class=\"elementor-icon elementor-animation-pulse-grow\">\n\t\t\t\t<i aria-hidden=\"true\" class=\"hm hm-info\"><\/i>\t\t\t\t<\/span>\n\t\t\t<\/div>\n\t\t\t\n\t\t\t\t\t\t<div class=\"elementor-icon-box-content\">\n\n\t\t\t\t\t\t\t\t\t<h3 class=\"elementor-icon-box-title\">\n\t\t\t\t\t\t<span  >\n\t\t\t\t\t\t\tMOLT IMPORTANT\t\t\t\t\t\t<\/span>\n\t\t\t\t\t<\/h3>\n\t\t\t\t\n\t\t\t\t\t\t\t\t\t<p class=\"elementor-icon-box-description\">\n\t\t\t\t\t\tEl diumenge no es podr\u00e0 recollir el dorsal.\n<br>\nEl CHECK-IN de bicis s\u2019haur\u00e0 de fer dissabte. Nom\u00e9s en casos excepcionals es podran entrar les bicis diumenge.\n<br>\n\nA la matinada de diumenge hi ha canvi d\u2019hora, a les 3:00 seran les 2:00. Podr\u00e0s descansar 1 hora m\u00e9s!\t\t\t\t\t<\/p>\n\t\t\t\t\n\t\t\t<\/div>\n\t\t\t\n\t\t<\/div>\n\t\t\t\t\t\t<\/div>\n\t\t\t\t<\/div>\n\t\t\t\t\t<\/div>\n\t\t<\/div>\n\t\t\t\t\t<\/div>\n\t\t<\/section>\n\t\t\t\t<\/div>\n\t\t","protected":false},"excerpt":{"rendered":"<p>Programa PR\u00d2XIMAMENT DIvendres 23 D&#8217;OCTUBRE HORA ACTIVITAT LOCALITZACI\u00d3 15:00 &#8211; 19:00 Obertura TRI EXPO Pavell\u00f3 de la Mar Bella 15:00 &#8211; 19:00 Recollida de dorsals 15:00 &#8211; 19:00 Lliurament de dorsals DIssabte 24 D&#8217;OCTUBRE HORA ACTIVITAT LOCALITZACI\u00d3 09:00 &#8211; 18:00 Obertura TRI EXPO Pavell\u00f3 de la Mar Bella 09:00 &#8211; 19:00 Check In (acc\u00e9s bicicleta i material participant) 09:00 Check In Aquatl\u00f3 10:00 1\u00aa Sortida \u2013 AQUATL\u00d3 10:15 2\u00aa Sortida \u2013 Open Water 1.900m 10:30 3\u00aa Sortida \u2013 Open Water 3.800m 11:30 Reuni\u00f3 t\u00e8cnica atletes PRO (Castell\u00e0) 12:00 Reuni\u00f3 t\u00e8cnica atletes PRO (Angl\u00e8s) diumenge 25 d&#8217;octubre HORA ACTIVITAT LOCALITZACI\u00d3 06:30 &#8211; 09:30 Obertura Bike Park Pistes d\u2019atletisme CEM Marbella 07:50 1\u00aa Sortida \u2013 ELIT MASCULINA \u2013 Dist\u00e0ncia Middle 07:52 2\u00aa Sortida \u2013 ELIT FEMENINA \u2013 Dist\u00e0ncia Middle 07:55 3\u00aa Sortida \u2013 GGEE + RELLEUS \u2013 Dist\u00e0ncia Middle \u2013 Rolling Start 09:15 4\u00aa Sortida \u2013 FEDERATS + RELLEUS + PARELLES \u2013 Dist\u00e0ncia SPRINT 09:16 5\u00aa Sortida \u2013 NO FEDERATS IND. \u2013 Dist\u00e0ncia SPRINT \u2013 Rolling Start 10:20 6\u00aa Sortida \u2013 JUNIOR CHALLENGE (12 a 17 anys \u2013 2009 al 2014) 10:30 Lliurament de Premis \u2013 SPRINT 10:40 7\u00aa Sortida \u2013 FEDERATS + RELLEUS + PARELLES \u2013 Dist\u00e0ncia OL\u00cdMPIC 10:41 8\u00aa Sortida \u2013 NO FEDERATS IND. \u2013 Dist\u00e0ncia OL\u00cdMPIC \u2013 Rolling Start 12:00 Lliurament de Premis \u2013 Dist\u00e0ncia Middle (Elit) 14:00 Lliurament de Premis \u2013 Dist\u00e0ncia Middle (GGEE) + OL\u00cdMPIC 10:00 &#8211; 17:00 Check Out MOLT IMPORTANT El diumenge no es podr\u00e0 recollir el dorsal. El CHECK-IN de bicis s\u2019haur\u00e0 de fer dissabte. Nom\u00e9s en casos excepcionals es podran entrar les bicis diumenge. A la matinada de diumenge hi ha canvi d\u2019hora, a les 3:00 seran les 2:00. Podr\u00e0s descansar 1 hora m\u00e9s!<\/p>\n","protected":false},"author":1,"featured_media":0,"parent":819,"menu_order":0,"comment_status":"closed","ping_status":"closed","template":"","meta":{"_monsterinsights_skip_tracking":false,"site-sidebar-layout":"no-sidebar","site-content-layout":"page-builder","ast-site-content-layout":"full-width-container","site-content-style":"unboxed","site-sidebar-style":"unboxed","ast-global-header-display":"","ast-banner-title-visibility":"","ast-main-header-display":"","ast-hfb-above-header-display":"","ast-hfb-below-header-display":"","ast-hfb-mobile-header-display":"","site-post-title":"disabled","ast-breadcrumbs-content":"","ast-featured-img":"disabled","footer-sml-layout":"","ast-disable-related-posts":"","theme-transparent-header-meta":"default","adv-header-id-meta":"","stick-header-meta":"default","header-above-stick-meta":"","header-main-stick-meta":"","header-below-stick-meta":"","astra-migrate-meta-layouts":"set","ast-page-background-enabled":"default","ast-page-background-meta":{"desktop":{"background-color":"","background-image":"","background-repeat":"repeat","background-position":"center center","background-size":"auto","background-attachment":"scroll","background-type":"","background-media":"","overlay-type":"","overlay-color":"","overlay-opacity":"","overlay-gradient":""},"tablet":{"background-color":"","background-image":"","background-repeat":"repeat","background-position":"center center","background-size":"auto","background-attachment":"scroll","background-type":"","background-media":"","overlay-type":"","overlay-color":"","overlay-opacity":"","overlay-gradient":""},"mobile":{"background-color":"","background-image":"","background-repeat":"repeat","background-position":"center center","background-size":"auto","background-attachment":"scroll","background-type":"","background-media":"","overlay-type":"","overlay-color":"","overlay-opacity":"","overlay-gradient":""}},"ast-content-background-meta":{"desktop":{"background-color":"var(--ast-global-color-5)","background-image":"","background-repeat":"repeat","background-position":"center center","background-size":"auto","background-attachment":"scroll","background-type":"","background-media":"","overlay-type":"","overlay-color":"","overlay-opacity":"","overlay-gradient":""},"tablet":{"background-color":"var(--ast-global-color-5)","background-image":"","background-repeat":"repeat","background-position":"center center","background-size":"auto","background-attachment":"scroll","background-type":"","background-media":"","overlay-type":"","overlay-color":"","overlay-opacity":"","overlay-gradient":""},"mobile":{"background-color":"var(--ast-global-color-5)","background-image":"","background-repeat":"repeat","background-position":"center center","background-size":"auto","background-attachment":"scroll","background-type":"","background-media":"","overlay-type":"","overlay-color":"","overlay-opacity":"","overlay-gradient":""}},"footnotes":""},"class_list":["post-821","page","type-page","status-publish","hentry"],"yoast_head":"<!-- This site is optimized with the Yoast SEO plugin v27.1 - https:\/\/yoast.com\/product\/yoast-seo-wordpress\/ -->\n<title>Programa - Challenge Barcelona Triatl\u00f3<\/title>\n<meta name=\"description\" content=\"Mira el programa i no et perdis cap detall del Challenge Barcelona Triatl\u00f3.\" \/>\n<meta name=\"robots\" content=\"index, follow, max-snippet:-1, max-image-preview:large, max-video-preview:-1\" \/>\n<link rel=\"canonical\" href=\"https:\/\/www.triathlon.barcelona\/ca\/espectadors\/programa\/\" \/>\n<meta property=\"og:locale\" content=\"ca_ES\" \/>\n<meta property=\"og:type\" content=\"article\" \/>\n<meta property=\"og:title\" content=\"Programa - Challenge Barcelona Triatl\u00f3\" \/>\n<meta property=\"og:description\" content=\"Mira el programa i no et perdis cap detall del Challenge Barcelona Triatl\u00f3.\" \/>\n<meta property=\"og:url\" content=\"https:\/\/www.triathlon.barcelona\/ca\/espectadors\/programa\/\" \/>\n<meta property=\"og:site_name\" content=\"Challenge Barcelona Triatl\u00f3\" \/>\n<meta property=\"article:publisher\" content=\"https:\/\/www.facebook.com\/barcelonatriathlon\" \/>\n<meta property=\"article:modified_time\" content=\"2026-08-20T12:53:22+00:00\" \/>\n<meta property=\"og:image\" content=\"https:\/\/www.triathlon.barcelona\/wp-content\/uploads\/2024\/06\/logo-challenge-barcelona.png\" \/>\n\t<meta property=\"og:image:width\" content=\"3209\" \/>\n\t<meta property=\"og:image:height\" content=\"729\" \/>\n\t<meta property=\"og:image:type\" content=\"image\/png\" \/>\n<meta name=\"twitter:card\" content=\"summary_large_image\" \/>\n<meta name=\"twitter:site\" content=\"@bcn_triathlon\" \/>\n<meta name=\"twitter:label1\" content=\"Temps estimat de lectura\" \/>\n\t<meta name=\"twitter:data1\" content=\"2 minuts\" \/>\n<script type=\"application\/ld+json\" class=\"yoast-schema-graph\">{\"@context\":\"https:\/\/schema.org\",\"@graph\":[{\"@type\":\"WebPage\",\"@id\":\"https:\/\/www.triathlon.barcelona\/ca\/espectadors\/programa\/\",\"url\":\"https:\/\/www.triathlon.barcelona\/ca\/espectadors\/programa\/\",\"name\":\"Programa - Challenge Barcelona Triatl\u00f3\",\"isPartOf\":{\"@id\":\"https:\/\/www.triathlon.barcelona\/ca\/#website\"},\"datePublished\":\"2022-07-19T10:23:06+00:00\",\"dateModified\":\"2026-08-20T12:53:22+00:00\",\"description\":\"Mira el programa i no et perdis cap detall del Challenge Barcelona Triatl\u00f3.\",\"breadcrumb\":{\"@id\":\"https:\/\/www.triathlon.barcelona\/ca\/espectadors\/programa\/#breadcrumb\"},\"inLanguage\":\"ca\",\"potentialAction\":[{\"@type\":\"ReadAction\",\"target\":[\"https:\/\/www.triathlon.barcelona\/ca\/espectadors\/programa\/\"]}]},{\"@type\":\"BreadcrumbList\",\"@id\":\"https:\/\/www.triathlon.barcelona\/ca\/espectadors\/programa\/#breadcrumb\",\"itemListElement\":[{\"@type\":\"ListItem\",\"position\":1,\"name\":\"Inicio\",\"item\":\"https:\/\/www.triathlon.barcelona\/ca\/\"},{\"@type\":\"ListItem\",\"position\":2,\"name\":\"Espectadors\",\"item\":\"https:\/\/www.triathlon.barcelona\/ca\/espectadores\/\"},{\"@type\":\"ListItem\",\"position\":3,\"name\":\"Programa\"}]},{\"@type\":\"WebSite\",\"@id\":\"https:\/\/www.triathlon.barcelona\/ca\/#website\",\"url\":\"https:\/\/www.triathlon.barcelona\/ca\/\",\"name\":\"Challenge Barcelona Triathlon\",\"description\":\"\",\"publisher\":{\"@id\":\"https:\/\/www.triathlon.barcelona\/ca\/#organization\"},\"alternateName\":\"Challenge Barcelona\",\"potentialAction\":[{\"@type\":\"SearchAction\",\"target\":{\"@type\":\"EntryPoint\",\"urlTemplate\":\"https:\/\/www.triathlon.barcelona\/ca\/?s={search_term_string}\"},\"query-input\":{\"@type\":\"PropertyValueSpecification\",\"valueRequired\":true,\"valueName\":\"search_term_string\"}}],\"inLanguage\":\"ca\"},{\"@type\":\"Organization\",\"@id\":\"https:\/\/www.triathlon.barcelona\/ca\/#organization\",\"name\":\"Challenge Barcelona Triathlon\",\"alternateName\":\"Challenge Barcelona\",\"url\":\"https:\/\/www.triathlon.barcelona\/ca\/\",\"logo\":{\"@type\":\"ImageObject\",\"inLanguage\":\"ca\",\"@id\":\"https:\/\/www.triathlon.barcelona\/ca\/#\/schema\/logo\/image\/\",\"url\":\"https:\/\/www.triathlon.barcelona\/wp-content\/uploads\/2024\/06\/logo-challenge-barcelona.png\",\"contentUrl\":\"https:\/\/www.triathlon.barcelona\/wp-content\/uploads\/2024\/06\/logo-challenge-barcelona.png\",\"width\":3209,\"height\":729,\"caption\":\"Challenge Barcelona Triathlon\"},\"image\":{\"@id\":\"https:\/\/www.triathlon.barcelona\/ca\/#\/schema\/logo\/image\/\"},\"sameAs\":[\"https:\/\/www.facebook.com\/barcelonatriathlon\",\"https:\/\/x.com\/bcn_triathlon\",\"https:\/\/www.instagram.com\/barcelonatriathlon\/\"]}]}<\/script>\n<!-- \/ Yoast SEO plugin. -->","yoast_head_json":{"title":"Programa - Challenge Barcelona Triatl\u00f3","description":"Mira el programa i no et perdis cap detall del Challenge Barcelona Triatl\u00f3.","robots":{"index":"index","follow":"follow","max-snippet":"max-snippet:-1","max-image-preview":"max-image-preview:large","max-video-preview":"max-video-preview:-1"},"canonical":"https:\/\/www.triathlon.barcelona\/ca\/espectadors\/programa\/","og_locale":"ca_ES","og_type":"article","og_title":"Programa - Challenge Barcelona Triatl\u00f3","og_description":"Mira el programa i no et perdis cap detall del Challenge Barcelona Triatl\u00f3.","og_url":"https:\/\/www.triathlon.barcelona\/ca\/espectadors\/programa\/","og_site_name":"Challenge Barcelona Triatl\u00f3","article_publisher":"https:\/\/www.facebook.com\/barcelonatriathlon","article_modified_time":"2026-08-20T12:53:22+00:00","og_image":[{"width":3209,"height":729,"url":"https:\/\/www.triathlon.barcelona\/wp-content\/uploads\/2024\/06\/logo-challenge-barcelona.png","type":"image\/png"}],"twitter_card":"summary_large_image","twitter_site":"@bcn_triathlon","twitter_misc":{"Temps estimat de lectura":"2 minuts"},"schema":{"@context":"https:\/\/schema.org","@graph":[{"@type":"WebPage","@id":"https:\/\/www.triathlon.barcelona\/ca\/espectadors\/programa\/","url":"https:\/\/www.triathlon.barcelona\/ca\/espectadors\/programa\/","name":"Programa - Challenge Barcelona Triatl\u00f3","isPartOf":{"@id":"https:\/\/www.triathlon.barcelona\/ca\/#website"},"datePublished":"2022-07-19T10:23:06+00:00","dateModified":"2026-08-20T12:53:22+00:00","description":"Mira el programa i no et perdis cap detall del Challenge Barcelona Triatl\u00f3.","breadcrumb":{"@id":"https:\/\/www.triathlon.barcelona\/ca\/espectadors\/programa\/#breadcrumb"},"inLanguage":"ca","potentialAction":[{"@type":"ReadAction","target":["https:\/\/www.triathlon.barcelona\/ca\/espectadors\/programa\/"]}]},{"@type":"BreadcrumbList","@id":"https:\/\/www.triathlon.barcelona\/ca\/espectadors\/programa\/#breadcrumb","itemListElement":[{"@type":"ListItem","position":1,"name":"Inicio","item":"https:\/\/www.triathlon.barcelona\/ca\/"},{"@type":"ListItem","position":2,"name":"Espectadors","item":"https:\/\/www.triathlon.barcelona\/ca\/espectadores\/"},{"@type":"ListItem","position":3,"name":"Programa"}]},{"@type":"WebSite","@id":"https:\/\/www.triathlon.barcelona\/ca\/#website","url":"https:\/\/www.triathlon.barcelona\/ca\/","name":"Challenge Barcelona Triathlon","description":"","publisher":{"@id":"https:\/\/www.triathlon.barcelona\/ca\/#organization"},"alternateName":"Challenge Barcelona","potentialAction":[{"@type":"SearchAction","target":{"@type":"EntryPoint","urlTemplate":"https:\/\/www.triathlon.barcelona\/ca\/?s={search_term_string}"},"query-input":{"@type":"PropertyValueSpecification","valueRequired":true,"valueName":"search_term_string"}}],"inLanguage":"ca"},{"@type":"Organization","@id":"https:\/\/www.triathlon.barcelona\/ca\/#organization","name":"Challenge Barcelona Triathlon","alternateName":"Challenge Barcelona","url":"https:\/\/www.triathlon.barcelona\/ca\/","logo":{"@type":"ImageObject","inLanguage":"ca","@id":"https:\/\/www.triathlon.barcelona\/ca\/#\/schema\/logo\/image\/","url":"https:\/\/www.triathlon.barcelona\/wp-content\/uploads\/2024\/06\/logo-challenge-barcelona.png","contentUrl":"https:\/\/www.triathlon.barcelona\/wp-content\/uploads\/2024\/06\/logo-challenge-barcelona.png","width":3209,"height":729,"caption":"Challenge Barcelona Triathlon"},"image":{"@id":"https:\/\/www.triathlon.barcelona\/ca\/#\/schema\/logo\/image\/"},"sameAs":["https:\/\/www.facebook.com\/barcelonatriathlon","https:\/\/x.com\/bcn_triathlon","https:\/\/www.instagram.com\/barcelonatriathlon\/"]}]}},"_links":{"self":[{"href":"https:\/\/www.triathlon.barcelona\/ca\/wp-json\/wp\/v2\/pages\/821","targetHints":{"allow":["GET"]}}],"collection":[{"href":"https:\/\/www.triathlon.barcelona\/ca\/wp-json\/wp\/v2\/pages"}],"about":[{"href":"https:\/\/www.triathlon.barcelona\/ca\/wp-json\/wp\/v2\/types\/page"}],"author":[{"embeddable":true,"href":"https:\/\/www.triathlon.barcelona\/ca\/wp-json\/wp\/v2\/users\/1"}],"replies":[{"embeddable":true,"href":"https:\/\/www.triathlon.barcelona\/ca\/wp-json\/wp\/v2\/comments?post=821"}],"version-history":[{"count":76,"href":"https:\/\/www.triathlon.barcelona\/ca\/wp-json\/wp\/v2\/pages\/821\/revisions"}],"predecessor-version":[{"id":12548,"href":"https:\/\/www.triathlon.barcelona\/ca\/wp-json\/wp\/v2\/pages\/821\/revisions\/12548"}],"up":[{"embeddable":true,"href":"https:\/\/www.triathlon.barcelona\/ca\/wp-json\/wp\/v2\/pages\/819"}],"wp:attachment":[{"href":"https:\/\/www.triathlon.barcelona\/ca\/wp-json\/wp\/v2\/media?parent=821"}],"curies":[{"name":"wp","href":"https:\/\/api.w.org\/{rel}","templated":true}]}}