{"id":1498,"date":"2022-07-19T12:23:06","date_gmt":"2022-07-19T10:23:06","guid":{"rendered":"https:\/\/www.triathlon.barcelona\/espectadores\/programa\/"},"modified":"2026-08-20T14:55:04","modified_gmt":"2026-08-20T12:55:04","slug":"programa","status":"publish","type":"page","link":"https:\/\/www.triathlon.barcelona\/es\/espectadores\/programa\/","title":{"rendered":"Programa"},"content":{"rendered":"\t\t<div data-elementor-type=\"wp-post\" data-elementor-id=\"1498\" class=\"elementor elementor-1498 elementor-821\" data-elementor-settings=\"{&quot;ha_cmc_init_switcher&quot;:&quot;no&quot;}\">\n\t\t\t\t\t\t<section class=\"elementor-section elementor-top-section elementor-element elementor-element-d7d8b56 elementor-section-boxed elementor-section-height-default elementor-section-height-default wpr-particle-no wpr-jarallax-no wpr-parallax-no wpr-sticky-section-no wpr-column-slider-no wpr-equal-height-no\" data-id=\"d7d8b56\" data-element_type=\"section\" data-e-type=\"section\" data-settings=\"{&quot;background_background&quot;:&quot;classic&quot;,&quot;_ha_eqh_enable&quot;:false}\">\n\t\t\t\t\t\t\t<div class=\"elementor-background-overlay\"><\/div>\n\t\t\t\t\t\t\t<div class=\"elementor-container elementor-column-gap-default\">\n\t\t\t\t\t<div class=\"elementor-column elementor-col-100 elementor-top-column elementor-element elementor-element-fd69444\" data-id=\"fd69444\" data-element_type=\"column\" data-e-type=\"column\">\n\t\t\t<div class=\"elementor-widget-wrap elementor-element-populated\">\n\t\t\t\t\t\t<div class=\"elementor-element elementor-element-abcc2f2 elementor-invisible elementor-widget elementor-widget-heading\" data-id=\"abcc2f2\" data-element_type=\"widget\" data-e-type=\"widget\" data-settings=\"{&quot;_animation&quot;:&quot;fadeIn&quot;}\" data-widget_type=\"heading.default\">\n\t\t\t\t<div class=\"elementor-widget-container\">\n\t\t\t\t\t<h1 class=\"elementor-heading-title elementor-size-default\">Programa<\/h1>\t\t\t\t<\/div>\n\t\t\t\t<\/div>\n\t\t\t\t<div class=\"elementor-element elementor-element-8a7f2f1 elementor-widget-divider--view-line_icon elementor-widget-divider--element-align-right elementor-view-default elementor-invisible elementor-widget elementor-widget-divider\" data-id=\"8a7f2f1\" data-element_type=\"widget\" data-e-type=\"widget\" data-settings=\"{&quot;_animation&quot;:&quot;bounceInLeft&quot;,&quot;_animation_delay&quot;:100}\" data-widget_type=\"divider.default\">\n\t\t\t\t<div class=\"elementor-widget-container\">\n\t\t\t\t\t\t\t<div class=\"elementor-divider\">\n\t\t\t<span class=\"elementor-divider-separator\">\n\t\t\t\t\t\t\t<div class=\"elementor-icon elementor-divider__element\">\n\t\t\t\t\t<i aria-hidden=\"true\" class=\"fas fa-circle\"><\/i><\/div>\n\t\t\t\t\t\t<\/span>\n\t\t<\/div>\n\t\t\t\t\t\t<\/div>\n\t\t\t\t<\/div>\n\t\t\t\t\t<\/div>\n\t\t<\/div>\n\t\t\t\t\t<\/div>\n\t\t<\/section>\n\t\t\t\t<section class=\"elementor-section elementor-top-section elementor-element elementor-element-2fc8350 elementor-hidden-desktop elementor-hidden-tablet elementor-hidden-mobile elementor-section-boxed elementor-section-height-default elementor-section-height-default wpr-particle-no wpr-jarallax-no wpr-parallax-no wpr-sticky-section-no wpr-column-slider-no wpr-equal-height-no\" data-id=\"2fc8350\" data-element_type=\"section\" data-e-type=\"section\" data-settings=\"{&quot;_ha_eqh_enable&quot;:false}\">\n\t\t\t\t\t\t<div class=\"elementor-container elementor-column-gap-default\">\n\t\t\t\t\t<div class=\"elementor-column elementor-col-100 elementor-top-column elementor-element elementor-element-9bf1776\" data-id=\"9bf1776\" data-element_type=\"column\" data-e-type=\"column\">\n\t\t\t<div class=\"elementor-widget-wrap elementor-element-populated\">\n\t\t\t\t\t\t<div class=\"elementor-element elementor-element-4b3349f elementor-invisible elementor-widget elementor-widget-heading\" data-id=\"4b3349f\" data-element_type=\"widget\" data-e-type=\"widget\" data-settings=\"{&quot;_animation&quot;:&quot;fadeIn&quot;,&quot;_animation_delay&quot;:200}\" data-widget_type=\"heading.default\">\n\t\t\t\t<div class=\"elementor-widget-container\">\n\t\t\t\t\t<h2 class=\"elementor-heading-title elementor-size-default\">PR\u00d3XIMAMENTE<\/h2>\t\t\t\t<\/div>\n\t\t\t\t<\/div>\n\t\t\t\t\t<\/div>\n\t\t<\/div>\n\t\t\t\t\t<\/div>\n\t\t<\/section>\n\t\t\t\t<section class=\"elementor-section elementor-top-section elementor-element elementor-element-c9d084e elementor-section-boxed elementor-section-height-default elementor-section-height-default wpr-particle-no wpr-jarallax-no wpr-parallax-no wpr-sticky-section-no wpr-column-slider-no wpr-equal-height-no\" data-id=\"c9d084e\" data-element_type=\"section\" data-e-type=\"section\" data-settings=\"{&quot;_ha_eqh_enable&quot;:false}\">\n\t\t\t\t\t\t<div class=\"elementor-container elementor-column-gap-default\">\n\t\t\t\t\t<div class=\"elementor-column elementor-col-100 elementor-top-column elementor-element elementor-element-d5577d8\" data-id=\"d5577d8\" data-element_type=\"column\" data-e-type=\"column\">\n\t\t\t<div class=\"elementor-widget-wrap elementor-element-populated\">\n\t\t\t\t\t\t<div class=\"elementor-element elementor-element-22dca1e elementor-invisible elementor-widget elementor-widget-heading\" data-id=\"22dca1e\" data-element_type=\"widget\" data-e-type=\"widget\" data-settings=\"{&quot;_animation&quot;:&quot;fadeIn&quot;,&quot;_animation_delay&quot;:400}\" data-widget_type=\"heading.default\">\n\t\t\t\t<div class=\"elementor-widget-container\">\n\t\t\t\t\t<h2 class=\"elementor-heading-title elementor-size-default\">Viernes 23 DE OCTUBRE<\/h2>\t\t\t\t<\/div>\n\t\t\t\t<\/div>\n\t\t\t\t<div class=\"elementor-element elementor-element-f2b06c0 elementor-invisible elementor-widget elementor-widget-eael-advanced-data-table\" data-id=\"f2b06c0\" data-element_type=\"widget\" data-e-type=\"widget\" data-settings=\"{&quot;_animation&quot;:&quot;fadeIn&quot;,&quot;_animation_delay&quot;:200}\" data-widget_type=\"eael-advanced-data-table.default\">\n\t\t\t\t<div class=\"elementor-widget-container\">\n\t\t\t\t\t<div class=\"ea-advanced-data-table-wrap\" data-id=\"f2b06c0\"><div class=\"ea-advanced-data-table-wrap-inner\">\n                <table class=\"ea-advanced-data-table ea-advanced-data-table-static ea-advanced-data-table-f2b06c0\" data-id=\"f2b06c0\"><thead><tr><th><p>HORA <\/p><\/th><th><p>ACTIVIDAD<\/p><\/th><th><p>LOCALITZACI\u00d3N<\/p><\/th><\/tr><\/thead><tbody><tr><td><p>15:00 - 19:00<\/p><\/td><td><p>Apertura TRI EXPO<\/p><\/td><td><p><a href=\"https:\/\/maps.app.goo.gl\/J1MpV2cPVe8cm9UYA\" target=\"_blank\"><strong>Pabell\u00f3n de la Mar Bella<\/strong><\/a><\/p><\/td><\/tr><tr><td><p>15:00 - 19:00<\/p><\/td><td><p>Recogida de dorsales<\/p><\/td><td><p><br><\/p><\/td><\/tr><tr><td><p>15:00 - 19:00<\/p><\/td><td><p>Entrega de dorsales<\/p><\/td><td><p><br><\/p><\/td><\/tr><\/tbody><\/table>\n            <\/div><\/div>\t\t\t\t<\/div>\n\t\t\t\t<\/div>\n\t\t\t\t<div class=\"elementor-element elementor-element-67b567d elementor-invisible elementor-widget elementor-widget-heading\" data-id=\"67b567d\" data-element_type=\"widget\" data-e-type=\"widget\" data-settings=\"{&quot;_animation&quot;:&quot;fadeIn&quot;,&quot;_animation_delay&quot;:400}\" data-widget_type=\"heading.default\">\n\t\t\t\t<div class=\"elementor-widget-container\">\n\t\t\t\t\t<h2 class=\"elementor-heading-title elementor-size-default\">S\u00e1bado 24 DE OCTUBRE<\/h2>\t\t\t\t<\/div>\n\t\t\t\t<\/div>\n\t\t\t\t<div class=\"elementor-element elementor-element-66896c3 elementor-invisible elementor-widget elementor-widget-eael-advanced-data-table\" data-id=\"66896c3\" data-element_type=\"widget\" data-e-type=\"widget\" data-settings=\"{&quot;_animation&quot;:&quot;fadeIn&quot;,&quot;_animation_delay&quot;:200}\" data-widget_type=\"eael-advanced-data-table.default\">\n\t\t\t\t<div class=\"elementor-widget-container\">\n\t\t\t\t\t<div class=\"ea-advanced-data-table-wrap\" data-id=\"66896c3\"><div class=\"ea-advanced-data-table-wrap-inner\">\n                <table class=\"ea-advanced-data-table ea-advanced-data-table-static ea-advanced-data-table-66896c3\" data-id=\"66896c3\"><thead><tr><th><p>HORA <\/p><\/th><th><p>ACTIVIDAD<\/p><\/th><th><p>LOCALITZACI\u00d3N<\/p><\/th><\/tr><\/thead><tbody><tr><td><p>09:00 - 18:00<\/p><\/td><td><p>Apertura TRI EXPO<\/p><\/td><td><p><a href=\"https:\/\/maps.app.goo.gl\/FaWzahMzaP7KaGNo7\" target=\"_blank\"><strong>Pabell\u00f3n de la Mar Bella<\/strong><\/a><\/p><\/td><\/tr><tr><td><p>09:00 - 19:00<\/p><\/td><td><p>Check In (acceso bicicleta y material participante)<\/p><\/td><td><p><br><\/p><\/td><\/tr><tr><td><p>09:00<\/p><\/td><td><p>Check In Acuatl\u00f3n<\/p><\/td><td><\/td><\/tr><tr><td><p>10:00<\/p><\/td><td><p>1\u00aa Salida \u2013 ACUATL\u00d3N<\/p><\/td><td><p><br><\/p><\/td><\/tr><tr><td><p>10:15<\/p><\/td><td><p>2\u00aa Salida \u2013 Open Water 1.900m<\/p><\/td><td><p><br><\/p><\/td><\/tr><tr><td><p>10:30<\/p><\/td><td><p>3\u00aa Salida \u2013 Open Water 3.800m<\/p><\/td><td><p><br><\/p><\/td><\/tr><tr><td><p>11:30<\/p><\/td><td><p>Reuni\u00f3n t\u00e9cnica atletas PRO (Espa\u00f1ol)<\/p><\/td><td><p><br><\/p><\/td><\/tr><tr><td><p>12:00<\/p><\/td><td><p>Reuni\u00f3n t\u00e9cnica atletas PRO (Ingl\u00e9s)<\/p><\/td><td><p><br><\/p><\/td><\/tr><\/tbody><\/table>\n            <\/div><\/div>\t\t\t\t<\/div>\n\t\t\t\t<\/div>\n\t\t\t\t<div class=\"elementor-element elementor-element-256ffff elementor-invisible elementor-widget elementor-widget-heading\" data-id=\"256ffff\" data-element_type=\"widget\" data-e-type=\"widget\" data-settings=\"{&quot;_animation&quot;:&quot;fadeIn&quot;,&quot;_animation_delay&quot;:400}\" data-widget_type=\"heading.default\">\n\t\t\t\t<div class=\"elementor-widget-container\">\n\t\t\t\t\t<h2 class=\"elementor-heading-title elementor-size-default\">domingo 25 de octubre<\/h2>\t\t\t\t<\/div>\n\t\t\t\t<\/div>\n\t\t\t\t<div class=\"elementor-element elementor-element-a42a7ce elementor-invisible elementor-widget elementor-widget-eael-advanced-data-table\" data-id=\"a42a7ce\" data-element_type=\"widget\" data-e-type=\"widget\" data-settings=\"{&quot;_animation&quot;:&quot;fadeIn&quot;,&quot;_animation_delay&quot;:200}\" data-widget_type=\"eael-advanced-data-table.default\">\n\t\t\t\t<div class=\"elementor-widget-container\">\n\t\t\t\t\t<div class=\"ea-advanced-data-table-wrap\" data-id=\"a42a7ce\"><div class=\"ea-advanced-data-table-wrap-inner\">\n                <table class=\"ea-advanced-data-table ea-advanced-data-table-static ea-advanced-data-table-a42a7ce\" data-id=\"a42a7ce\"><thead><tr><th style=\"width: 160px\"><p>HORA<\/p><\/th><th><p>ACTIVIDAD<\/p><\/th><th><p>LOCALITZACI\u00d3N<\/p><\/th><\/tr><\/thead><tbody><tr><td><p>06:30 - 09:30<\/p><\/td><td><p>Apertura Bike Park<\/p><\/td><td><p><a href=\"https:\/\/maps.app.goo.gl\/VPZe5yNBSprK4um59\" target=\"_blank\"><strong>Pistas de atletismo CEM Marbella<\/strong><\/a><\/p><\/td><\/tr><tr><td><p>07:50<\/p><\/td><td><p><strong>1\u00aa Salida \u2013 \u00c9LITE MASCULINA \u2013 Dist\u00e1ncia Middle<\/strong><\/p><\/td><td><p><br><\/p><\/td><\/tr><tr><td><p>07:52<\/p><\/td><td><p><strong>2\u00aa Salida \u2013 \u00c9LITE FEMENINA \u2013 Dist\u00e1ncia Middle<\/strong><\/p><\/td><td><p><br><\/p><\/td><\/tr><tr><td><p>07:55<\/p><\/td><td><p><strong>3\u00aa Salida \u2013 GGEE + RELIEVES \u2013 Dist\u00e1ncia Middle \u2013 Rolling Start<\/strong><\/p><\/td><td><p><br><\/p><\/td><\/tr><tr><td><p>09:15<\/p><\/td><td><p><strong>4\u00aa Salida \u2013 FEDERADOS + RELEVOS + PAREJAS \u2013 Distancia SPRINT<\/strong><\/p><\/td><td><p><br><\/p><\/td><\/tr><tr><td><p>09:16<\/p><\/td><td><p><strong>5\u00aa Salida - NO FEDERADOS IND. \u2013 Distancia SPRINT \u2013 Rolling Start <\/strong><\/p><\/td><td><p><br><\/p><\/td><\/tr><tr><td><p>10:20<\/p><\/td><td><p><strong>6\u00aa Salida \u2013 JUNIOR CHALLENGE (12 a 17 a\u00f1os \u2013 2009 al 2014)<\/strong><\/p><\/td><td><p><br><\/p><\/td><\/tr><tr><td><p>10:30<\/p><\/td><td><p><strong>Entrega de Premios - SPRINT<\/strong><\/p><\/td><td><p><br><\/p><\/td><\/tr><tr><td><p>10:40<\/p><\/td><td><p><strong>7\u00aa Salida \u2013 FEDERADOS + RELEVOS + PAREJAS \u2013 Distancia OL\u00cdMPICO<\/strong><\/p><\/td><td><p><br><\/p><\/td><\/tr><tr><td><p>10:41<\/p><\/td><td><p><strong>8\u00aa Salida - NO FEDERADOS IND. \u2013 Distancia OL\u00cdMPICO \u2013 Rolling Start <\/strong><\/p><\/td><td><p><br><\/p><\/td><\/tr><tr><td><p>12:00<\/p><\/td><td><p><strong>Entrega de Premios - Dist\u00e1ncia Middle (\u00c9lite)<\/strong><\/p><\/td><td><p><br><\/p><\/td><\/tr><tr><td><p>14:00<\/p><\/td><td><p><strong>Entrega de Premios - Dist\u00e1ncia Middle (GGEE) + OL\u00cdMPICO<\/strong><\/p><\/td><td><p><br><\/p><\/td><\/tr><tr><td><p>10:00 - 17:00<\/p><\/td><td><p>Check Out<\/p><\/td><td><p><br><\/p><\/td><\/tr><\/tbody><\/table>\n            <\/div><\/div>\t\t\t\t<\/div>\n\t\t\t\t<\/div>\n\t\t\t\t<div class=\"elementor-element elementor-element-b93fc2c elementor-view-default elementor-position-block-start elementor-mobile-position-block-start ha-has-bg-overlay elementor-invisible elementor-widget elementor-widget-icon-box\" data-id=\"b93fc2c\" data-element_type=\"widget\" data-e-type=\"widget\" data-settings=\"{&quot;_animation&quot;:&quot;bounceIn&quot;}\" data-widget_type=\"icon-box.default\">\n\t\t\t\t<div class=\"elementor-widget-container\">\n\t\t\t\t\t\t\t<div class=\"elementor-icon-box-wrapper\">\n\n\t\t\t\t\t\t<div class=\"elementor-icon-box-icon\">\n\t\t\t\t<span  class=\"elementor-icon elementor-animation-pulse-grow\">\n\t\t\t\t<i aria-hidden=\"true\" class=\"hm hm-info\"><\/i>\t\t\t\t<\/span>\n\t\t\t<\/div>\n\t\t\t\n\t\t\t\t\t\t<div class=\"elementor-icon-box-content\">\n\n\t\t\t\t\t\t\t\t\t<h3 class=\"elementor-icon-box-title\">\n\t\t\t\t\t\t<span  >\n\t\t\t\t\t\t\tMUY IMPORTANTE\t\t\t\t\t\t<\/span>\n\t\t\t\t\t<\/h3>\n\t\t\t\t\n\t\t\t\t\t\t\t\t\t<p class=\"elementor-icon-box-description\">\n\t\t\t\t\t\tEl domingo no se podr\u00e1 recoger el dorsal.\n<br>El CHECK-IN de bicis deber\u00e1 realizarse el s\u00e1bado. S\u00f3lo en casos excepcionales se podr\u00e1n entrar las bicis el domingo. \n<br>\nEn la madrugada del domingo hay cambio de hora, a las 3:00 ser\u00e1n las 2:00. \u00a1Podr\u00e1s descansar 1 hora m\u00e1s! \t\t\t\t\t<\/p>\n\t\t\t\t\n\t\t\t<\/div>\n\t\t\t\n\t\t<\/div>\n\t\t\t\t\t\t<\/div>\n\t\t\t\t<\/div>\n\t\t\t\t\t<\/div>\n\t\t<\/div>\n\t\t\t\t\t<\/div>\n\t\t<\/section>\n\t\t\t\t<\/div>\n\t\t","protected":false},"excerpt":{"rendered":"<p>Programa PR\u00d3XIMAMENTE Viernes 23 DE OCTUBRE HORA ACTIVIDAD LOCALITZACI\u00d3N 15:00 &#8211; 19:00 Apertura TRI EXPO Pabell\u00f3n de la Mar Bella 15:00 &#8211; 19:00 Recogida de dorsales 15:00 &#8211; 19:00 Entrega de dorsales S\u00e1bado 24 DE OCTUBRE HORA ACTIVIDAD LOCALITZACI\u00d3N 09:00 &#8211; 18:00 Apertura TRI EXPO Pabell\u00f3n de la Mar Bella 09:00 &#8211; 19:00 Check In (acceso bicicleta y material participante) 09:00 Check In Acuatl\u00f3n 10:00 1\u00aa Salida \u2013 ACUATL\u00d3N 10:15 2\u00aa Salida \u2013 Open Water 1.900m 10:30 3\u00aa Salida \u2013 Open Water 3.800m 11:30 Reuni\u00f3n t\u00e9cnica atletas PRO (Espa\u00f1ol) 12:00 Reuni\u00f3n t\u00e9cnica atletas PRO (Ingl\u00e9s) domingo 25 de octubre HORA ACTIVIDAD LOCALITZACI\u00d3N 06:30 &#8211; 09:30 Apertura Bike Park Pistas de atletismo CEM Marbella 07:50 1\u00aa Salida \u2013 \u00c9LITE MASCULINA \u2013 Dist\u00e1ncia Middle 07:52 2\u00aa Salida \u2013 \u00c9LITE FEMENINA \u2013 Dist\u00e1ncia Middle 07:55 3\u00aa Salida \u2013 GGEE + RELIEVES \u2013 Dist\u00e1ncia Middle \u2013 Rolling Start 09:15 4\u00aa Salida \u2013 FEDERADOS + RELEVOS + PAREJAS \u2013 Distancia SPRINT 09:16 5\u00aa Salida &#8211; NO FEDERADOS IND. \u2013 Distancia SPRINT \u2013 Rolling Start 10:20 6\u00aa Salida \u2013 JUNIOR CHALLENGE (12 a 17 a\u00f1os \u2013 2009 al 2014) 10:30 Entrega de Premios &#8211; SPRINT 10:40 7\u00aa Salida \u2013 FEDERADOS + RELEVOS + PAREJAS \u2013 Distancia OL\u00cdMPICO 10:41 8\u00aa Salida &#8211; NO FEDERADOS IND. \u2013 Distancia OL\u00cdMPICO \u2013 Rolling Start 12:00 Entrega de Premios &#8211; Dist\u00e1ncia Middle (\u00c9lite) 14:00 Entrega de Premios &#8211; Dist\u00e1ncia Middle (GGEE) + OL\u00cdMPICO 10:00 &#8211; 17:00 Check Out MUY IMPORTANTE El domingo no se podr\u00e1 recoger el dorsal. El CHECK-IN de bicis deber\u00e1 realizarse el s\u00e1bado. S\u00f3lo en casos excepcionales se podr\u00e1n entrar las bicis el domingo. En la madrugada del domingo hay cambio de hora, a las 3:00 ser\u00e1n las 2:00. \u00a1Podr\u00e1s descansar 1 hora m\u00e1s!<\/p>\n","protected":false},"author":1,"featured_media":0,"parent":1496,"menu_order":0,"comment_status":"closed","ping_status":"closed","template":"","meta":{"_monsterinsights_skip_tracking":false,"site-sidebar-layout":"no-sidebar","site-content-layout":"page-builder","ast-site-content-layout":"full-width-container","site-content-style":"unboxed","site-sidebar-style":"unboxed","ast-global-header-display":"","ast-banner-title-visibility":"","ast-main-header-display":"","ast-hfb-above-header-display":"","ast-hfb-below-header-display":"","ast-hfb-mobile-header-display":"","site-post-title":"disabled","ast-breadcrumbs-content":"","ast-featured-img":"disabled","footer-sml-layout":"","ast-disable-related-posts":"","theme-transparent-header-meta":"default","adv-header-id-meta":"","stick-header-meta":"default","header-above-stick-meta":"","header-main-stick-meta":"","header-below-stick-meta":"","astra-migrate-meta-layouts":"default","ast-page-background-enabled":"default","ast-page-background-meta":{"desktop":{"background-color":"","background-image":"","background-repeat":"repeat","background-position":"center center","background-size":"auto","background-attachment":"scroll","background-type":"","background-media":"","overlay-type":"","overlay-color":"","overlay-opacity":"","overlay-gradient":""},"tablet":{"background-color":"","background-image":"","background-repeat":"repeat","background-position":"center center","background-size":"auto","background-attachment":"scroll","background-type":"","background-media":"","overlay-type":"","overlay-color":"","overlay-opacity":"","overlay-gradient":""},"mobile":{"background-color":"","background-image":"","background-repeat":"repeat","background-position":"center center","background-size":"auto","background-attachment":"scroll","background-type":"","background-media":"","overlay-type":"","overlay-color":"","overlay-opacity":"","overlay-gradient":""}},"ast-content-background-meta":{"desktop":{"background-color":"var(--ast-global-color-5)","background-image":"","background-repeat":"repeat","background-position":"center center","background-size":"auto","background-attachment":"scroll","background-type":"","background-media":"","overlay-type":"","overlay-color":"","overlay-opacity":"","overlay-gradient":""},"tablet":{"background-color":"var(--ast-global-color-5)","background-image":"","background-repeat":"repeat","background-position":"center center","background-size":"auto","background-attachment":"scroll","background-type":"","background-media":"","overlay-type":"","overlay-color":"","overlay-opacity":"","overlay-gradient":""},"mobile":{"background-color":"var(--ast-global-color-5)","background-image":"","background-repeat":"repeat","background-position":"center center","background-size":"auto","background-attachment":"scroll","background-type":"","background-media":"","overlay-type":"","overlay-color":"","overlay-opacity":"","overlay-gradient":""}},"footnotes":""},"class_list":["post-1498","page","type-page","status-publish","hentry"],"yoast_head":"<!-- This site is optimized with the Yoast SEO plugin v27.1 - https:\/\/yoast.com\/product\/yoast-seo-wordpress\/ -->\n<title>Programa - Challenge Barcelona Triatl\u00f3<\/title>\n<meta name=\"description\" content=\"Mira el programa y no te pierdas ning\u00fan detalle del Challenge Barcelona Triatl\u00f3.\" \/>\n<meta name=\"robots\" content=\"index, follow, max-snippet:-1, max-image-preview:large, max-video-preview:-1\" \/>\n<link rel=\"canonical\" href=\"https:\/\/www.triathlon.barcelona\/es\/espectadores\/programa\/\" \/>\n<meta property=\"og:locale\" content=\"es_ES\" \/>\n<meta property=\"og:type\" content=\"article\" \/>\n<meta property=\"og:title\" content=\"Programa - Challenge Barcelona Triatl\u00f3\" \/>\n<meta property=\"og:description\" content=\"Mira el programa y no te pierdas ning\u00fan detalle del Challenge Barcelona Triatl\u00f3.\" \/>\n<meta property=\"og:url\" content=\"https:\/\/www.triathlon.barcelona\/es\/espectadores\/programa\/\" \/>\n<meta property=\"og:site_name\" content=\"Challenge Barcelona Triatl\u00f3\" \/>\n<meta property=\"article:publisher\" content=\"https:\/\/www.facebook.com\/barcelonatriathlon\" \/>\n<meta property=\"article:modified_time\" content=\"2026-08-20T12:55:04+00:00\" \/>\n<meta property=\"og:image\" content=\"https:\/\/www.triathlon.barcelona\/wp-content\/uploads\/2024\/06\/logo-challenge-barcelona.png\" \/>\n\t<meta property=\"og:image:width\" content=\"3209\" \/>\n\t<meta property=\"og:image:height\" content=\"729\" \/>\n\t<meta property=\"og:image:type\" content=\"image\/png\" \/>\n<meta name=\"twitter:card\" content=\"summary_large_image\" \/>\n<meta name=\"twitter:site\" content=\"@bcn_triathlon\" \/>\n<meta name=\"twitter:label1\" content=\"Tiempo de lectura\" \/>\n\t<meta name=\"twitter:data1\" content=\"1 minuto\" \/>\n<script type=\"application\/ld+json\" class=\"yoast-schema-graph\">{\"@context\":\"https:\/\/schema.org\",\"@graph\":[{\"@type\":\"WebPage\",\"@id\":\"https:\/\/www.triathlon.barcelona\/es\/espectadores\/programa\/\",\"url\":\"https:\/\/www.triathlon.barcelona\/es\/espectadores\/programa\/\",\"name\":\"Programa - Challenge Barcelona Triatl\u00f3\",\"isPartOf\":{\"@id\":\"https:\/\/www.triathlon.barcelona\/es\/#website\"},\"datePublished\":\"2022-07-19T10:23:06+00:00\",\"dateModified\":\"2026-08-20T12:55:04+00:00\",\"description\":\"Mira el programa y no te pierdas ning\u00fan detalle del Challenge Barcelona Triatl\u00f3.\",\"breadcrumb\":{\"@id\":\"https:\/\/www.triathlon.barcelona\/es\/espectadores\/programa\/#breadcrumb\"},\"inLanguage\":\"es\",\"potentialAction\":[{\"@type\":\"ReadAction\",\"target\":[\"https:\/\/www.triathlon.barcelona\/es\/espectadores\/programa\/\"]}]},{\"@type\":\"BreadcrumbList\",\"@id\":\"https:\/\/www.triathlon.barcelona\/es\/espectadores\/programa\/#breadcrumb\",\"itemListElement\":[{\"@type\":\"ListItem\",\"position\":1,\"name\":\"Inicio\",\"item\":\"https:\/\/www.triathlon.barcelona\/es\/\"},{\"@type\":\"ListItem\",\"position\":2,\"name\":\"Espectadores\",\"item\":\"https:\/\/www.triathlon.barcelona\/es\/espectadores\/\"},{\"@type\":\"ListItem\",\"position\":3,\"name\":\"Programa\"}]},{\"@type\":\"WebSite\",\"@id\":\"https:\/\/www.triathlon.barcelona\/es\/#website\",\"url\":\"https:\/\/www.triathlon.barcelona\/es\/\",\"name\":\"Challenge Barcelona Triathlon\",\"description\":\"\",\"publisher\":{\"@id\":\"https:\/\/www.triathlon.barcelona\/es\/#organization\"},\"alternateName\":\"Challenge Barcelona\",\"potentialAction\":[{\"@type\":\"SearchAction\",\"target\":{\"@type\":\"EntryPoint\",\"urlTemplate\":\"https:\/\/www.triathlon.barcelona\/es\/?s={search_term_string}\"},\"query-input\":{\"@type\":\"PropertyValueSpecification\",\"valueRequired\":true,\"valueName\":\"search_term_string\"}}],\"inLanguage\":\"es\"},{\"@type\":\"Organization\",\"@id\":\"https:\/\/www.triathlon.barcelona\/es\/#organization\",\"name\":\"Challenge Barcelona Triathlon\",\"alternateName\":\"Challenge Barcelona\",\"url\":\"https:\/\/www.triathlon.barcelona\/es\/\",\"logo\":{\"@type\":\"ImageObject\",\"inLanguage\":\"es\",\"@id\":\"https:\/\/www.triathlon.barcelona\/es\/#\/schema\/logo\/image\/\",\"url\":\"https:\/\/www.triathlon.barcelona\/wp-content\/uploads\/2024\/06\/logo-challenge-barcelona.png\",\"contentUrl\":\"https:\/\/www.triathlon.barcelona\/wp-content\/uploads\/2024\/06\/logo-challenge-barcelona.png\",\"width\":3209,\"height\":729,\"caption\":\"Challenge Barcelona Triathlon\"},\"image\":{\"@id\":\"https:\/\/www.triathlon.barcelona\/es\/#\/schema\/logo\/image\/\"},\"sameAs\":[\"https:\/\/www.facebook.com\/barcelonatriathlon\",\"https:\/\/x.com\/bcn_triathlon\",\"https:\/\/www.instagram.com\/barcelonatriathlon\/\"]}]}<\/script>\n<!-- \/ Yoast SEO plugin. -->","yoast_head_json":{"title":"Programa - Challenge Barcelona Triatl\u00f3","description":"Mira el programa y no te pierdas ning\u00fan detalle del Challenge Barcelona Triatl\u00f3.","robots":{"index":"index","follow":"follow","max-snippet":"max-snippet:-1","max-image-preview":"max-image-preview:large","max-video-preview":"max-video-preview:-1"},"canonical":"https:\/\/www.triathlon.barcelona\/es\/espectadores\/programa\/","og_locale":"es_ES","og_type":"article","og_title":"Programa - Challenge Barcelona Triatl\u00f3","og_description":"Mira el programa y no te pierdas ning\u00fan detalle del Challenge Barcelona Triatl\u00f3.","og_url":"https:\/\/www.triathlon.barcelona\/es\/espectadores\/programa\/","og_site_name":"Challenge Barcelona Triatl\u00f3","article_publisher":"https:\/\/www.facebook.com\/barcelonatriathlon","article_modified_time":"2026-08-20T12:55:04+00:00","og_image":[{"width":3209,"height":729,"url":"https:\/\/www.triathlon.barcelona\/wp-content\/uploads\/2024\/06\/logo-challenge-barcelona.png","type":"image\/png"}],"twitter_card":"summary_large_image","twitter_site":"@bcn_triathlon","twitter_misc":{"Tiempo de lectura":"1 minuto"},"schema":{"@context":"https:\/\/schema.org","@graph":[{"@type":"WebPage","@id":"https:\/\/www.triathlon.barcelona\/es\/espectadores\/programa\/","url":"https:\/\/www.triathlon.barcelona\/es\/espectadores\/programa\/","name":"Programa - Challenge Barcelona Triatl\u00f3","isPartOf":{"@id":"https:\/\/www.triathlon.barcelona\/es\/#website"},"datePublished":"2022-07-19T10:23:06+00:00","dateModified":"2026-08-20T12:55:04+00:00","description":"Mira el programa y no te pierdas ning\u00fan detalle del Challenge Barcelona Triatl\u00f3.","breadcrumb":{"@id":"https:\/\/www.triathlon.barcelona\/es\/espectadores\/programa\/#breadcrumb"},"inLanguage":"es","potentialAction":[{"@type":"ReadAction","target":["https:\/\/www.triathlon.barcelona\/es\/espectadores\/programa\/"]}]},{"@type":"BreadcrumbList","@id":"https:\/\/www.triathlon.barcelona\/es\/espectadores\/programa\/#breadcrumb","itemListElement":[{"@type":"ListItem","position":1,"name":"Inicio","item":"https:\/\/www.triathlon.barcelona\/es\/"},{"@type":"ListItem","position":2,"name":"Espectadores","item":"https:\/\/www.triathlon.barcelona\/es\/espectadores\/"},{"@type":"ListItem","position":3,"name":"Programa"}]},{"@type":"WebSite","@id":"https:\/\/www.triathlon.barcelona\/es\/#website","url":"https:\/\/www.triathlon.barcelona\/es\/","name":"Challenge Barcelona Triathlon","description":"","publisher":{"@id":"https:\/\/www.triathlon.barcelona\/es\/#organization"},"alternateName":"Challenge Barcelona","potentialAction":[{"@type":"SearchAction","target":{"@type":"EntryPoint","urlTemplate":"https:\/\/www.triathlon.barcelona\/es\/?s={search_term_string}"},"query-input":{"@type":"PropertyValueSpecification","valueRequired":true,"valueName":"search_term_string"}}],"inLanguage":"es"},{"@type":"Organization","@id":"https:\/\/www.triathlon.barcelona\/es\/#organization","name":"Challenge Barcelona Triathlon","alternateName":"Challenge Barcelona","url":"https:\/\/www.triathlon.barcelona\/es\/","logo":{"@type":"ImageObject","inLanguage":"es","@id":"https:\/\/www.triathlon.barcelona\/es\/#\/schema\/logo\/image\/","url":"https:\/\/www.triathlon.barcelona\/wp-content\/uploads\/2024\/06\/logo-challenge-barcelona.png","contentUrl":"https:\/\/www.triathlon.barcelona\/wp-content\/uploads\/2024\/06\/logo-challenge-barcelona.png","width":3209,"height":729,"caption":"Challenge Barcelona Triathlon"},"image":{"@id":"https:\/\/www.triathlon.barcelona\/es\/#\/schema\/logo\/image\/"},"sameAs":["https:\/\/www.facebook.com\/barcelonatriathlon","https:\/\/x.com\/bcn_triathlon","https:\/\/www.instagram.com\/barcelonatriathlon\/"]}]}},"_links":{"self":[{"href":"https:\/\/www.triathlon.barcelona\/es\/wp-json\/wp\/v2\/pages\/1498","targetHints":{"allow":["GET"]}}],"collection":[{"href":"https:\/\/www.triathlon.barcelona\/es\/wp-json\/wp\/v2\/pages"}],"about":[{"href":"https:\/\/www.triathlon.barcelona\/es\/wp-json\/wp\/v2\/types\/page"}],"author":[{"embeddable":true,"href":"https:\/\/www.triathlon.barcelona\/es\/wp-json\/wp\/v2\/users\/1"}],"replies":[{"embeddable":true,"href":"https:\/\/www.triathlon.barcelona\/es\/wp-json\/wp\/v2\/comments?post=1498"}],"version-history":[{"count":20,"href":"https:\/\/www.triathlon.barcelona\/es\/wp-json\/wp\/v2\/pages\/1498\/revisions"}],"predecessor-version":[{"id":12551,"href":"https:\/\/www.triathlon.barcelona\/es\/wp-json\/wp\/v2\/pages\/1498\/revisions\/12551"}],"up":[{"embeddable":true,"href":"https:\/\/www.triathlon.barcelona\/es\/wp-json\/wp\/v2\/pages\/1496"}],"wp:attachment":[{"href":"https:\/\/www.triathlon.barcelona\/es\/wp-json\/wp\/v2\/media?parent=1498"}],"curies":[{"name":"wp","href":"https:\/\/api.w.org\/{rel}","templated":true}]}}