{"id":1607,"date":"2022-07-20T12:15:40","date_gmt":"2022-07-20T10:15:40","guid":{"rendered":"https:\/\/www.triathlon.barcelona\/aviso-legal-y-politica-de-privacidad\/"},"modified":"2025-11-06T10:26:42","modified_gmt":"2025-11-06T09:26:42","slug":"aviso-legal","status":"publish","type":"page","link":"https:\/\/www.triathlon.barcelona\/es\/aviso-legal\/","title":{"rendered":"Aviso legal"},"content":{"rendered":"\t\t<div data-elementor-type=\"wp-post\" data-elementor-id=\"1607\" class=\"elementor elementor-1607 elementor-1138\" data-elementor-settings=\"{&quot;ha_cmc_init_switcher&quot;:&quot;no&quot;}\">\n\t\t\t\t\t\t<section class=\"elementor-section elementor-top-section elementor-element elementor-element-d7d8b56 elementor-section-boxed elementor-section-height-default elementor-section-height-default wpr-particle-no wpr-jarallax-no wpr-parallax-no wpr-sticky-section-no wpr-column-slider-no wpr-equal-height-no\" data-id=\"d7d8b56\" data-element_type=\"section\" data-e-type=\"section\" data-settings=\"{&quot;background_background&quot;:&quot;classic&quot;,&quot;_ha_eqh_enable&quot;:false}\">\n\t\t\t\t\t\t\t<div class=\"elementor-background-overlay\"><\/div>\n\t\t\t\t\t\t\t<div class=\"elementor-container elementor-column-gap-default\">\n\t\t\t\t\t<div class=\"elementor-column elementor-col-100 elementor-top-column elementor-element elementor-element-fd69444\" data-id=\"fd69444\" data-element_type=\"column\" data-e-type=\"column\">\n\t\t\t<div class=\"elementor-widget-wrap elementor-element-populated\">\n\t\t\t\t\t\t<div class=\"elementor-element elementor-element-abcc2f2 elementor-invisible elementor-widget elementor-widget-heading\" data-id=\"abcc2f2\" data-element_type=\"widget\" data-e-type=\"widget\" data-settings=\"{&quot;_animation&quot;:&quot;fadeIn&quot;}\" data-widget_type=\"heading.default\">\n\t\t\t\t<div class=\"elementor-widget-container\">\n\t\t\t\t\t<h1 class=\"elementor-heading-title elementor-size-default\">Aviso legal<\/h1>\t\t\t\t<\/div>\n\t\t\t\t<\/div>\n\t\t\t\t<div class=\"elementor-element elementor-element-8a7f2f1 elementor-widget-divider--view-line_icon elementor-widget-divider--element-align-right elementor-view-default elementor-invisible elementor-widget elementor-widget-divider\" data-id=\"8a7f2f1\" data-element_type=\"widget\" data-e-type=\"widget\" data-settings=\"{&quot;_animation&quot;:&quot;bounceInLeft&quot;,&quot;_animation_delay&quot;:100}\" data-widget_type=\"divider.default\">\n\t\t\t\t<div class=\"elementor-widget-container\">\n\t\t\t\t\t\t\t<div class=\"elementor-divider\">\n\t\t\t<span class=\"elementor-divider-separator\">\n\t\t\t\t\t\t\t<div class=\"elementor-icon elementor-divider__element\">\n\t\t\t\t\t<i aria-hidden=\"true\" class=\"fas fa-circle\"><\/i><\/div>\n\t\t\t\t\t\t<\/span>\n\t\t<\/div>\n\t\t\t\t\t\t<\/div>\n\t\t\t\t<\/div>\n\t\t\t\t\t<\/div>\n\t\t<\/div>\n\t\t\t\t\t<\/div>\n\t\t<\/section>\n\t\t\t\t<section class=\"elementor-section elementor-top-section elementor-element elementor-element-c9d084e elementor-section-boxed elementor-section-height-default elementor-section-height-default wpr-particle-no wpr-jarallax-no wpr-parallax-no wpr-sticky-section-no wpr-column-slider-no wpr-equal-height-no elementor-invisible\" data-id=\"c9d084e\" data-element_type=\"section\" data-e-type=\"section\" data-settings=\"{&quot;animation&quot;:&quot;fadeIn&quot;,&quot;animation_delay&quot;:200,&quot;_ha_eqh_enable&quot;:false}\">\n\t\t\t\t\t\t<div class=\"elementor-container elementor-column-gap-default\">\n\t\t\t\t\t<div class=\"elementor-column elementor-col-100 elementor-top-column elementor-element elementor-element-5d293c8\" data-id=\"5d293c8\" data-element_type=\"column\" data-e-type=\"column\">\n\t\t\t<div class=\"elementor-widget-wrap elementor-element-populated\">\n\t\t\t\t\t\t<div class=\"elementor-element elementor-element-69f27d1 elementor-widget elementor-widget-text-editor\" data-id=\"69f27d1\" data-element_type=\"widget\" data-e-type=\"widget\" data-widget_type=\"text-editor.default\">\n\t\t\t\t<div class=\"elementor-widget-container\">\n\t\t\t\t\t\t\t\t\t<h3>El Ayuntamiento de Barcelona, \u200b\u200ba trav\u00e9s de sus webs:<\/h3><h3><strong style=\"font-size: 16px; font-style: inherit; background-color: var(--ast-global-color-4); color: var(--ast-global-color-3);\">Busca proporcionar informaci\u00f3n actualizada y de calidad sobre los servicios de ciudad.<\/strong><\/h3><p>La informaci\u00f3n que se difunde a trav\u00e9s de esta web es la vigente en el momento de su publicaci\u00f3n y se actualizar\u00e1 con la mayor celeridad posible.<\/p><p>La actualizaci\u00f3n de la informaci\u00f3n facilitada por terceros es responsabilidad de la persona o entidad proveedora. El Ayuntamiento de Barcelona velar\u00e1 para que los proveedores de esta informaci\u00f3n garanticen su actualizaci\u00f3n y respeto seg\u00fan la normativa vigente. <\/p><p>El Ayuntamiento de Barcelona persigue que la informaci\u00f3n que se difunde cumpla con los requisitos de accesibilidad, reusabilidad y calidad previstos por la legislaci\u00f3n vigente.<\/p><p><strong style=\"font-style: inherit; background-color: var(--ast-global-color-4); color: var(--ast-global-color-3);\">Permite acceder a ellos con independencia de la opci\u00f3n tecnol\u00f3gica de los usuarios y usuarias, particularmente mediante las tecnolog\u00edas basadas en est\u00e1ndares abiertos.<\/strong><\/p><p><strong style=\"font-style: inherit; background-color: var(--ast-global-color-4); color: var(--ast-global-color-3);\">Garantiza la seguridad y protecci\u00f3n de los datos personales.<\/strong><\/p><p>Para poder acceder a alguno de los servicios de la web que dispongan de gesti\u00f3n o tr\u00e1mite espec\u00edfico, los usuarios y las usuarias tendr\u00e1n que aportar los datos personales imprescindibles para la prestaci\u00f3n del servicio solicitado.<\/p><p>Estos datos de car\u00e1cter personal se integran en las correspondientes actividades de tratamiento del Ayuntamiento de Barcelona y ser\u00e1n tratados con la finalidad espec\u00edfica de cada tratamiento de conformidad con la regulaci\u00f3n establecida por el Reglamento (UE) 2016\/679 del Parlamento Europeo y del Consejo sobre protecci\u00f3n de datos de car\u00e1cter personal, las medidas de seguridad requeridas por la normativa legal, especialmente por el Esquema Nacional de Seguridad, teniendo en cuenta los Esquema Nacional de Seguridad. El r<a href=\"https:\/\/seuelectronica.ajuntament.barcelona.cat\/sites\/default\/files\/relacio_tractaments.pdf\">egistro de actividades de tratamiento<\/a> se encuentra en el apartado \u201c<a href=\"https:\/\/seuelectronica.ajuntament.barcelona.cat\/es\">Protecci\u00f3n de datos<\/a>\u201d de la Sede electr\u00f3nica. <\/p><p>La legitimaci\u00f3n del tratamiento est\u00e1 basada de forma mayoritaria en el cumplimiento de una obligaci\u00f3n legal, aunque tambi\u00e9n puede estarlo en el consentimiento de la persona interesada y\/o en la protecci\u00f3n de los intereses vitales o la ejecuci\u00f3n de un contrato.<\/p><p>El plazo de conservaci\u00f3n de los datos depender\u00e1 de lo especificado para cada tratamiento de datos personales, por parte de la legislaci\u00f3n espec\u00edfica y de los criterios de minimizaci\u00f3n que se deriven.<\/p><p>Los datos recogidos \u00fanicamente ser\u00e1n objeto de cesi\u00f3n previo consentimiento de la persona interesada o de acuerdo con lo previsto en la legislaci\u00f3n vigente.<\/p><p>El Ayuntamiento de Barcelona garantiza la confidencialidad en el tratamiento de los datos de car\u00e1cter personal as\u00ed como la implantaci\u00f3n de las medidas, de orden t\u00e9cnico y organizativo, que garanticen su seguridad de acuerdo con el Reglamento (UE) 2016\/679 del Parlamento Europeo y la legislaci\u00f3n vigente en materia de protecci\u00f3n de datos.<\/p><p>Los ciudadanos interesados \u200b\u200b(usuarios) podr\u00e1n ejercer en todo momento los derechos que garantizan el control de sus datos personales: derechos de acceso, rectificaci\u00f3n, supresi\u00f3n, oposici\u00f3n y limitaci\u00f3n del tratamiento, previstos en la normativa vigente, enviando la solicitud v\u00eda virtual, postal o presencial, tal y como se explica en la <a href=\"https:\/\/seuelectronica.ajuntament.barcelona.cat\/es\">Sede electr\u00f3nica<\/a>.<\/p><p>El Ayuntamiento de Barcelona le informar\u00e1 sobre las actuaciones derivadas de su petici\u00f3n en el plazo de un mes. Si se trata de peticiones especialmente complejas, el plazo podr\u00e1 ampliarse dos meses m\u00e1s, hasta un m\u00e1ximo de tres meses, previa notificaci\u00f3n a la persona interesada de las causas que lo justifiquen. <\/p><p>El responsable de los tratamientos efectuados es la Alcald\u00eda del Ayuntamiento de Barcelona, \u200b\u200bcon sede en la pl. San Jaime, 1, 08002, Barcelona. <\/p><p>El delegado de protecci\u00f3n de datos es la persona encargada de velar por que el Ayuntamiento de Barcelona cumpla correctamente la normativa de protecci\u00f3n de datos. Puede contactar dirigiendo un mensaje electr\u00f3nico mediante el siguiente <a href=\"https:\/\/w10.bcn.cat\/StpQueixesWEB\/serveisIris.do?cbDetall=4845&amp;consulta=1&amp;directo=1&amp;i=c&amp;origen=DELEGAT_PROTECCIO_TUTELA_DRETS\">formulario<\/a>, o bien enviando un escrito a la avenida Diagonal, 220, planta 4, 08018 Barcelona. <\/p><p><strong style=\"font-style: inherit; background-color: var(--ast-global-color-4); color: var(--ast-global-color-3);\">Sigue una<\/strong> <a style=\"font-style: inherit; font-weight: inherit;\" href=\"https:\/\/ajuntament.barcelona.cat\/cookies\/es\/\"><strong>pol\u00edtica de cookies<\/strong><\/a> <strong style=\"font-style: inherit; background-color: var(--ast-global-color-4); color: var(--ast-global-color-3);\">(galletas) respetuosa con la privacidad.<\/strong><\/p><p>Este sitio web utiliza cookies propias y de terceros para mejorar la experiencia de navegaci\u00f3n y ofrecer contenidos y servicios de inter\u00e9s.<\/p><p><strong style=\"font-style: inherit; background-color: var(--ast-global-color-4); color: var(--ast-global-color-3);\">Permite y fomenta la reutilizaci\u00f3n de la informaci\u00f3n difundida, con los l\u00edmites previstos en este aviso legal y que la legislaci\u00f3n vigente impone.<\/strong><\/p><p>El Ayuntamiento de Barcelona permite reutilizar todos los datos e informaciones difundidas a trav\u00e9s de esta web, siempre que no se indique lo contrario, con las siguientes condiciones:<\/p><p>No alterar el contenido de la informaci\u00f3n.<\/p><p>No desnaturalizar el sentido de la informaci\u00f3n.<\/p><p>Citar la fuente de la informaci\u00f3n.<\/p><p>No dar a entender que el Ayuntamiento patrocina o apoya la actividad en la que se reutiliza la informaci\u00f3n.<\/p><p>En todos los casos, la posibilidad de reutilizar informaci\u00f3n queda limitada por la necesaria protecci\u00f3n de otros derechos, bienes o intereses de acuerdo con lo que la legislaci\u00f3n vigente establece. En particular, cualquier acto de reutilizaci\u00f3n de la informaci\u00f3n contenida en este sitio web debe garantizar la protecci\u00f3n del r\u00e9gimen de propiedad intelectual e industrial y del r\u00e9gimen de protecci\u00f3n de los datos personales. <\/p><p>En concreto, la reutilizaci\u00f3n de obras y prestaciones protegidas por el r\u00e9gimen de propiedad intelectual queda sujeta a los t\u00e9rminos de la licencia de propiedad intelectual que se haya establecido en cada caso (v\u00e9ase el apartado \u201cPropiedad intelectual\u201d). Queda prohibida la reutilizaci\u00f3n de obras y prestaciones de las que se haya indicado la reserva de los derechos de propiedad intelectual. <\/p><p><strong style=\"font-style: inherit; background-color: var(--ast-global-color-4); color: var(--ast-global-color-3);\">Resguarda la propiedad intelectual e industrial.<\/strong><\/p><p>El Ayuntamiento de Barcelona es el titular de los derechos de propiedad intelectual de las obras y prestaciones que integran sus webs, o bien tiene su autorizaci\u00f3n de uso. Esto incluye el dise\u00f1o gr\u00e1fico y el software, as\u00ed como los textos, im\u00e1genes y grabaciones que se contienen. La reproducci\u00f3n, distribuci\u00f3n, comunicaci\u00f3n p\u00fablica o transformaci\u00f3n de estas obras y prestaciones m\u00e1s all\u00e1 de las actividades directamente autorizadas por la ley de propiedad intelectual requiere la autorizaci\u00f3n del titular.  <\/p><p>En caso de que se muestren contenidos sometidos a una licencia Creative Commons, \u00e9stos se especifican en el apartado \u201cCondiciones espec\u00edficas de esta web\u201d.<\/p><p>Las marcas, nombres comerciales y signos distintivos que aparecen en las webs del Ayuntamiento pueden estar protegidos por reg\u00edmenes de propiedad industrial y pertenecen a sus respectivos titulares. Queda prohibido el uso que no tenga la autorizaci\u00f3n del titular o que no est\u00e9 amparado por la ley. <\/p><p>Si cualquier ciudadano considera que este sitio web o su contenido supone la infracci\u00f3n de alg\u00fan derecho de propiedad intelectual o industrial, debe notificarlo al Ayuntamiento indicando su nombre, la titularidad de derechos (aportando la prueba o la acreditaci\u00f3n correspondiente) y el objeto del derecho supuestamente infringido.<\/p><p><strong style=\"font-style: inherit; background-color: var(--ast-global-color-4); color: var(--ast-global-color-3);\">Est\u00e1 presente en diferentes redes sociales y plataformas.<\/strong><\/p><p>El Ayuntamiento est\u00e1 presente en diferentes redes sociales y plataformas como Facebook, Twitter, Instagram, YouTube, Telegram, LinkedIn o Issuu. Cuando acceda a cualquiera de estas u otras redes debe tener en cuenta que las condiciones de uso aplicables son las que cada plataforma tiene establecidas, las cuales no est\u00e1n determinadas por el Ayuntamiento. <\/p><p>En caso de que se muestren v\u00eddeos de YouTube se estar\u00e1 utilizando la API de servicios de YouTube, en la que se aplican:<\/p><p>Las <a href=\"https:\/\/www.youtube.com\/t\/terms\">Condiciones Generales de YouTube<\/a><\/p><p>La <a href=\"https:\/\/policies.google.com\/privacy?hl=ca\">Pol\u00edtica de Privacidad de Google<\/a><\/p><p><strong style=\"font-style: inherit; color: var(--ast-global-color-3); background-color: var(--ast-global-color-4);\">Se ajusta al marco legal en vigor en materia de responsabilidad por los contenidos.<\/strong><\/p><p>El Ayuntamiento asume, de acuerdo con la legislaci\u00f3n vigente, la responsabilidad por los contenidos de esta web que hayan sido elaborados por el propio Ayuntamiento. En cuanto a los contenidos suministrados por usuarios y terceros, les son de aplicaci\u00f3n las exclusiones de responsabilidad previstas en los art\u00edculos 13 a 17 de la Ley 34\/2002, de 11 de julio, de servicios de la sociedad de la informaci\u00f3n y de comercio electr\u00f3nico. En particular, en lo que se refiere a los contenidos enlazados, se aplicar\u00e1 la exclusi\u00f3n de responsabilidad del art\u00edculo 17 de la citada ley.  <\/p><p>El Ayuntamiento no responde del mal uso que los usuarios puedan realizar de los contenidos de la web. Tampoco se hace responsable de las dificultades de acceso que puedan existir para acceder al portal ni del mal funcionamiento del mismo que sea atribuible a causas ajenas al Ayuntamiento. <\/p>\t\t\t\t\t\t\t\t<\/div>\n\t\t\t\t<\/div>\n\t\t\t\t\t<\/div>\n\t\t<\/div>\n\t\t\t\t\t<\/div>\n\t\t<\/section>\n\t\t\t\t<\/div>\n\t\t","protected":false},"excerpt":{"rendered":"<p>Aviso legal El Ayuntamiento de Barcelona, \u200b\u200ba trav\u00e9s de sus webs: Busca proporcionar informaci\u00f3n actualizada y de calidad sobre los servicios de ciudad. La informaci\u00f3n que se difunde a trav\u00e9s de esta web es la vigente en el momento de su publicaci\u00f3n y se actualizar\u00e1 con la mayor celeridad posible. La actualizaci\u00f3n de la informaci\u00f3n facilitada por terceros es responsabilidad de la persona o entidad proveedora. El Ayuntamiento de Barcelona velar\u00e1 para que los proveedores de esta informaci\u00f3n garanticen su actualizaci\u00f3n y respeto seg\u00fan la normativa vigente. El Ayuntamiento de Barcelona persigue que la informaci\u00f3n que se difunde cumpla con los requisitos de accesibilidad, reusabilidad y calidad previstos por la legislaci\u00f3n vigente. Permite acceder a ellos con independencia de la opci\u00f3n tecnol\u00f3gica de los usuarios y usuarias, particularmente mediante las tecnolog\u00edas basadas en est\u00e1ndares abiertos. Garantiza la seguridad y protecci\u00f3n de los datos personales. Para poder acceder a alguno de los servicios de la web que dispongan de gesti\u00f3n o tr\u00e1mite espec\u00edfico, los usuarios y las usuarias tendr\u00e1n que aportar los datos personales imprescindibles para la prestaci\u00f3n del servicio solicitado. Estos datos de car\u00e1cter personal se integran en las correspondientes actividades de tratamiento del Ayuntamiento de Barcelona y ser\u00e1n tratados con la finalidad espec\u00edfica de cada tratamiento de conformidad con la regulaci\u00f3n establecida por el Reglamento (UE) 2016\/679 del Parlamento Europeo y del Consejo sobre protecci\u00f3n de datos de car\u00e1cter personal, las medidas de seguridad requeridas por la normativa legal, especialmente por el Esquema Nacional de Seguridad, teniendo en cuenta los Esquema Nacional de Seguridad. El registro de actividades de tratamiento se encuentra en el apartado \u201cProtecci\u00f3n de datos\u201d de la Sede electr\u00f3nica. La legitimaci\u00f3n del tratamiento est\u00e1 basada de forma mayoritaria en el cumplimiento de una obligaci\u00f3n legal, aunque tambi\u00e9n puede estarlo en el consentimiento de la persona interesada y\/o en la protecci\u00f3n de los intereses vitales o la ejecuci\u00f3n de un contrato. El plazo de conservaci\u00f3n de los datos depender\u00e1 de lo especificado para cada tratamiento de datos personales, por parte de la legislaci\u00f3n espec\u00edfica y de los criterios de minimizaci\u00f3n que se deriven. Los datos recogidos \u00fanicamente ser\u00e1n objeto de cesi\u00f3n previo consentimiento de la persona interesada o de acuerdo con lo previsto en la legislaci\u00f3n vigente. El Ayuntamiento de Barcelona garantiza la confidencialidad en el tratamiento de los datos de car\u00e1cter personal as\u00ed como la implantaci\u00f3n de las medidas, de orden t\u00e9cnico y organizativo, que garanticen su seguridad de acuerdo con el Reglamento (UE) 2016\/679 del Parlamento Europeo y la legislaci\u00f3n vigente en materia de protecci\u00f3n de datos. Los ciudadanos interesados \u200b\u200b(usuarios) podr\u00e1n ejercer en todo momento los derechos que garantizan el control de sus datos personales: derechos de acceso, rectificaci\u00f3n, supresi\u00f3n, oposici\u00f3n y limitaci\u00f3n del tratamiento, previstos en la normativa vigente, enviando la solicitud v\u00eda virtual, postal o presencial, tal y como se explica en la Sede electr\u00f3nica. El Ayuntamiento de Barcelona le informar\u00e1 sobre las actuaciones derivadas de su petici\u00f3n en el plazo de un mes. Si se trata de peticiones especialmente complejas, el plazo podr\u00e1 ampliarse dos meses m\u00e1s, hasta un m\u00e1ximo de tres meses, previa notificaci\u00f3n a la persona interesada de las causas que lo justifiquen. El responsable de los tratamientos efectuados es la Alcald\u00eda del Ayuntamiento de Barcelona, \u200b\u200bcon sede en la pl. San Jaime, 1, 08002, Barcelona. El delegado de protecci\u00f3n de datos es la persona encargada de velar por que el Ayuntamiento de Barcelona cumpla correctamente la normativa de protecci\u00f3n de datos. Puede contactar dirigiendo un mensaje electr\u00f3nico mediante el siguiente formulario, o bien enviando un escrito a la avenida Diagonal, 220, planta 4, 08018 Barcelona. Sigue una pol\u00edtica de cookies (galletas) respetuosa con la privacidad. Este sitio web utiliza cookies propias y de terceros para mejorar la experiencia de navegaci\u00f3n y ofrecer contenidos y servicios de inter\u00e9s. Permite y fomenta la reutilizaci\u00f3n de la informaci\u00f3n difundida, con los l\u00edmites previstos en este aviso legal y que la legislaci\u00f3n vigente impone. El Ayuntamiento de Barcelona permite reutilizar todos los datos e informaciones difundidas a trav\u00e9s de esta web, siempre que no se indique lo contrario, con las siguientes condiciones: No alterar el contenido de la informaci\u00f3n. No desnaturalizar el sentido de la informaci\u00f3n. Citar la fuente de la informaci\u00f3n. No dar a entender que el Ayuntamiento patrocina o apoya la actividad en la que se reutiliza la informaci\u00f3n. En todos los casos, la posibilidad de reutilizar informaci\u00f3n queda limitada por la necesaria protecci\u00f3n de otros derechos, bienes o intereses de acuerdo con lo que la legislaci\u00f3n vigente establece. En particular, cualquier acto de reutilizaci\u00f3n de la informaci\u00f3n contenida en este sitio web debe garantizar la protecci\u00f3n del r\u00e9gimen de propiedad intelectual e industrial y del r\u00e9gimen de protecci\u00f3n de los datos personales. En concreto, la reutilizaci\u00f3n de obras y prestaciones protegidas por el r\u00e9gimen de propiedad intelectual queda sujeta a los t\u00e9rminos de la licencia de propiedad intelectual que se haya establecido en cada caso (v\u00e9ase el apartado \u201cPropiedad intelectual\u201d). Queda prohibida la reutilizaci\u00f3n de obras y prestaciones de las que se haya indicado la reserva de los derechos de propiedad intelectual. Resguarda la propiedad intelectual e industrial. El Ayuntamiento de Barcelona es el titular de los derechos de propiedad intelectual de las obras y prestaciones que integran sus webs, o bien tiene su autorizaci\u00f3n de uso. Esto incluye el dise\u00f1o gr\u00e1fico y el software, as\u00ed como los textos, im\u00e1genes y grabaciones que se contienen. La reproducci\u00f3n, distribuci\u00f3n, comunicaci\u00f3n p\u00fablica o transformaci\u00f3n de estas obras y prestaciones m\u00e1s all\u00e1 de las actividades directamente autorizadas por la ley de propiedad intelectual requiere la autorizaci\u00f3n del titular. En caso de que se muestren contenidos sometidos a una licencia Creative Commons, \u00e9stos se especifican en el apartado \u201cCondiciones espec\u00edficas de esta web\u201d. Las marcas, nombres comerciales y signos distintivos que aparecen en las webs del Ayuntamiento pueden estar protegidos por reg\u00edmenes de propiedad industrial y pertenecen a sus respectivos titulares. Queda prohibido el uso que no tenga la autorizaci\u00f3n del titular o que no est\u00e9 amparado por la ley. Si cualquier<\/p>\n","protected":false},"author":1,"featured_media":0,"parent":0,"menu_order":0,"comment_status":"closed","ping_status":"closed","template":"","meta":{"_monsterinsights_skip_tracking":false,"site-sidebar-layout":"no-sidebar","site-content-layout":"page-builder","ast-site-content-layout":"full-width-container","site-content-style":"unboxed","site-sidebar-style":"unboxed","ast-global-header-display":"","ast-banner-title-visibility":"","ast-main-header-display":"","ast-hfb-above-header-display":"","ast-hfb-below-header-display":"","ast-hfb-mobile-header-display":"","site-post-title":"disabled","ast-breadcrumbs-content":"","ast-featured-img":"disabled","footer-sml-layout":"","ast-disable-related-posts":"","theme-transparent-header-meta":"default","adv-header-id-meta":"","stick-header-meta":"default","header-above-stick-meta":"","header-main-stick-meta":"","header-below-stick-meta":"","astra-migrate-meta-layouts":"default","ast-page-background-enabled":"default","ast-page-background-meta":{"desktop":{"background-color":"","background-image":"","background-repeat":"repeat","background-position":"center center","background-size":"auto","background-attachment":"scroll","background-type":"","background-media":"","overlay-type":"","overlay-color":"","overlay-opacity":"","overlay-gradient":""},"tablet":{"background-color":"","background-image":"","background-repeat":"repeat","background-position":"center center","background-size":"auto","background-attachment":"scroll","background-type":"","background-media":"","overlay-type":"","overlay-color":"","overlay-opacity":"","overlay-gradient":""},"mobile":{"background-color":"","background-image":"","background-repeat":"repeat","background-position":"center center","background-size":"auto","background-attachment":"scroll","background-type":"","background-media":"","overlay-type":"","overlay-color":"","overlay-opacity":"","overlay-gradient":""}},"ast-content-background-meta":{"desktop":{"background-color":"var(--ast-global-color-5)","background-image":"","background-repeat":"repeat","background-position":"center center","background-size":"auto","background-attachment":"scroll","background-type":"","background-media":"","overlay-type":"","overlay-color":"","overlay-opacity":"","overlay-gradient":""},"tablet":{"background-color":"var(--ast-global-color-5)","background-image":"","background-repeat":"repeat","background-position":"center center","background-size":"auto","background-attachment":"scroll","background-type":"","background-media":"","overlay-type":"","overlay-color":"","overlay-opacity":"","overlay-gradient":""},"mobile":{"background-color":"var(--ast-global-color-5)","background-image":"","background-repeat":"repeat","background-position":"center center","background-size":"auto","background-attachment":"scroll","background-type":"","background-media":"","overlay-type":"","overlay-color":"","overlay-opacity":"","overlay-gradient":""}},"footnotes":""},"class_list":["post-1607","page","type-page","status-publish","hentry"],"yoast_head":"<!-- This site is optimized with the Yoast SEO plugin v27.1 - https:\/\/yoast.com\/product\/yoast-seo-wordpress\/ -->\n<title>Aviso legal - Challenge Barcelona Triatl\u00f3<\/title>\n<meta name=\"description\" content=\"Aviso legal del Challenge Barcelona Triatl\u00f3 .\" \/>\n<meta name=\"robots\" content=\"index, follow, max-snippet:-1, max-image-preview:large, max-video-preview:-1\" \/>\n<link rel=\"canonical\" href=\"https:\/\/www.triathlon.barcelona\/es\/aviso-legal\/\" \/>\n<meta property=\"og:locale\" content=\"es_ES\" \/>\n<meta property=\"og:type\" content=\"article\" \/>\n<meta property=\"og:title\" content=\"Aviso legal - Challenge Barcelona Triatl\u00f3\" \/>\n<meta property=\"og:description\" content=\"Aviso legal del Challenge Barcelona Triatl\u00f3 .\" \/>\n<meta property=\"og:url\" content=\"https:\/\/www.triathlon.barcelona\/es\/aviso-legal\/\" \/>\n<meta property=\"og:site_name\" content=\"Challenge Barcelona Triatl\u00f3\" \/>\n<meta property=\"article:publisher\" content=\"https:\/\/www.facebook.com\/barcelonatriathlon\" \/>\n<meta property=\"article:modified_time\" content=\"2025-11-06T09:26:42+00:00\" \/>\n<meta property=\"og:image\" content=\"https:\/\/www.triathlon.barcelona\/wp-content\/uploads\/2024\/06\/logo-challenge-barcelona.png\" \/>\n\t<meta property=\"og:image:width\" content=\"3209\" \/>\n\t<meta property=\"og:image:height\" content=\"729\" \/>\n\t<meta property=\"og:image:type\" content=\"image\/png\" \/>\n<meta name=\"twitter:card\" content=\"summary_large_image\" \/>\n<meta name=\"twitter:site\" content=\"@bcn_triathlon\" \/>\n<meta name=\"twitter:label1\" content=\"Tiempo de lectura\" \/>\n\t<meta name=\"twitter:data1\" content=\"6 minutos\" \/>\n<script type=\"application\/ld+json\" class=\"yoast-schema-graph\">{\"@context\":\"https:\/\/schema.org\",\"@graph\":[{\"@type\":\"WebPage\",\"@id\":\"https:\/\/www.triathlon.barcelona\/es\/aviso-legal\/\",\"url\":\"https:\/\/www.triathlon.barcelona\/es\/aviso-legal\/\",\"name\":\"Aviso legal - Challenge Barcelona Triatl\u00f3\",\"isPartOf\":{\"@id\":\"https:\/\/www.triathlon.barcelona\/es\/#website\"},\"datePublished\":\"2022-07-20T10:15:40+00:00\",\"dateModified\":\"2025-11-06T09:26:42+00:00\",\"description\":\"Aviso legal del Challenge Barcelona Triatl\u00f3 .\",\"breadcrumb\":{\"@id\":\"https:\/\/www.triathlon.barcelona\/es\/aviso-legal\/#breadcrumb\"},\"inLanguage\":\"es\",\"potentialAction\":[{\"@type\":\"ReadAction\",\"target\":[\"https:\/\/www.triathlon.barcelona\/es\/aviso-legal\/\"]}]},{\"@type\":\"BreadcrumbList\",\"@id\":\"https:\/\/www.triathlon.barcelona\/es\/aviso-legal\/#breadcrumb\",\"itemListElement\":[{\"@type\":\"ListItem\",\"position\":1,\"name\":\"Inicio\",\"item\":\"https:\/\/www.triathlon.barcelona\/es\/\"},{\"@type\":\"ListItem\",\"position\":2,\"name\":\"Aviso legal\"}]},{\"@type\":\"WebSite\",\"@id\":\"https:\/\/www.triathlon.barcelona\/es\/#website\",\"url\":\"https:\/\/www.triathlon.barcelona\/es\/\",\"name\":\"Challenge Barcelona Triathlon\",\"description\":\"\",\"publisher\":{\"@id\":\"https:\/\/www.triathlon.barcelona\/es\/#organization\"},\"alternateName\":\"Challenge Barcelona\",\"potentialAction\":[{\"@type\":\"SearchAction\",\"target\":{\"@type\":\"EntryPoint\",\"urlTemplate\":\"https:\/\/www.triathlon.barcelona\/es\/?s={search_term_string}\"},\"query-input\":{\"@type\":\"PropertyValueSpecification\",\"valueRequired\":true,\"valueName\":\"search_term_string\"}}],\"inLanguage\":\"es\"},{\"@type\":\"Organization\",\"@id\":\"https:\/\/www.triathlon.barcelona\/es\/#organization\",\"name\":\"Challenge Barcelona Triathlon\",\"alternateName\":\"Challenge Barcelona\",\"url\":\"https:\/\/www.triathlon.barcelona\/es\/\",\"logo\":{\"@type\":\"ImageObject\",\"inLanguage\":\"es\",\"@id\":\"https:\/\/www.triathlon.barcelona\/es\/#\/schema\/logo\/image\/\",\"url\":\"https:\/\/www.triathlon.barcelona\/wp-content\/uploads\/2024\/06\/logo-challenge-barcelona.png\",\"contentUrl\":\"https:\/\/www.triathlon.barcelona\/wp-content\/uploads\/2024\/06\/logo-challenge-barcelona.png\",\"width\":3209,\"height\":729,\"caption\":\"Challenge Barcelona Triathlon\"},\"image\":{\"@id\":\"https:\/\/www.triathlon.barcelona\/es\/#\/schema\/logo\/image\/\"},\"sameAs\":[\"https:\/\/www.facebook.com\/barcelonatriathlon\",\"https:\/\/x.com\/bcn_triathlon\",\"https:\/\/www.instagram.com\/barcelonatriathlon\/\"]}]}<\/script>\n<!-- \/ Yoast SEO plugin. -->","yoast_head_json":{"title":"Aviso legal - Challenge Barcelona Triatl\u00f3","description":"Aviso legal del Challenge Barcelona Triatl\u00f3 .","robots":{"index":"index","follow":"follow","max-snippet":"max-snippet:-1","max-image-preview":"max-image-preview:large","max-video-preview":"max-video-preview:-1"},"canonical":"https:\/\/www.triathlon.barcelona\/es\/aviso-legal\/","og_locale":"es_ES","og_type":"article","og_title":"Aviso legal - Challenge Barcelona Triatl\u00f3","og_description":"Aviso legal del Challenge Barcelona Triatl\u00f3 .","og_url":"https:\/\/www.triathlon.barcelona\/es\/aviso-legal\/","og_site_name":"Challenge Barcelona Triatl\u00f3","article_publisher":"https:\/\/www.facebook.com\/barcelonatriathlon","article_modified_time":"2025-11-06T09:26:42+00:00","og_image":[{"width":3209,"height":729,"url":"https:\/\/www.triathlon.barcelona\/wp-content\/uploads\/2024\/06\/logo-challenge-barcelona.png","type":"image\/png"}],"twitter_card":"summary_large_image","twitter_site":"@bcn_triathlon","twitter_misc":{"Tiempo de lectura":"6 minutos"},"schema":{"@context":"https:\/\/schema.org","@graph":[{"@type":"WebPage","@id":"https:\/\/www.triathlon.barcelona\/es\/aviso-legal\/","url":"https:\/\/www.triathlon.barcelona\/es\/aviso-legal\/","name":"Aviso legal - Challenge Barcelona Triatl\u00f3","isPartOf":{"@id":"https:\/\/www.triathlon.barcelona\/es\/#website"},"datePublished":"2022-07-20T10:15:40+00:00","dateModified":"2025-11-06T09:26:42+00:00","description":"Aviso legal del Challenge Barcelona Triatl\u00f3 .","breadcrumb":{"@id":"https:\/\/www.triathlon.barcelona\/es\/aviso-legal\/#breadcrumb"},"inLanguage":"es","potentialAction":[{"@type":"ReadAction","target":["https:\/\/www.triathlon.barcelona\/es\/aviso-legal\/"]}]},{"@type":"BreadcrumbList","@id":"https:\/\/www.triathlon.barcelona\/es\/aviso-legal\/#breadcrumb","itemListElement":[{"@type":"ListItem","position":1,"name":"Inicio","item":"https:\/\/www.triathlon.barcelona\/es\/"},{"@type":"ListItem","position":2,"name":"Aviso legal"}]},{"@type":"WebSite","@id":"https:\/\/www.triathlon.barcelona\/es\/#website","url":"https:\/\/www.triathlon.barcelona\/es\/","name":"Challenge Barcelona Triathlon","description":"","publisher":{"@id":"https:\/\/www.triathlon.barcelona\/es\/#organization"},"alternateName":"Challenge Barcelona","potentialAction":[{"@type":"SearchAction","target":{"@type":"EntryPoint","urlTemplate":"https:\/\/www.triathlon.barcelona\/es\/?s={search_term_string}"},"query-input":{"@type":"PropertyValueSpecification","valueRequired":true,"valueName":"search_term_string"}}],"inLanguage":"es"},{"@type":"Organization","@id":"https:\/\/www.triathlon.barcelona\/es\/#organization","name":"Challenge Barcelona Triathlon","alternateName":"Challenge Barcelona","url":"https:\/\/www.triathlon.barcelona\/es\/","logo":{"@type":"ImageObject","inLanguage":"es","@id":"https:\/\/www.triathlon.barcelona\/es\/#\/schema\/logo\/image\/","url":"https:\/\/www.triathlon.barcelona\/wp-content\/uploads\/2024\/06\/logo-challenge-barcelona.png","contentUrl":"https:\/\/www.triathlon.barcelona\/wp-content\/uploads\/2024\/06\/logo-challenge-barcelona.png","width":3209,"height":729,"caption":"Challenge Barcelona Triathlon"},"image":{"@id":"https:\/\/www.triathlon.barcelona\/es\/#\/schema\/logo\/image\/"},"sameAs":["https:\/\/www.facebook.com\/barcelonatriathlon","https:\/\/x.com\/bcn_triathlon","https:\/\/www.instagram.com\/barcelonatriathlon\/"]}]}},"_links":{"self":[{"href":"https:\/\/www.triathlon.barcelona\/es\/wp-json\/wp\/v2\/pages\/1607","targetHints":{"allow":["GET"]}}],"collection":[{"href":"https:\/\/www.triathlon.barcelona\/es\/wp-json\/wp\/v2\/pages"}],"about":[{"href":"https:\/\/www.triathlon.barcelona\/es\/wp-json\/wp\/v2\/types\/page"}],"author":[{"embeddable":true,"href":"https:\/\/www.triathlon.barcelona\/es\/wp-json\/wp\/v2\/users\/1"}],"replies":[{"embeddable":true,"href":"https:\/\/www.triathlon.barcelona\/es\/wp-json\/wp\/v2\/comments?post=1607"}],"version-history":[{"count":2,"href":"https:\/\/www.triathlon.barcelona\/es\/wp-json\/wp\/v2\/pages\/1607\/revisions"}],"predecessor-version":[{"id":10683,"href":"https:\/\/www.triathlon.barcelona\/es\/wp-json\/wp\/v2\/pages\/1607\/revisions\/10683"}],"wp:attachment":[{"href":"https:\/\/www.triathlon.barcelona\/es\/wp-json\/wp\/v2\/media?parent=1607"}],"curies":[{"name":"wp","href":"https:\/\/api.w.org\/{rel}","templated":true}]}}